{"id":7930,"date":"2022-06-28T09:29:16","date_gmt":"2022-06-28T09:29:16","guid":{"rendered":"https:\/\/www.angelcompany.com\/?page_id=7930"},"modified":"2025-05-13T15:01:53","modified_gmt":"2025-05-13T15:01:53","slug":"web-press-aviation","status":"publish","type":"page","link":"https:\/\/www.angelcompany.com\/web-press-aviation\/","title":{"rendered":"Web press: Aviation"},"content":{"rendered":"[vc_row type=&#8221;full_width_background&#8221; full_screen_row_position=&#8221;middle&#8221; column_margin=&#8221;default&#8221; column_direction=&#8221;default&#8221; column_direction_tablet=&#8221;default&#8221; column_direction_phone=&#8221;default&#8221; video_bg=&#8221;use_video&#8221; video_mp4=&#8221;https:\/\/www.angelcompany.com\/wp-content\/uploads\/2020\/02\/angel_aviation.webm&#8221; background_video_loading=&#8221;default&#8221; scene_position=&#8221;center&#8221; top_padding=&#8221;12%&#8221; bottom_padding=&#8221;8%&#8221; text_color=&#8221;light&#8221; text_align=&#8221;left&#8221; row_border_radius=&#8221;none&#8221; row_border_radius_applies=&#8221;bg&#8221; overflow=&#8221;visible&#8221; enable_gradient=&#8221;true&#8221; color_overlay=&#8221;#263336&#8243; overlay_strength=&#8221;0.95&#8243; gradient_direction=&#8221;left_to_right&#8221; shape_divider_position=&#8221;bottom&#8221; bg_image_animation=&#8221;none&#8221; parallax_bg=&#8221;true&#8221; parallax_bg_speed=&#8221;fixed&#8221; shape_type=&#8221;&#8221;][vc_column column_padding=&#8221;no-extra-padding&#8221; column_padding_tablet=&#8221;inherit&#8221; column_padding_phone=&#8221;inherit&#8221; column_padding_position=&#8221;all&#8221; column_element_direction_desktop=&#8221;default&#8221; column_element_spacing=&#8221;default&#8221; desktop_text_alignment=&#8221;default&#8221; tablet_text_alignment=&#8221;default&#8221; phone_text_alignment=&#8221;default&#8221; background_color_opacity=&#8221;1&#8243; background_hover_color_opacity=&#8221;1&#8243; column_backdrop_filter=&#8221;none&#8221; column_shadow=&#8221;none&#8221; column_border_radius=&#8221;none&#8221; column_link_target=&#8221;_self&#8221; column_position=&#8221;default&#8221; gradient_direction=&#8221;left_to_right&#8221; overlay_strength=&#8221;0.3&#8243; width=&#8221;1\/2&#8243; tablet_width_inherit=&#8221;default&#8221; animation_type=&#8221;default&#8221; bg_image_animation=&#8221;none&#8221; border_type=&#8221;simple&#8221; column_border_width=&#8221;none&#8221; column_border_style=&#8221;solid&#8221;][vc_column_text]\n<h2>Web Press: Aviation<\/h2>\n[\/vc_column_text][\/vc_column][vc_column column_padding=&#8221;no-extra-padding&#8221; column_padding_tablet=&#8221;inherit&#8221; column_padding_phone=&#8221;inherit&#8221; column_padding_position=&#8221;all&#8221; column_element_direction_desktop=&#8221;default&#8221; column_element_spacing=&#8221;default&#8221; desktop_text_alignment=&#8221;default&#8221; tablet_text_alignment=&#8221;default&#8221; phone_text_alignment=&#8221;default&#8221; background_color_opacity=&#8221;1&#8243; background_hover_color_opacity=&#8221;1&#8243; column_backdrop_filter=&#8221;none&#8221; column_shadow=&#8221;none&#8221; column_border_radius=&#8221;none&#8221; column_link_target=&#8221;_self&#8221; column_position=&#8221;default&#8221; gradient_direction=&#8221;left_to_right&#8221; overlay_strength=&#8221;0.3&#8243; width=&#8221;1\/2&#8243; tablet_width_inherit=&#8221;default&#8221; animation_type=&#8221;default&#8221; bg_image_animation=&#8221;none&#8221; border_type=&#8221;simple&#8221; column_border_width=&#8221;none&#8221; column_border_style=&#8221;solid&#8221;][\/vc_column][\/vc_row][vc_row type=&#8221;in_container&#8221; full_screen_row_position=&#8221;middle&#8221; column_margin=&#8221;default&#8221; column_direction=&#8221;default&#8221; column_direction_tablet=&#8221;default&#8221; column_direction_phone=&#8221;default&#8221; scene_position=&#8221;center&#8221; text_color=&#8221;dark&#8221; text_align=&#8221;left&#8221; row_border_radius=&#8221;none&#8221; row_border_radius_applies=&#8221;bg&#8221; overflow=&#8221;visible&#8221; overlay_strength=&#8221;0.3&#8243; gradient_direction=&#8221;left_to_right&#8221; shape_divider_position=&#8221;bottom&#8221; bg_image_animation=&#8221;none&#8221;][vc_column column_padding=&#8221;no-extra-padding&#8221; column_padding_tablet=&#8221;inherit&#8221; column_padding_phone=&#8221;inherit&#8221; column_padding_position=&#8221;all&#8221; column_element_direction_desktop=&#8221;default&#8221; column_element_spacing=&#8221;default&#8221; desktop_text_alignment=&#8221;default&#8221; tablet_text_alignment=&#8221;default&#8221; phone_text_alignment=&#8221;default&#8221; background_color_opacity=&#8221;1&#8243; background_hover_color_opacity=&#8221;1&#8243; column_backdrop_filter=&#8221;none&#8221; column_shadow=&#8221;none&#8221; column_border_radius=&#8221;none&#8221; column_link_target=&#8221;_self&#8221; column_position=&#8221;default&#8221; gradient_direction=&#8221;left_to_right&#8221; overlay_strength=&#8221;0.3&#8243; width=&#8221;1\/1&#8243; tablet_width_inherit=&#8221;default&#8221; animation_type=&#8221;default&#8221; bg_image_animation=&#8221;none&#8221; border_type=&#8221;simple&#8221; column_border_width=&#8221;none&#8221; column_border_style=&#8221;solid&#8221;][divider line_type=&#8221;No Line&#8221; custom_height=&#8221;30&#8243;][\/vc_column][\/vc_row][vc_row type=&#8221;in_container&#8221; full_screen_row_position=&#8221;middle&#8221; column_margin=&#8221;default&#8221; column_direction=&#8221;default&#8221; column_direction_tablet=&#8221;default&#8221; column_direction_phone=&#8221;default&#8221; scene_position=&#8221;center&#8221; text_color=&#8221;dark&#8221; text_align=&#8221;left&#8221; row_border_radius=&#8221;none&#8221; row_border_radius_applies=&#8221;bg&#8221; overflow=&#8221;visible&#8221; overlay_strength=&#8221;0.3&#8243; gradient_direction=&#8221;left_to_right&#8221; shape_divider_position=&#8221;bottom&#8221; bg_image_animation=&#8221;none&#8221;][vc_column column_padding=&#8221;no-extra-padding&#8221; column_padding_tablet=&#8221;inherit&#8221; column_padding_phone=&#8221;inherit&#8221; column_padding_position=&#8221;all&#8221; column_element_direction_desktop=&#8221;default&#8221; column_element_spacing=&#8221;default&#8221; desktop_text_alignment=&#8221;default&#8221; tablet_text_alignment=&#8221;default&#8221; phone_text_alignment=&#8221;default&#8221; background_color_opacity=&#8221;1&#8243; background_hover_color_opacity=&#8221;1&#8243; column_backdrop_filter=&#8221;none&#8221; column_shadow=&#8221;none&#8221; column_border_radius=&#8221;none&#8221; column_link_target=&#8221;_self&#8221; column_position=&#8221;default&#8221; gradient_direction=&#8221;left_to_right&#8221; overlay_strength=&#8221;0.3&#8243; width=&#8221;1\/1&#8243; tablet_width_inherit=&#8221;default&#8221; animation_type=&#8221;default&#8221; bg_image_animation=&#8221;none&#8221; border_type=&#8221;simple&#8221; column_border_width=&#8221;none&#8221; column_border_style=&#8221;solid&#8221;][toggles style=&#8221;minimal_small&#8221; accordion=&#8221;true&#8221; accordion_starting_functionality=&#8221;default&#8221;][toggle color=&#8221;Default&#8221; heading_tag=&#8221;h3&#8243; heading_tag_functionality=&#8221;default&#8221; title=&#8221;2025&#8243;][vc_column_text]<span style=\"color: #ff0000;\"><strong>May 9<br \/>\n<\/strong><\/span><a href=\"https:\/\/stream24.ilsole24ore.com\/video\/economia\/blackshape-presenta-istanbul-nuova-piattaforma-addestramento\/AH0sGsf\" target=\"_blank\" rel=\"noopener\"><strong>Il Sole 24 ORE: <\/strong>Blackshape presenta a Istanbul la nuova piattaforma di addestramento<\/a><br \/>\n<strong><a href=\"https:\/\/ageei.eu\/aviazione-blackshape-oltre-100-aerei-venduti-nel-mondo-firmato-accordo-con-la-turca-bnk-aviation-video\/\" target=\"_blank\" rel=\"noopener\">AGEEI<\/a><\/strong><a href=\"https:\/\/ageei.eu\/aviazione-blackshape-oltre-100-aerei-venduti-nel-mondo-firmato-accordo-con-la-turca-bnk-aviation-video\/\" target=\"_blank\" rel=\"noopener\">: Aviazione: Blackshape, oltre 100 aerei venduti nel mondo, firmato accordo con la turca BNK Aviation.\u00a0<\/a><br \/>\n<strong><a href=\"https:\/\/www.lapresse.it\/economia\/2025\/05\/09\/imprese-blackshape-allinternational-flight-training-exhibition\/\" target=\"_blank\" rel=\"noopener\">LaPresse<\/a><\/strong><a href=\"https:\/\/www.lapresse.it\/economia\/2025\/05\/09\/imprese-blackshape-allinternational-flight-training-exhibition\/\" target=\"_blank\" rel=\"noopener\"><strong>:<\/strong> Blackshape presenta a Istanbul la nuova piattaforma di addestramento<\/a><br \/>\n<strong><a href=\"https:\/\/www.corrierenazionale.net\/2025\/05\/09\/262620\/\" target=\"_blank\" rel=\"noopener\">Il Corriere Nazionale<\/a><\/strong><a href=\"https:\/\/www.corrierenazionale.net\/2025\/05\/09\/262620\/\" target=\"_blank\" rel=\"noopener\"><strong>: <\/strong>Blackshape sbarca a Istanbul per ifte 2025 \u2013 International Flight Training Exhibition<\/a><br \/>\n<a href=\"https:\/\/www.lidentita.it\/blackshape-presenta-a-istanbul-la-nuova-piattaforma-di-addestramento\/\" target=\"_blank\" rel=\"noopener\"><strong>L&#8217;identit\u00e0:<\/strong> Blackshape presenta a Istanbul la nuova piattaforma di addestramento<\/a>[\/vc_column_text][divider line_type=&#8221;No Line&#8221; custom_height=&#8221;20px&#8221;][vc_column_text]<span style=\"color: #ff0000;\"><strong>May 4<br \/>\n<\/strong><\/span><a href=\"https:\/\/boardinginfo.com\/blackshape-gabriel-bk160-200-turkiye-pazarina-girecek\/\" target=\"_blank\" rel=\"noopener\"><strong>Boarding Info: <\/strong>Blackshape Gabriel BK160-200 T\u00fcrkiye Pazar\u0131na Girecek<\/a><br \/>\n<strong><a href=\"https:\/\/havahaber.com\/italyan-blackshape-turkiye-pazarina-gabriel-bk160-200-ile-giriyor-ilk-adimi-iftede-atacak\/\" target=\"_blank\" rel=\"noopener\">HavaHaber<\/a><\/strong><a href=\"https:\/\/havahaber.com\/italyan-blackshape-turkiye-pazarina-gabriel-bk160-200-ile-giriyor-ilk-adimi-iftede-atacak\/\" target=\"_blank\" rel=\"noopener\"><strong>:<\/strong> \u0130talyan Blackshape, T\u00fcrkiye pazar\u0131na Gabriel BK160-200 ile giriyor! \u0130lk ad\u0131m\u0131 IFTE&#8217;de atacak<\/a><br \/>\n<a href=\"https:\/\/tolgaozbek.com\/haberler\/genel-havacilik\/italyanlarin-hizli-kusu-gabriel-bk160-200-ifte-ile-turkiye-pazarina-giriyor\/\" target=\"_blank\" rel=\"noopener\"><strong>Tolga \u00d6zbek<\/strong><strong>:<\/strong> \u0130talyanlar\u0131n h\u0131zl\u0131 ku\u015fu Gabriel BK160-200 IFTE ile T\u00fcrkiye pazar\u0131na giriyor<\/a>[\/vc_column_text][divider line_type=&#8221;No Line&#8221; custom_height=&#8221;20px&#8221;][vc_column_text]<span style=\"color: #ff0000;\"><strong>April 16<br \/>\n<\/strong><\/span><a href=\"https:\/\/www.aviation-report.com\/blackshape-presenta-il-prime-xplorer-innovazione-e-design-italiano-ad-aero-2025\/\" target=\"_blank\" rel=\"noopener\"><strong>Aviation Report: <\/strong>Blackshape presenta il Prime Xplorer: innovazione e design italiano ad AERO 2025<\/a>[\/vc_column_text][divider line_type=&#8221;No Line&#8221; custom_height=&#8221;20px&#8221;][vc_column_text]<span style=\"color: #ff0000;\"><strong>April 14<br \/>\n<\/strong><\/span><a href=\"https:\/\/www.aerobuzz.fr\/breves-aviation-generale\/blackshape-devoile-le-prime-xplorer-a-train-classique\/\" target=\"_blank\" rel=\"noopener\"><strong>Aerobuzz: <\/strong>Blackshape d\u00e9voile le Prime Xplorer \u00e0 train classique<\/a>[\/vc_column_text][divider line_type=&#8221;No Line&#8221; custom_height=&#8221;20px&#8221;][vc_column_text]<span style=\"color: #ff0000;\"><strong>April 9<br \/>\n<\/strong><\/span><a href=\"https:\/\/www.flightglobal.com\/defence\/blackshape-looks-to-new-variants-as-it-launches-push-into-us-market\/162497.article\" target=\"_blank\" rel=\"noopener\"><strong>Flight Global: <\/strong>Blackshape looks to new variants as it launches push into US market<\/a><br \/>\n<a href=\"https:\/\/stream24.ilsole24ore.com\/video\/economia\/imprese-blackshape-presenta-prime-xplorer-ad-aero-2025\/AHUfFGD\" target=\"_blank\" rel=\"noopener\"><strong>Il Sole 24 ORE<\/strong><strong>:<\/strong> Blackshape presenta il Prime Xplorer ad Aero 2025<\/a><a href=\"https:\/\/www.lapresse.it\/economia\/2025\/04\/09\/imprese-blackshape-presenta-il-prime-xplorer-ad-aero-2025\/\"><br \/>\n<\/a><a href=\"https:\/\/www.lapresse.it\/economia\/2025\/04\/09\/imprese-blackshape-presenta-il-prime-xplorer-ad-aero-2025\/\" target=\"_blank\" rel=\"noopener\"><strong>LaPresse<\/strong>: Blackshape presenta il Prime Xplorer ad Aero 2025<\/a><br \/>\n<a href=\"https:\/\/www.lapresse.it\/economia\/2025\/04\/09\/imprese-blackshape-presenta-il-prime-xplorer-ad-aero-2025-2\/\" target=\"_blank\" rel=\"noopener\"><strong>LaPresse<\/strong><strong>:<\/strong> Blackshape presenta il Prime Xplorer ad Aero 2025<\/a>[\/vc_column_text][divider line_type=&#8221;No Line&#8221; custom_height=&#8221;20px&#8221;][\/toggle][toggle color=&#8221;Default&#8221; heading_tag=&#8221;h3&#8243; heading_tag_functionality=&#8221;default&#8221; title=&#8221;2024&#8243;][vc_column_text]<span style=\"color: #ff0000;\"><strong>November 15<br \/>\n<\/strong><\/span><a href=\"https:\/\/www.ansa.it\/puglia\/notizie\/2024\/11\/18\/blackshape-vola-con-il-gabriel-dalla-puglia-a-air-expo-abu-dhabi_7f1afff2-4149-4383-843d-206519cfb0f9.html\" target=\"_blank\" rel=\"noopener\"><strong>ANSA:<\/strong> Blackshape vola con il Gabri\u00e8l dalla Puglia a Air Expo Abu Dhabi<\/a><br \/>\n<a href=\"https:\/\/www.lapresse.it\/economia\/2024\/11\/14\/aerei-blackshape-per-la-prima-volta-allair-expo-di-abu-dhabi\/\" target=\"_blank\" rel=\"noreferrer noopener\"><strong>LaPresse:<\/strong> Aerei: Blackshape per la prima volta all\u2019Air Expo di Abu Dhabi<\/a><br \/>\n<a href=\"https:\/\/stream24.ilsole24ore.com\/video\/italia\/aerei-blackshape-la-prima-volta-air-expo-abu-dhabi\/AGKAcq8\" target=\"_blank\" rel=\"noreferrer noopener\"><strong>Il Sole 24 Ore:<\/strong> Blackshape per la prima volta all\u2019Air Expo di Abu Dhabi<\/a><br \/>\n<a href=\"https:\/\/www.rainews.it\/tgr\/puglia\/articoli\/2024\/11\/blackshape-vola-con-il-gabriel-dalla-puglia-a-air-expo-abu-dhabi-f2e9073f-fd95-424a-a9e9-42184f44fd2b.html\" target=\"_blank\" rel=\"noreferrer noopener\"><strong>RaiNews<\/strong>: Ad Abu Dhabi con il biposto made in Puglia<\/a><br \/>\n<a href=\"https:\/\/www.ilfoglio.it\/economia\/2024\/11\/22\/news\/l-innovazione-italiana-che-piace-agli-emirati-7173893\/\" target=\"_blank\" rel=\"noreferrer noopener\"> <strong>Il Foglio: <\/strong>L\u2019innovazione italiana che piace agli Emirati<\/a><br \/>\n<a href=\"https:\/\/apnews.com\/press-release\/globenewswire-mobile\/abu-dhabi-3a53ff147bd091bb76c2f49597a9507f\" target=\"_blank\" rel=\"noreferrer noopener\"><strong>APNews<\/strong>: Blackshape debuts at Abu Dhabi Air Expo<\/a><br \/>\n<a href=\"https:\/\/www.emiratesfreepress.com\/article\/760685345-blackshape-debuts-at-abu-dhabi-air-expo\" target=\"_blank\" rel=\"noreferrer noopener\"><strong>Emirates Free Press<\/strong>:\u00a0Blackshape debuts at Abu Dhabi Air Expo<\/a><br \/>\n<a href=\"https:\/\/www.uaedailyjournal.com\/article\/760685345-blackshape-debuts-at-abu-dhabi-air-expo\"><strong>UAE Daily Journal<\/strong>:\u00a0Blackshape debuts at Abu Dhabi Air Expo<\/a><br \/>\n<a href=\"https:\/\/www.arabbnews.com\/Business-News.asp?id=10108\" target=\"_blank\" rel=\"noreferrer noopener\"><strong>EAU \u2013 Arab Business News<\/strong>:\u00a0Blackshape debuts at Abu Dhabi Air Expo<\/a><br \/>\n<a href=\"https:\/\/www.uaebusinessdaily.com\/article\/760685345-blackshape-debuts-at-abu-dhabi-air-expo\" target=\"_blank\" rel=\"noreferrer noopener\"><strong>UAE Business Daily<\/strong>: Blackshape debuts at Abu Dhabi Air Expo<\/a>[\/vc_column_text][divider line_type=&#8221;No Line&#8221; custom_height=&#8221;30&#8243;][vc_column_text]<span style=\"color: #ff0000;\"><strong>June 26<br \/>\n<\/strong><\/span><a href=\"https:\/\/www.lapresse.it\/economia\/2024\/11\/14\/aerei-blackshape-per-la-prima-volta-allair-expo-di-abu-dhabi\/\" target=\"_blank\" rel=\"noopener\"><strong>LaPresse: <\/strong>Blackshape per la prima volta all&#8217;Air Expo di Abu Dhabi<\/a><br \/>\n<a href=\"https:\/\/www.travelandtourworld.it\/news\/article\/abu-dhabi-air-expo-welcomes-blackshapes-aviation-excellence\/\" target=\"_blank\" rel=\"noopener\"><strong>Travel And Tour World<\/strong><strong>:<\/strong> Abu Dhabi Air Expo welcomes Blackshape&#8217;s aviation excellence<\/a><br \/>\n<a href=\"https:\/\/stream24.ilsole24ore.com\/video\/italia\/aerei-blackshape-la-prima-volta-air-expo-abu-dhabi\/AGKAcq8\" target=\"_blank\" rel=\"noopener\"><strong>Il Sole 24 ORE: <\/strong>Aerei, Blackshape per la prima volta all&#8217;Air Expo di Abu Dhabi\u00a0<\/a>[\/vc_column_text][divider line_type=&#8221;No Line&#8221; custom_height=&#8221;30&#8243;][vc_column_text]<span style=\"color: #ff0000;\"><strong>June 26<br \/>\n<\/strong><\/span><a href=\"https:\/\/apnews.com\/press-release\/globenewswire-mobile\/government-regulations-2fb8003e20c61c6291ba93f123a433a9\" target=\"_blank\" rel=\"noopener\"><strong>AP News:<\/strong> Blackshape Gabri\u00e9l takes to the skies again <\/a><br \/>\n<strong><a href=\"https:\/\/www.finanznachrichten.de\/nachrichten-2024-06\/62530617-blackshape-aircraft-blackshape-gabriel-takes-to-the-skies-again-399.htm\" target=\"_blank\" rel=\"noopener\">FinanzNahrichten<\/a><\/strong><a href=\"https:\/\/www.finanznachrichten.de\/nachrichten-2024-06\/62530617-blackshape-aircraft-blackshape-gabriel-takes-to-the-skies-again-399.htm\"><strong>:<\/strong> Blackshape Aircraft: Blackshape Gabri\u00e9l takes to the skies again <\/a><br \/>\n<strong><a href=\"https:\/\/www.sierks.com\/magazin\/2024\/easa-hebt-flugverbot-fuer-blackshape-gabriel-flugzeug-auf\/16348\">Sierks Media<\/a><\/strong><a href=\"https:\/\/www.sierks.com\/magazin\/2024\/easa-hebt-flugverbot-fuer-blackshape-gabriel-flugzeug-auf\/16348\" target=\"_blank\" rel=\"noopener\"><strong>:<\/strong> EASA hebt Flugverbot f\u00fcr Blackshape Gabri\u00e9l-Flugzeug auf | <\/a><br \/>\n<a href=\"https:\/\/www.asiaone.com\/business\/blackshape-gabriel-takes-skies-again\" target=\"_blank\" rel=\"noopener\"><strong>AsiaOne:<\/strong> Blackshape Gabri\u00e9l takes to the skies again<\/a><br \/>\n<a href=\"https:\/\/www.hapskorea.com\/globenewswire\/?gnw_id=2901106\/language\/en\" target=\"_blank\" rel=\"noopener\"><strong>Haps Korea:<\/strong> Blackshape Gabri\u00e9l takes to the skies again<\/a><br \/>\n<strong><a href=\"https:\/\/www.centraleuropeonline.com\/article\/721228294-blackshape-gabri-l-takes-to-the-skies-again\" target=\"_blank\" rel=\"noopener\">Central Europe Online<\/a><\/strong><a href=\"https:\/\/www.centraleuropeonline.com\/article\/721228294-blackshape-gabri-l-takes-to-the-skies-again\" target=\"_blank\" rel=\"noopener\"><strong>:<\/strong> Blackshape Gabri\u00e9l takes to the skies again\u00a0<\/a><br \/>\n<strong><a href=\"https:\/\/www.europeanglobaltimes.com\/article\/721228294-blackshape-gabri-l-takes-to-the-skies-again\">European Global Times<\/a><\/strong><a href=\"https:\/\/www.europeanglobaltimes.com\/article\/721228294-blackshape-gabri-l-takes-to-the-skies-again\" target=\"_blank\" rel=\"noopener\"><strong>:<\/strong> Blackshape Gabri\u00e9l takes to the skies again<\/a><br \/>\n<strong><a href=\"https:\/\/nationalpost.com\/globe-newswire\/blackshape-gabriel-takes-to-the-skies-again\">National Post<\/a><\/strong><a href=\"https:\/\/nationalpost.com\/globe-newswire\/blackshape-gabriel-takes-to-the-skies-again\"><strong>:<\/strong> Blackshape Gabri\u00e9l takes to the skies again<\/a><br \/>\n<a href=\"https:\/\/www.theglobeandmail.com\/investing\/markets\/markets-news\/GlobeNewswire\/\" target=\"_blank\" rel=\"noopener\"><strong>The Globe and Mail:<\/strong> -Blackshape Gabri\u00e9l takes to the skies again<\/a><br \/>\n<strong><a href=\"https:\/\/financialpost.com\/globe-newswire\/blackshape-gabriel-takes-to-the-skies-again\">Financial Post<\/a><\/strong><a href=\"https:\/\/financialpost.com\/globe-newswire\/blackshape-gabriel-takes-to-the-skies-again\" target=\"_blank\" rel=\"noopener\"><strong>:<\/strong> Blackshape Gabri\u00e9l takes to the skies again<\/a><br \/>\n<strong><a href=\"https:\/\/aeroindia.einnews.com\/pr_news\/721228294\/blackshape-gabri-l-takes-to-the-skies-again\" target=\"_blank\" rel=\"noopener\">Aero India News Today:<\/a><\/strong><a href=\"https:\/\/aeroindia.einnews.com\/pr_news\/721228294\/blackshape-gabri-l-takes-to-the-skies-again\" target=\"_blank\" rel=\"noopener\">Blackshape Gabri\u00e9l takes to the skies again<br \/>\n<\/a><strong><a href=\"https:\/\/airshowchina.einnews.com\/pr_news\/721228294\/blackshape-gabri-l-takes-to-the-skies-again\">Airshow China News Today: <\/a><\/strong><a href=\"https:\/\/airshowchina.einnews.com\/pr_news\/721228294\/blackshape-gabri-l-takes-to-the-skies-again\" target=\"_blank\" rel=\"noopener\">Blackshape Gabri\u00e9l takes to the skies again<\/a><br \/>\n<strong><a href=\"https:\/\/singaporeairshow.einnews.com\/pr_news\/721228294\/blackshape-gabri-l-takes-to-the-skies-again\">Singapore Airshow News Today<\/a>:<\/strong> <a href=\"https:\/\/singaporeairshow.einnews.com\/pr_news\/721228294\/blackshape-gabri-l-takes-to-the-skies-again\" target=\"_blank\" rel=\"noopener\">Blackshape Gabri\u00e9l takes to the skies again <\/a>[\/vc_column_text][divider line_type=&#8221;No Line&#8221; custom_height=&#8221;30&#8243;][vc_column_text]<span style=\"color: #ff0000;\"><strong>May 24<br \/>\n<\/strong><\/span><strong><a href=\"https:\/\/italiavola.com\/2024\/05\/24\/blackshape-sceglie-opensky-world-come-nuovo-dealer\/\" target=\"_blank\" rel=\"noopener\">ItaliaVola: <\/a><\/strong><a href=\"https:\/\/italiavola.com\/2024\/05\/24\/blackshape-sceglie-opensky-world-come-nuovo-dealer\/\">Blackshape sceglie OpenSky World come nuovo dealer<\/a>[\/vc_column_text][divider line_type=&#8221;No Line&#8221; custom_height=&#8221;30&#8243;][vc_column_text]<span style=\"color: #ff0000;\"><strong>April 29<br \/>\n<\/strong><\/span><a href=\"https:\/\/stream24.ilsole24ore.com\/video\/tecnologia\/aerei-futuro-elettrici-e-ibridi-star-salone-friedrichshafen\/AFwaCQnD\" target=\"_blank\" rel=\"noopener\"><strong>Il Sol 24 Ore: <\/strong>Aerei del futuro elettrici e ibridi, le star del salone di Friedrichshafen<\/a><br \/>\n<a href=\"https:\/\/askanews.it\/2024\/04\/29\/aerei-del-futuro-elettrici-e-ibridi-le-star-del-salone-di-friedrichshafen\/\" target=\"_blank\" rel=\"noopener\"><strong>Askanews: <\/strong>Aerei del futuro elettrici e ibridi, le star del salone di Friedrichshafen\u00a0<\/a><br \/>\n<a href=\"https:\/\/www.ilmessaggero.it\/video\/askanews\/aerei_del_futuro_elettrici_e_ibridi_le_star_del_salone_di_friedrichshafen-8087710.html\" target=\"_blank\" rel=\"noopener\"><strong>Il Messaggero:<\/strong>Aerei del futuro elettrici e ibridi, le star del salone di Friedrichshafen\u00a0<\/a><br \/>\n<a href=\"https:\/\/www.iltempo.it\/tv-news\/2024\/04\/29\/video\/aerei-del-futuro-elettrici-e-ibridi-le-star-del-salone-di-friedrichshafen-39183036\/\" target=\"_blank\" rel=\"noopener\"><strong>Il Tempo: <\/strong>Aerei del futuro elettrici e ibridi, le star del salone di Friedrichshafen<\/a><br \/>\n<a href=\"https:\/\/www.ilmattino.it\/video\/askanews\/aerei_del_futuro_elettrici_e_ibridi_le_star_del_salone_di_friedrichshafen-8087710.html\" target=\"_blank\" rel=\"noopener\"><strong>Il Mattino: <\/strong>Aerei del futuro elettrici e ibridi, le star del salone di Friedrichshafen\u00a0<\/a><br \/>\n<a href=\"https:\/\/www.ilgazzettino.it\/video\/askanews\/aerei_del_futuro_elettrici_e_ibridi_le_star_del_salone_di_friedrichshafen-8087710.html\" target=\"_blank\" rel=\"noopener\"><strong>Il Gazzettino: <\/strong>Aerei del futuro elettrici e ibridi, le star del salone di Friedrichshafen<\/a><br \/>\n<a href=\"https:\/\/www.liberoquotidiano.it\/video\/tv-news\/39183034\/aerei-del-futuro-elettrici-e-ibridi-le-star-del-salone-di-friedrichshafen.html\" target=\"_blank\" rel=\"noopener\"><strong>Libero Quotidiano: <\/strong>Aerei del futuro elettrici e ibridi, le star del salone di Friedrichshafen<\/a>[\/vc_column_text][divider line_type=&#8221;No Line&#8221; custom_height=&#8221;30&#8243;][vc_column_text]<span style=\"color: #ff0000;\"><strong>April 16<br \/>\n<\/strong><\/span><a href=\"https:\/\/finanza.repubblica.it\/News\/2024\/04\/16\/fiera_aero_2024_presenti_le_italiane_leonardo_helicopters_tecnam_e_blackshape-117\/\" target=\"_blank\" rel=\"noopener\"><strong>La Repubblica:<\/strong><\/a> <a href=\"https:\/\/finanza.repubblica.it\/News\/2024\/04\/16\/fiera_aero_2024_presenti_le_italiane_leonardo_helicopters_tecnam_e_blackshape-117\/\" target=\"_blank\" rel=\"noopener\">Fiera Aero 2024: presenti le italiane Leonardo Helicopters, Tecnam e Blackshape<\/a><br \/>\n<a href=\"https:\/\/www.angelcompany.com\/wp-admin\/post.php?post=7930&amp;action=edit\" target=\"_blank\" rel=\"noopener\"><strong>AvioNews:<\/strong> &#8220;Aero 2024&#8221;, 30esima edizione iniziata oggi in Germania (17-20)<\/a>[\/vc_column_text][divider line_type=&#8221;No Line&#8221; custom_height=&#8221;30&#8243;][vc_column_text]<span style=\"color: #ff0000;\"><strong>April 10<br \/>\n<\/strong><\/span><a href=\"https:\/\/www.md80.it\/2024\/04\/10\/aerei-ed-elicotteri-italiani-alla-fiera-aero-2024-in-germania\/\" target=\"_blank\" rel=\"noopener\"><strong>MD80:<\/strong> Aerei ed elicotteri italiani alla fiera &#8220;Aero 2024&#8221; in Germania<\/a><br \/>\n<a href=\"https:\/\/aresdifesa.it\/aerei-ed-elicotteri-italiani-alla-fiera-aero-2024-in-germania\/\" target=\"_blank\" rel=\"noopener\"><strong>Ares Difesa:<\/strong> Aerei ed elicotteri italiani alla fiera \u201cAERO 2024\u201d in Germania\u00a0<\/a><br \/>\n<a href=\"https:\/\/www.ildenaro.it\/ad-aero-2024-laviazione-del-futuro-leonardo-helicopters-e-tecnam-tra-le-35-aziende-italiane-ecco-le-novita\/\" target=\"_blank\" rel=\"noopener\"><strong>Il Denaro:<\/strong> Ad Aero 2024 l&#8217;aviazione del futuro. <\/a>[\/vc_column_text][\/toggle][toggle color=&#8221;Accent-Color&#8221; heading_tag=&#8221;h3&#8243; heading_tag_functionality=&#8221;default&#8221; title=&#8221;2023&#8243;][vc_column_text]<span style=\"color: #ff0000;\"><strong>April 17<br \/>\n<\/strong><\/span><a href=\"https:\/\/aresdifesa.it\/cresce-la-presenza-italiana-al-salone-aero-2023\/\" target=\"_blank\" rel=\"noopener\"><strong>AresDifesa: <\/strong>Cresce la presenza italiana al salone \u201cAERO 2023&#8243;<\/a><br \/>\n<a href=\"https:\/\/www.avionews.it\/it\/item\/1250748-aero-2023-cresce-la-presenza-italiana-al-salone-tedesco-19-22-aprile.html\" target=\"_blank\" rel=\"noopener\"><strong>AvioNews:<\/strong> &#8220;Aero 2023&#8221;: cresce la presenza italiana al salone tedesco\u00a0<\/a><br \/>\n<a href=\"https:\/\/www.reportdifesa.it\/aviazione-cresce-la-presenza-italiana-al-salone-aero-2023-saranno-presentati-nuovi-aerei-elicotteri-autogiri-e-idrovolanti\/\" target=\"_blank\" rel=\"noopener\"><strong>ReportDifesa: <\/strong>Cresce la presenza italiana al salone \u201cAero 2023\u201d<\/a>[\/vc_column_text][divider line_type=&#8221;No Line&#8221; custom_height=&#8221;20px&#8221;][vc_column_text]<span style=\"color: #ff0000;\"><strong>January 3<br \/>\n<\/strong><\/span><a href=\"https:\/\/www.vanityfair.it\/article\/luciano-belviso-volare-in-alto-senso-comune-dreamers-on-porsche\" target=\"_blank\" rel=\"noopener\"><strong>Vanity Fair: <\/strong>Luciano Belviso: \u00abVolare pi\u00f9 in alto del senso comune\u00bb<\/a>[\/vc_column_text][\/toggle][toggle color=&#8221;Default&#8221; heading_tag=&#8221;h3&#8243; heading_tag_functionality=&#8221;default&#8221; title=&#8221;2022&#8243;][vc_column_text]<span style=\"color: #ff0000;\"><strong>December 5<br \/>\n<\/strong><\/span><a href=\"https:\/\/youmedia.fanpage.it\/video\/ad\/Y44ZseSwymkCBsyV?_ga=2.76552977.505456519.1670259615-341761444.1670259614\" target=\"_blank\" rel=\"noopener\"><strong>Fanpage: <\/strong>Blackshape punta al mondoo<\/a>[\/vc_column_text][divider line_type=&#8221;No Line&#8221; custom_height=&#8221;20px&#8221;][vc_column_text]<span style=\"color: #ff0000;\"><strong>November 28<br \/>\n<\/strong><\/span><a href=\"http:\/\/bancadati.datavideo.it\/media\/20221128\/20221128-RETE_4-QUARTA_REPUBBLICA_2135-012554922m.mp4\" target=\"_blank\" rel=\"noopener\"><strong>Quarta Repubblica: <\/strong>Vito Pertosa, l&#8217;uomo dello spazio<\/a>[\/vc_column_text][divider line_type=&#8221;No Line&#8221; custom_height=&#8221;20px&#8221;][vc_column_text]<span style=\"color: #ff0000;\"><strong>May 4<br \/>\n<\/strong><\/span><a href=\"https:\/\/afm.aero\/european-aircraft-manufacturer-unveils-new-training-aircraft-model\/\" target=\"_blank\" rel=\"noopener\"><strong>AFM: <\/strong>European Aircraft Manufacturer Unveils New Training Aircraft Model<\/a>[\/vc_column_text][divider line_type=&#8221;No Line&#8221; custom_height=&#8221;20px&#8221;][vc_column_text]<span style=\"color: #ff0000;\"><strong>April 27<br \/>\n<\/strong><\/span><a href=\"https:\/\/www.evaint.com\/blackshape-reshapes-the-access-to-the-third-dimension-for-a-new-flight-experience\/\" target=\"_blank\" rel=\"noopener\"><strong>EVA:<\/strong> Blackshape reshapes the access to the third dimension for a new flight experience<\/a><br \/>\n<a href=\"https:\/\/www.teleborsa.it\/News\/2022\/04\/27\/blackshape-debutta-a-aero-friedrichshafen-2022-con-nuovo-modello-bk160-tr-65.html#.YrwVfRXP2Un\" target=\"_blank\" rel=\"noopener\"><strong>Teleborsa:<\/strong> Blackshape debutta a &#8220;AERO Friedrichshafen 2022&#8221; con nuovo modello BK160-TR<\/a><br \/>\n<a href=\"https:\/\/www.industriaitaliana.it\/blackshape-bk160-traereo-civile\/\" target=\"_blank\" rel=\"noopener\"><strong>Industria Italiana: <\/strong>Blackshape (Gruppo Angel) svela BK160-Tr, il primo aereo civile pensato per l\u2019addestramento dei piloti\u00a0<\/a><br \/>\n<a href=\"https:\/\/www.reportdifesa.it\/aeronautica-blackshape-alla-fiera-aero-friedrichshafen-2022-presente-il-nuovo-modello-bk160-tr\/\" target=\"_blank\" rel=\"noopener\"><strong>Report Difesa:<\/strong> Aeronautica: Blackshape alla fiera \u201cAERO Friedrichshafen 2022\u201d. Presente il nuovo modello BK160-TR<\/a>[\/vc_column_text][divider line_type=&#8221;No Line&#8221; custom_height=&#8221;20px&#8221;][vc_column_text]<span style=\"color: #ff0000;\"><strong>April 21<br \/>\n<\/strong><\/span><a href=\"https:\/\/www.aviation-report.com\/dema-spa-e-blackshape-aircraft-collaborazione-per-fabbricazione-componenti-velivoli-blackshape-bk160-gabriel-e-bs100-prime\/\" target=\"_blank\" rel=\"noopener\"><strong>Aviation Report: <\/strong>Dema Spa e Blackshape Aircraft annunciano l\u2019inizio della collaborazione per la fabbricazione di componenti per i velivoli Blackshape BK-160 Gabriel e BS-100 Prime prodotti a Brindisi<\/a>[\/vc_column_text][divider line_type=&#8221;No Line&#8221; custom_height=&#8221;20px&#8221;][vc_column_text]<span style=\"color: #ff0000;\"><strong>April 19<br \/>\n<\/strong><\/span><a href=\"https:\/\/www.lagazzettadelmezzogiorno.it\/news\/home\/1338546\/industria-aerospaziale-accordo-made-in-puglia-tra-dema-e-blackshape-aircraft.html\" target=\"_blank\" rel=\"noopener\"><strong>La Gazzetta del Mezzogiorno: <\/strong>Industria aerospaziale, accordo &#8220;made in Puglia&#8221; tra Dema e Blackshape Aircraft<\/a><br \/>\n<a href=\"https:\/\/www.ilmattino.it\/economia\/news\/dema_spa_blackshape_aircraft_contratto_collaborazione-6637358.html\" target=\"_blank\" rel=\"noopener\"><strong>Il Mattino: <\/strong>Dema Spa e Blackshape Aircraft annunciano un contratto di collaborazione di 5 anni<\/a><br \/>\n<a href=\"https:\/\/www.reportdifesa.it\/dema-s-p-a-e-blackshape-aircraft-annunciano-linizio-della-loro-collaborazione\/\" target=\"_blank\" rel=\"noopener\"><strong>Report Difesa:<\/strong> DEMA S.P.A. e BLACKSHAPE AIRCRAFT annunciano l\u2019inizio della loro collaborazione<\/a>[\/vc_column_text][divider line_type=&#8221;No Line&#8221; custom_height=&#8221;20px&#8221;][vc_column_text]<span style=\"color: #ff0000;\"><strong>February 12<br \/>\n<\/strong><\/span><a href=\"https:\/\/vimeo.com\/manage\/videos\/794835740\/44c1bc8b76\" target=\"_blank\" rel=\"noopener\"><strong>TGR Officina Italia:<\/strong> Gruppo ANGEL<\/a>[\/vc_column_text][\/toggle][\/toggles][\/vc_column][\/vc_row]\n","protected":false},"excerpt":{"rendered":"<p>[vc_row type=&#8221;full_width_background&#8221; full_screen_row_position=&#8221;middle&#8221; column_margin=&#8221;default&#8221; column_direction=&#8221;default&#8221; column_direction_tablet=&#8221;default&#8221; column_direction_phone=&#8221;default&#8221; video_bg=&#8221;use_video&#8221; video_mp4=&#8221;https:\/\/www.angelcompany.com\/wp-content\/uploads\/2020\/02\/angel_aviation.webm&#8221; background_video_loading=&#8221;default&#8221; scene_position=&#8221;center&#8221; top_padding=&#8221;12%&#8221; bottom_padding=&#8221;8%&#8221; text_color=&#8221;light&#8221; text_align=&#8221;left&#8221; row_border_radius=&#8221;none&#8221; row_border_radius_applies=&#8221;bg&#8221; overflow=&#8221;visible&#8221; enable_gradient=&#8221;true&#8221; color_overlay=&#8221;#263336&#8243; overlay_strength=&#8221;0.95&#8243; gradient_direction=&#8221;left_to_right&#8221; shape_divider_position=&#8221;bottom&#8221; bg_image_animation=&#8221;none&#8221; parallax_bg=&#8221;true&#8221; parallax_bg_speed=&#8221;fixed&#8221; shape_type=&#8221;&#8221;][vc_column column_padding=&#8221;no-extra-padding&#8221; column_padding_tablet=&#8221;inherit&#8221; column_padding_phone=&#8221;inherit&#8221;&#8230;<\/p>\n","protected":false},"author":2,"featured_media":0,"parent":0,"menu_order":0,"comment_status":"closed","ping_status":"closed","template":"","meta":{"inline_featured_image":false,"footnotes":""},"class_list":["post-7930","page","type-page","status-publish"],"aioseo_notices":[],"_links":{"self":[{"href":"https:\/\/www.angelcompany.com\/wp-json\/wp\/v2\/pages\/7930","targetHints":{"allow":["GET"]}}],"collection":[{"href":"https:\/\/www.angelcompany.com\/wp-json\/wp\/v2\/pages"}],"about":[{"href":"https:\/\/www.angelcompany.com\/wp-json\/wp\/v2\/types\/page"}],"author":[{"embeddable":true,"href":"https:\/\/www.angelcompany.com\/wp-json\/wp\/v2\/users\/2"}],"replies":[{"embeddable":true,"href":"https:\/\/www.angelcompany.com\/wp-json\/wp\/v2\/comments?post=7930"}],"version-history":[{"count":33,"href":"https:\/\/www.angelcompany.com\/wp-json\/wp\/v2\/pages\/7930\/revisions"}],"predecessor-version":[{"id":10143,"href":"https:\/\/www.angelcompany.com\/wp-json\/wp\/v2\/pages\/7930\/revisions\/10143"}],"wp:attachment":[{"href":"https:\/\/www.angelcompany.com\/wp-json\/wp\/v2\/media?parent=7930"}],"curies":[{"name":"wp","href":"https:\/\/api.w.org\/{rel}","templated":true}]}}