{"id":7926,"date":"2022-06-28T09:26:17","date_gmt":"2022-06-28T09:26:17","guid":{"rendered":"https:\/\/www.angelcompany.com\/?page_id=7926"},"modified":"2025-09-24T07:53:01","modified_gmt":"2025-09-24T07:53:01","slug":"web-press-space","status":"publish","type":"page","link":"https:\/\/www.angelcompany.com\/web-press-space\/","title":{"rendered":"Web press: Space"},"content":{"rendered":"[vc_row type=&#8221;full_width_background&#8221; full_screen_row_position=&#8221;middle&#8221; column_margin=&#8221;default&#8221; column_direction=&#8221;default&#8221; column_direction_tablet=&#8221;default&#8221; column_direction_phone=&#8221;default&#8221; video_bg=&#8221;use_video&#8221; video_mp4=&#8221;https:\/\/www.angelcompany.com\/wp-content\/uploads\/2020\/07\/SPACE.mp4&#8243; background_video_loading=&#8221;default&#8221; scene_position=&#8221;center&#8221; top_padding=&#8221;12%&#8221; bottom_padding=&#8221;8%&#8221; text_color=&#8221;light&#8221; text_align=&#8221;left&#8221; row_border_radius=&#8221;none&#8221; row_border_radius_applies=&#8221;bg&#8221; overflow=&#8221;visible&#8221; enable_gradient=&#8221;true&#8221; color_overlay=&#8221;#263336&#8243; overlay_strength=&#8221;0.95&#8243; gradient_direction=&#8221;left_to_right&#8221; shape_divider_position=&#8221;bottom&#8221; bg_image_animation=&#8221;none&#8221; parallax_bg=&#8221;true&#8221; parallax_bg_speed=&#8221;fixed&#8221; shape_type=&#8221;&#8221;][vc_column column_padding=&#8221;no-extra-padding&#8221; column_padding_tablet=&#8221;inherit&#8221; column_padding_phone=&#8221;inherit&#8221; column_padding_position=&#8221;all&#8221; column_element_direction_desktop=&#8221;default&#8221; column_element_spacing=&#8221;default&#8221; desktop_text_alignment=&#8221;default&#8221; tablet_text_alignment=&#8221;default&#8221; phone_text_alignment=&#8221;default&#8221; background_color_opacity=&#8221;1&#8243; background_hover_color_opacity=&#8221;1&#8243; column_backdrop_filter=&#8221;none&#8221; column_shadow=&#8221;none&#8221; column_border_radius=&#8221;none&#8221; column_link_target=&#8221;_self&#8221; column_position=&#8221;default&#8221; gradient_direction=&#8221;left_to_right&#8221; overlay_strength=&#8221;0.3&#8243; width=&#8221;1\/2&#8243; tablet_width_inherit=&#8221;default&#8221; animation_type=&#8221;default&#8221; bg_image_animation=&#8221;none&#8221; border_type=&#8221;simple&#8221; column_border_width=&#8221;none&#8221; column_border_style=&#8221;solid&#8221;][vc_column_text]\n<h2>Web Press: Space<\/h2>\n[\/vc_column_text][\/vc_column][vc_column column_padding=&#8221;no-extra-padding&#8221; column_padding_tablet=&#8221;inherit&#8221; column_padding_phone=&#8221;inherit&#8221; column_padding_position=&#8221;all&#8221; column_element_direction_desktop=&#8221;default&#8221; column_element_spacing=&#8221;default&#8221; desktop_text_alignment=&#8221;default&#8221; tablet_text_alignment=&#8221;default&#8221; phone_text_alignment=&#8221;default&#8221; background_color_opacity=&#8221;1&#8243; background_hover_color_opacity=&#8221;1&#8243; column_backdrop_filter=&#8221;none&#8221; column_shadow=&#8221;none&#8221; column_border_radius=&#8221;none&#8221; column_link_target=&#8221;_self&#8221; column_position=&#8221;default&#8221; gradient_direction=&#8221;left_to_right&#8221; overlay_strength=&#8221;0.3&#8243; width=&#8221;1\/2&#8243; tablet_width_inherit=&#8221;default&#8221; animation_type=&#8221;default&#8221; bg_image_animation=&#8221;none&#8221; border_type=&#8221;simple&#8221; column_border_width=&#8221;none&#8221; column_border_style=&#8221;solid&#8221;][\/vc_column][\/vc_row][vc_row type=&#8221;in_container&#8221; full_screen_row_position=&#8221;middle&#8221; column_margin=&#8221;default&#8221; column_direction=&#8221;default&#8221; column_direction_tablet=&#8221;default&#8221; column_direction_phone=&#8221;default&#8221; scene_position=&#8221;center&#8221; text_color=&#8221;dark&#8221; text_align=&#8221;left&#8221; row_border_radius=&#8221;none&#8221; row_border_radius_applies=&#8221;bg&#8221; overflow=&#8221;visible&#8221; overlay_strength=&#8221;0.3&#8243; gradient_direction=&#8221;left_to_right&#8221; shape_divider_position=&#8221;bottom&#8221; bg_image_animation=&#8221;none&#8221;][vc_column column_padding=&#8221;no-extra-padding&#8221; column_padding_tablet=&#8221;inherit&#8221; column_padding_phone=&#8221;inherit&#8221; column_padding_position=&#8221;all&#8221; column_element_direction_desktop=&#8221;default&#8221; column_element_spacing=&#8221;default&#8221; desktop_text_alignment=&#8221;default&#8221; tablet_text_alignment=&#8221;default&#8221; phone_text_alignment=&#8221;default&#8221; background_color_opacity=&#8221;1&#8243; background_hover_color_opacity=&#8221;1&#8243; column_backdrop_filter=&#8221;none&#8221; column_shadow=&#8221;none&#8221; column_border_radius=&#8221;none&#8221; column_link_target=&#8221;_self&#8221; column_position=&#8221;default&#8221; gradient_direction=&#8221;left_to_right&#8221; overlay_strength=&#8221;0.3&#8243; width=&#8221;1\/1&#8243; tablet_width_inherit=&#8221;default&#8221; animation_type=&#8221;default&#8221; bg_image_animation=&#8221;none&#8221; border_type=&#8221;simple&#8221; column_border_width=&#8221;none&#8221; column_border_style=&#8221;solid&#8221;][divider line_type=&#8221;No Line&#8221; custom_height=&#8221;30&#8243;][\/vc_column][\/vc_row][vc_row type=&#8221;in_container&#8221; full_screen_row_position=&#8221;middle&#8221; column_margin=&#8221;default&#8221; column_direction=&#8221;default&#8221; column_direction_tablet=&#8221;default&#8221; column_direction_phone=&#8221;default&#8221; scene_position=&#8221;center&#8221; text_color=&#8221;dark&#8221; text_align=&#8221;left&#8221; row_border_radius=&#8221;none&#8221; row_border_radius_applies=&#8221;bg&#8221; overflow=&#8221;visible&#8221; overlay_strength=&#8221;0.3&#8243; gradient_direction=&#8221;left_to_right&#8221; shape_divider_position=&#8221;bottom&#8221; bg_image_animation=&#8221;none&#8221; gradient_type=&#8221;default&#8221; shape_type=&#8221;&#8221;][vc_column column_padding=&#8221;no-extra-padding&#8221; column_padding_tablet=&#8221;inherit&#8221; column_padding_phone=&#8221;inherit&#8221; column_padding_position=&#8221;all&#8221; column_element_direction_desktop=&#8221;default&#8221; column_element_spacing=&#8221;default&#8221; desktop_text_alignment=&#8221;default&#8221; tablet_text_alignment=&#8221;default&#8221; phone_text_alignment=&#8221;default&#8221; background_color_opacity=&#8221;1&#8243; background_hover_color_opacity=&#8221;1&#8243; column_backdrop_filter=&#8221;none&#8221; column_shadow=&#8221;none&#8221; column_border_radius=&#8221;none&#8221; column_link_target=&#8221;_self&#8221; column_position=&#8221;default&#8221; gradient_direction=&#8221;left_to_right&#8221; overlay_strength=&#8221;0.3&#8243; width=&#8221;1\/1&#8243; tablet_width_inherit=&#8221;default&#8221; animation_type=&#8221;default&#8221; bg_image_animation=&#8221;none&#8221; border_type=&#8221;simple&#8221; column_border_width=&#8221;none&#8221; column_border_style=&#8221;solid&#8221;][toggles style=&#8221;minimal_small&#8221; accordion=&#8221;true&#8221; accordion_starting_functionality=&#8221;default&#8221;][toggle color=&#8221;Default&#8221; heading_tag=&#8221;h3&#8243; heading_tag_functionality=&#8221;default&#8221; title=&#8221;2025&#8243;][vc_column_text]<span style=\"color: #ff0000;\"><strong>September 24<br \/>\n<a href=\"https:\/\/www.linkedin.com\/feed\/update\/urn:li:activity:7376515617467645952\" target=\"_blank\" rel=\"noopener\">Il Tempo:<\/a><\/strong><a href=\"https:\/\/www.linkedin.com\/feed\/update\/urn:li:activity:7376515617467645952\" target=\"_blank\" rel=\"noopener\"> Intervista a Chiara Pertosa, CEO di SITAEL<\/a><br \/>\n<\/span>[\/vc_column_text][divider line_type=&#8221;No Line&#8221; custom_height=&#8221;30&#8243;][vc_column_text]<span style=\"color: #ff0000;\"><strong>August 21<br \/>\n<a href=\"https:\/\/forbes.it\/2025\/08\/20\/sitael-piani-grande-azienda-privata-space-italy\" target=\"_blank\" rel=\"noopener\">Forbes Italia<\/a><a href=\"https:\/\/forbes.it\/2025\/08\/20\/sitael-piani-grande-azienda-privata-space-italy\">: <\/a><\/strong><a href=\"https:\/\/forbes.it\/2025\/08\/20\/sitael-piani-grande-azienda-privata-space-italy\" target=\"_blank\" rel=\"noopener\">Nuovi satelliti e Space Factory: i piani di Sitael, la pi\u00f9 grande azienda 100% privata dello space in Italy<\/a><br \/>\n<\/span>[\/vc_column_text][divider line_type=&#8221;No Line&#8221; custom_height=&#8221;30&#8243;][vc_column_text]<span style=\"color: #ff0000;\"><strong>July 23<br \/>\n<a href=\"https:\/\/www.corriere.it\/economia\/energie\/25_luglio_22\/a-pisa-la-piu-grande-fabbrica-europea-per-la-produzione-di-motori-elettrici-per-satelliti-7c801f10-0c96-4c7b-8e78-08d6b7517xlk.shtml?refresh_ce\" target=\"_blank\" rel=\"noopener\">Corriere.it<\/a><a href=\"https:\/\/www.corriere.it\/economia\/energie\/25_luglio_22\/a-pisa-la-piu-grande-fabbrica-europea-per-la-produzione-di-motori-elettrici-per-satelliti-7c801f10-0c96-4c7b-8e78-08d6b7517xlk.shtml?refresh_ce\">: <\/a><\/strong><a href=\"https:\/\/www.corriere.it\/economia\/energie\/25_luglio_22\/a-pisa-la-piu-grande-fabbrica-europea-per-la-produzione-di-motori-elettrici-per-satelliti-7c801f10-0c96-4c7b-8e78-08d6b7517xlk.shtml?refresh_ce\" target=\"_blank\" rel=\"noopener\">A Pisa la pi\u00f9 grande fabbrica europea per la produzione di motori elettrici per satelliti<\/a><br \/>\n<a href=\"https:\/\/www.lanazione.it\/pisa\/cronaca\/motori-spaziali-fabbrica-da-primato-cc4c8eb1?live\" target=\"_blank\" rel=\"noopener\"><strong>La Nazione: <\/strong>Motori spaziali. Fabbrica da primato: &#8220;Tecnologia pisana in orbita col mondo&#8221;<\/a><br \/>\n<strong><a href=\"https:\/\/www.pisatoday.it\/video\/sitael-space-factory-motori-elettrici-produzione-serie-pisa.html\" target=\"_blank\" rel=\"noopener\">PisaToday: <\/a><\/strong><a href=\"https:\/\/www.pisatoday.it\/video\/sitael-space-factory-motori-elettrici-produzione-serie-pisa.html\" target=\"_blank\" rel=\"noopener\">Pisa lancia la prima fabbrica italiana di motori spaziali elettrici: Sitael inaugura la Smart Factory<\/a><br \/>\n<a href=\"https:\/\/www.startmag.it\/spazio-e-difesa\/sitael-pisa\/\" target=\"_blank\" rel=\"noopener\"><strong>StartMag:<\/strong> Cosa far\u00e0 Sitael a Pisa nella Smart Space factory<\/a><br \/>\n<\/span>[\/vc_column_text][divider line_type=&#8221;No Line&#8221; custom_height=&#8221;30&#8243;][vc_column_text]<span style=\"color: #ff0000;\"><strong>July 22<br \/>\n<\/strong><\/span><a title=\"Italia in orbita, Sitael inaugura la Smart Factory a Pisa\" href=\"https:\/\/tg24.sky.it\/cronaca\/video\/2025\/07\/22\/italia-in-orbita-sitael-inaugura-la-smart-factory-a-pisa-1025568\" target=\"_blank\" rel=\"noopener\"><strong>Sky TG24: <\/strong>Italia in orbita, Sitael inaugura la Smart Factory a Pisa<\/a><br \/>\n<a href=\"https:\/\/www.ansa.it\/sito\/notizie\/economia\/2025\/07\/22\/sitael-inaugura-a-pisa-la-sua-nuova-smart-space-factory-4.0_c2640242-26bf-459b-bf18-c8a410b244be.html\" target=\"_blank\" rel=\"noopener\"><strong>ANSA: <\/strong>Sitael inaugura a Pisa la sua nuova Smart Space Factory 4.0<\/a><br \/>\n<a href=\"https:\/\/forbes.it\/2025\/07\/22\/sitael-ha-inaugurato-a-pisa-un-polo-della-propulsione-elettrica-spaziale\" target=\"_blank\" rel=\"noopener\"><strong>Forbes:<\/strong> Sitael ha inaugurato a Pisa un polo della propulsione elettrica spaziale<\/a><br \/>\n<a href=\"https:\/\/www.key4biz.it\/motori-al-plasma-satelliti-intelligenti-e-fabbriche-digitali-litalia-spaziale-corre-veloce-e-passa-da-pisa\/540805\/\" target=\"_blank\" rel=\"noopener\"><strong>Key4Biz:<\/strong> Motori, satelliti e fabbriche digitali. A Pisa una nuova Space Factory<\/a><br \/>\n<a href=\"https:\/\/finanza.repubblica.it\/News\/2025\/07\/22\/propulsione_elettrica_spaziale_sitael_inaugura_la_smart_factory_a_pisa-133\/\" target=\"_blank\" rel=\"noopener\"><strong>La Repubblica:<\/strong> Propulsione elettrica spaziale: Sitael inaugura la smart factory a Pisa<\/a><br \/>\n<a href=\"https:\/\/finanza.lastampa.it\/News\/2025\/07\/22\/propulsione-elettrica-spaziale-sitael-inaugura-la-smart-factory-a-pisa\/MTMzXzIwMjUtMDctMjJfVExC\" target=\"_blank\" rel=\"noopener\"><strong>La Stampa:<\/strong> Propulsione elettrica spaziale: Sitael inaugura la smart factory a Pisa<\/a><br \/>\n<a href=\"https:\/\/www.quotidiano.net\/economia\/ultimaora\/sitael-inaugura-a-pisa-la-3e529810\" target=\"_blank\" rel=\"noopener\"><strong>Quotidiano Nazionale:<\/strong> Sitael inaugura a Pisa la sua nuova Smart Space Factory 4.0<\/a><br \/>\n<a href=\"https:\/\/www.intoscana.it\/it\/space-factory-4-0-pisa\/\" target=\"_blank\" rel=\"noopener\"><strong>InToscana:<\/strong> A Pisa nasce Space Factory 4.0, il nuovo polo produttivo della propulsione elettrica Made in Italy<\/a>[\/vc_column_text][divider line_type=&#8221;No Line&#8221; custom_height=&#8221;30&#8243;][vc_column_text]<span style=\"color: #ff0000;\"><strong>June 12<br \/>\n<a href=\"https:\/\/spaceeconomyinstitute.com\/2025\/06\/12\/sitael-e-il-reame-degli-smallsat-eccellenze-italiane-per-grandi-costellazioni\/\" target=\"_blank\" rel=\"noopener\">Space Economy Institute: <\/a><\/strong><a href=\"https:\/\/spaceeconomyinstitute.com\/2025\/06\/12\/sitael-e-il-reame-degli-smallsat-eccellenze-italiane-per-grandi-costellazioni\/\" target=\"_blank\" rel=\"noopener\">Sitael e il &#8220;reame&#8221; degli smallsat<\/a><strong><br \/>\n<\/strong><\/span>[\/vc_column_text][divider line_type=&#8221;No Line&#8221; custom_height=&#8221;30&#8243;][vc_column_text]<span style=\"color: #ff0000;\"><strong>May 27<br \/>\n<\/strong><\/span><a href=\"https:\/\/spacenews.com\/empyreum-italys-new-satellite-platform-for-the-constellation-era\/\" target=\"_blank\" rel=\"noopener\"><strong>SpaceNews:<\/strong> Empyreum, Italy\u2019s new satellite platform for the constellation era<\/a><br \/>\n<a href=\"https:\/\/news.satnews.com\/2025\/05\/27\/europes-small-satellite-industry\/\" target=\"_blank\" rel=\"noopener\"><strong>SatNews:<\/strong> Europe\u2019s Small Satellite Industry<\/a><br \/>\n<a href=\"https:\/\/ageei.eu\/spazio-sitael-presenta-empyreum-il-nuovo-minisatellite-italiano-a-propulsione-elettrica\/\" target=\"_blank\" rel=\"noopener\"><strong>AGEEI:<\/strong> Sitael presenta \u201cEmpyreum\u201d, il nuovo minisatellite italiano a propulsione elettrica<\/a>[\/vc_column_text][divider line_type=&#8221;No Line&#8221; custom_height=&#8221;30&#8243;][vc_column_text]<span style=\"color: #ff0000;\"><strong>April 29<br \/>\n<\/strong><\/span><a href=\"https:\/\/www.linkedin.com\/feed\/update\/urn:li:activity:7323003258950549504\/\" target=\"_blank\" rel=\"noopener\"><strong>SkyTG24:<\/strong> focus sulla Space Economy in Puglia. Visita alla Space Factory di SITAEL<\/a>[\/vc_column_text][divider line_type=&#8221;No Line&#8221; custom_height=&#8221;30&#8243;][vc_column_text]<span style=\"color: #ff0000;\"><strong>April 28<br \/>\n<\/strong><\/span><a href=\"https:\/\/www.quotidiano.net\/economia\/made-in-italy\/quei-satelliti-nati-in-puglia-f1450da3\" target=\"_blank\" rel=\"noopener\"><strong>Quotidiano Nazionale:<\/strong> Quei satelliti nati in Puglia. Nuovo orgoglio italiano<\/a>[\/vc_column_text][divider line_type=&#8221;No Line&#8221; custom_height=&#8221;30&#8243;][vc_column_text]<span style=\"color: #ff0000;\"><strong>April 7<br \/>\n<\/strong><\/span><strong><a href=\"https:\/\/ageei.eu\/spazio-inizia-lintegrazione-finale-del-satellite-italiano-platino-1-entro-questanno-il-lancio-con-un-vega-c\/\" target=\"_blank\" rel=\"noopener\">AGEEI: <\/a><\/strong><a href=\"https:\/\/ageei.eu\/spazio-inizia-lintegrazione-finale-del-satellite-italiano-platino-1-entro-questanno-il-lancio-con-un-vega-c\/\" target=\"_blank\" rel=\"noopener\">Spazio: inizia l\u2019integrazione finale del satellite italiano \u201cPlatino 1\u201d. Entro quest\u2019anno il lancio con un \u201cVega C\u201d<\/a>[\/vc_column_text][divider line_type=&#8221;No Line&#8221; custom_height=&#8221;30&#8243;][vc_column_text]<span style=\"color: #ff0000;\"><strong>March 31<br \/>\n<\/strong><\/span><a href=\"https:\/\/www.ansa.it\/sito\/notizie\/economia\/2025\/03\/31\/sitael-inaugura-con-urso-la-sua-space-factory-4.0_9a40d8af-a614-44d0-a27d-4f9f64053b69.html\" target=\"_blank\" rel=\"noopener\"><strong>ANSA: <\/strong>Sitael inaugura con Urso la sua Space Factory 4.0<\/a><br \/>\n<a href=\"https:\/\/www.rainews.it\/tgr\/puglia\/video\/2025\/03\/spaizo-sitael-mola-di-bari-urso-736e8cbc-092f-476d-84e4-ece27ab53f32.html\" target=\"_blank\" rel=\"noopener\"><strong>Rai News: <\/strong>Dalla Puglia allo Spazio<\/a><br \/>\n<a href=\"https:\/\/video.sky.it\/news\/cronaca\/video\/spazio-inaugurata-in-puglia-la-space-factory-di-sitael-999114\" target=\"_blank\" rel=\"noopener\"><strong>Sky: <\/strong>Spazio, inaugurata in Puglia la Space Factory di Sitael | Video Sky<\/a><br \/>\n<a href=\"https:\/\/www.teleborsa.it\/News\/2025\/04\/01\/sitael-inaugura-space-factory-4-0-a-mola-di-bari-hub-ultramoderno-e-sostenibile-per-satelliti-101.html\"><strong>Teleborsa: <\/strong>Sitael inaugura Space Factory 4.0: a Mola di Bari hub ultramoderno e sostenibile per satelliti<\/a><br \/>\n<a href=\"https:\/\/ageei.eu\/spazio-sitael-inaugura-la-space-factory-4-0-investimento-da-40-mln-di-euro-e-8-minisatelliti-gia-in-produzione\/\" target=\"_blank\" rel=\"noopener\"><strong>AGEEI: <\/strong>Sitael inaugura la \u201cSpace Factory 4.0\u201d. Investimento da 40 mln di euro e 8 minisatelliti gi\u00e0 in produzione<\/a><br \/>\n<a href=\"https:\/\/www.quotidiano.net\/economia\/ultimaora\/sitael-inaugura-la-space-factory-991dc347\" target=\"_blank\" rel=\"noopener\"><strong>QN: <\/strong>Sitael inaugura la Space Factory 4.0 co-finanziata dall\u2019Agenzia Spaziale Italiana<\/a><br \/>\n<a href=\"https:\/\/bari.corriere.it\/notizie\/economia\/25_aprile_01\/a-mola-di-bari-inaugurata-la-space-factory-la-pugliese-sitael-in-orbita-con-cento-mini-satelliti-aea646a7-79da-4350-ba0f-e29f99ee1xlk.shtml?refresh_ce\" target=\"_blank\" rel=\"noopener\"><strong>Corriere.it: <\/strong>A Mola di Bari inaugurata la \u00abSpace Factory\u00bb: la pugliese Sitael in orbita con cento mini satelliti<\/a><br \/>\n<a href=\"https:\/\/ledicola.it\/bari\/mola-di-bari-lo-spazio-italiano-parla-pugliese-sitael-inaugura-la-factory-4-0-con-il-ministro-urso\/\" target=\"_blank\" rel=\"noopener\"><strong>L\u2019Edicola: <\/strong>Mola di Bari, lo spazio italiano parla pugliese: Sitael inaugura la Factory 4.0 con il ministro Urso<\/a><br \/>\n<a href=\"https:\/\/www.quotidianodipuglia.it\/regione\/sitael_pertosa_cosa_ha_detto-8750333.html?refresh_ce\" target=\"_blank\" rel=\"noopener\"><strong>Quotidiano di Puglia: <\/strong>Sitael, l\u2019ad Pertosa: \u00abRiusciamo anche ad attrarre talenti\u00bb<\/a><br \/>\n<a href=\"https:\/\/www.quotidianodipuglia.it\/bari\/puglia_sitael_satelliti_apertura_inaugurazione-8749958.html?refresh_ce\" target=\"_blank\" rel=\"noopener\"><strong>Quotidiano di Puglia: <\/strong>In Puglia un hub per creare e testare i satelliti: ecco lo space factory di Sitael<\/a><br \/>\n<a href=\"https:\/\/bari.corriere.it\/notizie\/economia\/25_marzo_31\/lo-spazio-italiano-riparte-dalla-puglia-a-mola-di-bari-inaugurato-l-hub-ultramoderno-di-sitael-per-i-satelliti-2bf755bb-a940-4f1c-b12e-655f42834xlk.shtml\" target=\"_blank\" rel=\"noopener\"><strong>Corriere del Mezzogiorno: <\/strong>Lo spazio italiano riparte dalla Puglia: a Mola di Bari inaugurato l\u2019hub ultramoderno di Sitael per i satelliti<\/a><br \/>\n<a href=\"https:\/\/formiche.net\/2025\/03\/nasce-la-space-factory-4-0-cosi-prosegue-il-rilancio-spaziale-del-made-in-italy\/\" target=\"_blank\" rel=\"noopener\"><strong>Formiche.net: <\/strong>Nasce la Space Factory 4.0. Cos\u00ec prosegue il rilancio spaziale del Made in Italy<\/a><br \/>\n<a href=\"https:\/\/www.startmag.it\/spazio-e-difesa\/spazio-cosa-fara-sitael-con-i-fondi-di-asi-pnrr-governo-e-regione-puglia\/\" target=\"_blank\" rel=\"noopener\"><strong>StartMag: <\/strong>Spazio, cosa far\u00e0 Sitael con i fondi di Asi, Pnrr, governo e Regione Puglia<\/a>[\/vc_column_text][divider line_type=&#8221;No Line&#8221; custom_height=&#8221;30&#8243;][vc_column_text]<span style=\"color: #ff0000;\"><strong>January 31<br \/>\n<\/strong><\/span><a href=\"https:\/\/innovationhero.it\/2025\/01\/31\/sitael-vincenzo-stanzione\/\" target=\"_blank\" rel=\"noopener\"><strong>Innovation Hero<\/strong>: Sitael: \u00abI satelliti potranno restare in orbite ultra-basse senza propellente\u00bb<\/a>[\/vc_column_text][divider line_type=&#8221;No Line&#8221; custom_height=&#8221;30&#8243;][vc_column_text]<span style=\"color: #ff0000;\"><strong>January 21<br \/>\n<\/strong><\/span><a href=\"https:\/\/www.esa.int\/Enabling_Support\/Preparing_for_the_Future\/Discovery_and_Preparation\/Towards_low-cost_missions_to_Mars\" target=\"_blank\" rel=\"noopener\"><strong>European Space Agency: <\/strong>SITAEL and Politecnico di Milano: Collaboration for Mars Exploration<\/a>[\/vc_column_text][divider line_type=&#8221;No Line&#8221; custom_height=&#8221;30&#8243;][vc_column_text]<span style=\"color: #ff0000;\"><strong>January 12<br \/>\n<\/strong><\/span><a href=\"https:\/\/www.corriere.it\/economia\/finanza\/25_gennaio_12\/pertosa-non-solo-starlink-una-rete-di-satelliti-italiani-puo-essere-pronta-in-5-anni-79ff27dc-414c-41e0-a6a5-7267aae9dxlk.shtml\" target=\"_blank\" rel=\"noopener\"><strong>Corriere della Sera:<\/strong> Pertosa: \u00abNon solo Starlink: una rete di satelliti italiani pu\u00f2 essere pronta in 5 anni\u00bb<\/a>[\/vc_column_text][divider line_type=&#8221;No Line&#8221; custom_height=&#8221;30&#8243;][vc_column_text]<span style=\"color: #ff0000;\"><strong>January 8<br \/>\n<\/strong><\/span><a href=\"https:\/\/www.economiadellospazio.it\/pertosa-ceo-sitael-al-1-posto-letica\/\" target=\"_blank\" rel=\"noopener\"><strong>Economia dello Spazio Magazine:<\/strong> Pertosa, Ceo Sitael Spa, Imprenditrice dell&#8217;Anno 2024<\/a>[\/vc_column_text][\/toggle][toggle color=&#8221;Default&#8221; heading_tag=&#8221;h3&#8243; heading_tag_functionality=&#8221;default&#8221; title=&#8221;2024&#8243;][vc_column_text]<span style=\"color: #ff0000;\"><strong>November 10<br \/>\n<\/strong><\/span><a href=\"https:\/\/www.quotidiano.net\/video\/pertosa-sitael-manager-deve-scegliere-le-persone-migliori-v1d5w6o9\" target=\"_blank\" rel=\"noopener\"><strong>Quotidiano Nazionale<\/strong>: Pertosa (Sitael) &#8211; &#8220;Manager deve scegliere le persone migliori&#8221;<\/a>[\/vc_column_text][divider line_type=&#8221;No Line&#8221; custom_height=&#8221;20px&#8221;][vc_column_text]<span style=\"color: #ff0000;\"><strong>November 9<br \/>\n<\/strong><\/span><a href=\"https:\/\/bari.repubblica.it\/cronaca\/2024\/11\/09\/news\/aerospazio_made_in_puglia_chiara_pertosa_premio_ey_imprenditore_dell_anno_leader_visionaria-423607590\/\" target=\"_blank\" rel=\"noopener\"><strong>La Repubblica: <\/strong>L\u2019aerospazio made in Puglia di Chiara Pertosa: a lei il premio EY di \u2018Imprenditore dell\u2019anno\u2019. \u201cUna leader visionaria\u201d <\/a>[\/vc_column_text][divider line_type=&#8221;No Line&#8221; custom_height=&#8221;20px&#8221;][vc_column_text]<span style=\"color: #ff0000;\"><strong>November 7<br \/>\n<\/strong><\/span><a href=\"https:\/\/www.ansa.it\/puglia\/notizie\/2024\/11\/07\/premio-innovation-ey-riconoscimento-a-chiara-pertosa_518ba998-49fd-42d7-8bca-dace80d73213.html\" target=\"_blank\" rel=\"noopener\"><strong>ANSA:<\/strong> Premio &#8216;Innovation&#8217; Ey, riconoscimento a Chiara Pertosa<\/a><br \/>\n<a href=\"https:\/\/stream24.ilsole24ore.com\/video\/economia\/pertosa-sitael-manager-deve-scegliere-persone-migliori\/AGmZ2Nz\" target=\"_blank\" rel=\"noopener\"><strong>Il Sole 24 Ore:<\/strong> Pertosa (Sitael): &#8220;Manager deve scegliere le persone migliori&#8221;<\/a><br \/>\n<a href=\"https:\/\/ledicola.it\/bari\/e-pugliese-limprenditore-dellanno-per-ey-il-premio-a-chiara-pertosa-nel-settore-innovation\/\" target=\"_blank\" rel=\"noopener\"><strong>L&#8217;Edicola: <\/strong>\u00c8 pugliese l&#8217;imprenditore dell&#8217;anno per EY: il premio a Chiara Pertosa nel settore &#8220;Innovation&#8221;<\/a>[\/vc_column_text][divider line_type=&#8221;No Line&#8221; custom_height=&#8221;20px&#8221;][vc_column_text]<span style=\"color: #ff0000;\"><strong>October 10<br \/>\n<\/strong><\/span><a href=\"https:\/\/www.raiplay.it\/video\/2024\/10\/Casa-Italia-Made-in-Italy-Space-Economy-Tricolore-del-15-10-2024-2eaadda8-4d6a-4f1e-9357-1f596fe7bfdb.html?wt_mc=2.www.share.raiplay_vid_CasaItalia\" target=\"_blank\" rel=\"noopener\"><strong>Rai Play:<\/strong> Casa Italia &#8211; Made in Italy &#8211; Space Economy Tricolore\u00a0<\/a>[\/vc_column_text][divider line_type=&#8221;No Line&#8221; custom_height=&#8221;20px&#8221;][vc_column_text]<span style=\"color: #ff0000;\"><strong>May 6<br \/>\n<\/strong><\/span><a href=\"https:\/\/www.comitatoleonardo.it\/it\/a-sitael-assegnato-il-premio-leonardo-qualita-italia-gnmi-2024\/\" target=\"_blank\" rel=\"noopener\"><b>Comitato Leonardo: <\/b>A SITAEL assegnato il Premio Leonardo Qualit\u00e0 Italia <\/a>[\/vc_column_text][divider line_type=&#8221;No Line&#8221; custom_height=&#8221;20px&#8221;][vc_column_text]<span style=\"color: #ff0000;\"><strong>April 15<br \/>\n<\/strong><\/span><a href=\"https:\/\/www.ansa.it\/sito\/notizie\/economia\/pmi\/2024\/04\/15\/made-in-italy-a-chiara-pertosa-sitael-premio-qualita-italia_2e4efbee-5e16-4566-b63c-092d128cf07d.html\" target=\"_blank\" rel=\"noopener\"><strong>ANSA: <\/strong>Made in Italy: a Chiara Pertosa (Sitael) premio qualit\u00e0 Italia<\/a><br \/>\n<a href=\"https:\/\/www.linkedin.com\/feed\/update\/urn:li:activity:7185914986932654081\" target=\"_blank\" rel=\"noopener\"><strong>RaiNews 24:<\/strong> Chiara Pertosa &#8211; AD di SITAEL &#8211; riceve il Premio Qualit\u00e0 Italia dal Comitato Leonardo<\/a><br \/>\n<a href=\"https:\/\/www.9colonne.it\/458522\/focus-premi-qualit%C3%A0-italia-sitael\" target=\"_blank\" rel=\"noopener\"><strong>9 Colonne:<\/strong> Premio Qualit\u00e0 Italia &#8211; SITAEL<\/a><br \/>\n<a href=\"https:\/\/finanza.lastampa.it\/News\/2024\/04\/15\/made-in-italy-lad-di-sitael-chiara-pertosa-riceve-il-prestigioso-premio-leonardo\/MTIzXzIwMjQtMDQtMTVfVExC\" target=\"_blank\" rel=\"noopener\"><strong>La Stampa:<\/strong> Made in ItalY: l&#8217;Ad di SITAEL Chiara Pertosa riceve il prestigioso premio Leonardo<\/a><br \/>\n<a href=\"https:\/\/bari.repubblica.it\/cronaca\/2024\/04\/15\/news\/giornata_made_in_italy_alla_pugliese_chiara_pertosa_sitael_premio_qualita_italia-422535873\/\" target=\"_blank\" rel=\"noopener\"><strong>La Repubblica Bari:<\/strong> Giornata del Made in Italy, alla pugliese Chiara Pertosa (Sitael) il Premio Qualit\u00e0 Italia\u00a0<\/a><br \/>\n<a href=\"https:\/\/media.datastampa.it\/media\/20240416\/20240416-TELENORBA-TG_NORBA_0730-081520885m.mp4\" target=\"_blank\" rel=\"noopener\"><strong>TG NORBA:<\/strong> A Chiara Pertosa (Sitael) premio qualit\u00e0 Italia<\/a>[\/vc_column_text][divider line_type=&#8221;No Line&#8221; custom_height=&#8221;20px&#8221;][vc_column_text]<span style=\"color: #ff0000;\"><strong>April 3<br \/>\n<\/strong><\/span><a href=\"https:\/\/www.spaceconomy360.it\/industria-spaziale\/pertosa-italia-in-pole-sui-satelliti-elettrici-ora-investire-in-skill-strategiche\/\" target=\"_blank\" rel=\"noopener\"><strong>SpacEconomy 360:<\/strong> Pertosa: &#8220;Italia in pole sui satelliti elettrici, ora investire in skill strategiche&#8221;<\/a>[\/vc_column_text][divider line_type=&#8221;No Line&#8221; custom_height=&#8221;20px&#8221;][vc_column_text]<span style=\"color: #ff0000;\"><strong>March 21<br \/>\n<\/strong><\/span><a href=\"https:\/\/www.linkedin.com\/feed\/update\/urn:li:activity:7176506362611273728\" target=\"_blank\" rel=\"noopener\"><strong>TG NORBA:<\/strong> Marco Molina, Managing Director di SITAEL, presenta le tecnologie spaziali di SITAEL a supporto di Sanit\u00e0 e Sostenibilit\u00e0 Ambientale<\/a>[\/vc_column_text][divider line_type=&#8221;No Line&#8221; custom_height=&#8221;20px&#8221;][vc_column_text]<span style=\"color: #ff0000;\"><strong>March 17<br \/>\n<\/strong><\/span><a href=\"https:\/\/www.ansa.it\/canale_scienza\/notizie\/spazio_astronomia\/2024\/03\/17\/operativo-il-primo-satellite-italiano-completamente-elettrico-_4cb1c21f-c503-4f0a-ab43-ce97e8617e29.html\" target=\"_blank\" rel=\"noopener\"><strong>ANSA:<\/strong> Operativo il primo satellite italiano completamente elettrico <\/a>[\/vc_column_text][divider line_type=&#8221;No Line&#8221; custom_height=&#8221;20px&#8221;][vc_column_text]<span style=\"color: #ff0000;\"><strong>March 15<br \/>\n<\/strong><\/span><a href=\"https:\/\/www.iltirreno.it\/toscana\/2024\/03\/15\/news\/la-novita-propulsione-elettrica-per-microsatelliti-il-futuro-e-qui-1.100490815\" target=\"_blank\" rel=\"noopener\"><strong>Il Tirreno: <\/strong>La space economy toscana: della Sitael i primi propulsori elettrici per satelliti. I possibili impieghi\u00a0<\/a>[\/vc_column_text][divider line_type=&#8221;No Line&#8221; custom_height=&#8221;20px&#8221;][vc_column_text]<span style=\"color: #ff0000;\"><strong>March 11<br \/>\n<\/strong><\/span><a href=\"https:\/\/www.spaceconomy360.it\/telecomunicazioni-satellitari\/microhetsat-in-orbita-il-satellite-elettrico-prodotto-da-sitael\/\" target=\"_blank\" rel=\"noopener\"><strong>SpacEconomy 360: <\/strong>MicroHetSat, in orbita il satellite elettrico prodotto da Sitael\u00a0<\/a>[\/vc_column_text][divider line_type=&#8221;No Line&#8221; custom_height=&#8221;20px&#8221;][vc_column_text]<span style=\"color: #ff0000;\"><strong>March 7<br \/>\n<\/strong><\/span><a href=\"https:\/\/spacenews.com\/italy-in-space-setting-new-records-for-electric-propulsion-in-routine-operations\/\" target=\"_blank\" rel=\"noopener\"><strong>SpaceNews: <\/strong>Italy in Space: Setting New Records for Electric Propulsion in Routine Operations<\/a>[\/vc_column_text][divider line_type=&#8221;No Line&#8221; custom_height=&#8221;20px&#8221;][vc_column_text]<span style=\"color: #ff0000;\"><strong>March 5<br \/>\n<\/strong><\/span><a href=\"https:\/\/bari.repubblica.it\/cronaca\/2024\/03\/05\/news\/pertosa_aerospazio_satellite_elettrico_made_in_italy_europa-422256978\/\" target=\"_blank\" rel=\"noopener\"><strong>La Repubblica:<\/strong> Chiara Pertosa, la signora dell\u2019aerospazio: &#8220;Cos\u00ec abbiamo lanciato il primo satellite elettrico made in Italy. Ora l\u2019Europa \u00e8 pi\u00f9 forte\u201d <\/a>[\/vc_column_text][divider line_type=&#8221;No Line&#8221; custom_height=&#8221;20px&#8221;][vc_column_text]<span style=\"color: #ff0000;\"><strong>March 2<br \/>\n<\/strong><\/span><a href=\"https:\/\/www.ilfoglio.it\/economia\/2024\/03\/02\/news\/vito-pertosa-ci-dice-perche-stabilizzare-l-italia-con-le-riforme-e-una-priorita--6282418\/\" target=\"_blank\" rel=\"noopener\"><strong>Il Foglio:<\/strong> Vito Pertosa ci dice perch\u00e9 stabilizzare l&#8217;Italia con le riforme \u00e8 una priorit\u00e0\u00a0<\/a>[\/vc_column_text][divider line_type=&#8221;No Line&#8221; custom_height=&#8221;20px&#8221;][vc_column_text]<span style=\"color: #ff0000;\"><strong>February 25<br \/>\n<\/strong><\/span><a href=\"https:\/\/mediasetinfinity.mediaset.it\/video\/tg5\/il-satellite-elettrico-e-tutto-made-in-italy_F312970801223C05\" target=\"_blank\" rel=\"noopener\"><strong>TG5<\/strong>: Il satellite elettrico \u00e8 tutto Made in Italy\u00a0<\/a>[\/vc_column_text][divider line_type=&#8221;No Line&#8221; custom_height=&#8221;20px&#8221;][vc_column_text]<span style=\"color: #ff0000;\"><strong>January 22<br \/>\n<\/strong><\/span><a href=\"https:\/\/www.ilrestodelcarlino.it\/forli\/economia\/primo-satellite-made-in-italy-5050f012\" target=\"_blank\" rel=\"noopener\"><strong>Il Resto del Carlino: <\/strong>Ecco il primo satellite made in Italy: &#8220;Forl\u00ec \u00e8 una piccola Houston. Potenziale di crescita infinito&#8221;<\/a>[\/vc_column_text][divider line_type=&#8221;No Line&#8221; custom_height=&#8221;20px&#8221;][vc_column_text]<span style=\"color: #ff0000;\"><strong>January 17<br \/>\n<\/strong><\/span><a href=\"https:\/\/www.ansa.it\/puglia\/notizie\/2024\/01\/17\/e-in-orbita-microhetsat-satellite-elettrico-prodotto-da-sitael_a23f5ed5-5a77-45b5-b230-13be815e946c.html\" target=\"_blank\" rel=\"noopener\"><strong>ANSA: <\/strong>E&#8217; in orbita MicroHETSat, satellite elettrico prodotto da Sitael<\/a><br \/>\n<a href=\"https:\/\/video.corriere.it\/cronaca\/spazio-orbita-primo-satellite-elettrico-100percento-made-italy-sitael\/255c5380-b55f-11ee-858a-d8f793385dfb\" target=\"_blank\" rel=\"noopener\"><strong>CORRIERE TV<\/strong>: Spazio, in orbita primo satellite elettrico e 100% Made in Italy di Sitael<\/a><br \/>\n<a href=\"https:\/\/stream24.ilsole24ore.com\/video\/italia\/spazio-orbita-primo-satellite-elettrico-e-100percento-made-italy-sitael\/AFGORSNC\" target=\"_blank\" rel=\"noopener\"><strong>Il Sole 24 Ore<\/strong>: Spazio, in orbita primo satellite elettrico e 100% made in Italy di Sitael<\/a><br \/>\n<a href=\"https:\/\/www.rainews.it\/tgr\/puglia\/articoli\/2024\/01\/spazio-e-in-orbita-il-primo-satellite-100-elettrico-prodotto-a-mola-di-bari-50eff937-4442-47e3-8696-3db732a76430.html\" target=\"_blank\" rel=\"noopener\"><strong>Rai News:<\/strong> Spazio, \u00e8 in orbita il primo satellite 100% elettrico prodotto a Mola di Bari<\/a><br \/>\n<a href=\"https:\/\/ledicoladelsud.it\/puglia\/bari\/e-in-orbita-il-microhetsat-satellite-elettrico-100-made-in-italy-prodotto-dalla-sitael-di-mola-di-bari\/\" target=\"_blank\" rel=\"noopener\"><strong>Edicola del Sud:<\/strong> &#8220;\u00c8 in orbita il MicroHETSat: satellite elettrico 100% made in Italy prodotto dalla Sitael di Mola di Bari&#8221;<\/a><br \/>\n<a href=\"https:\/\/bari.repubblica.it\/cronaca\/2024\/01\/18\/news\/spazio_in_orbita_il_primo_satellite_100_elettrico_prodotto_in_italia_successo_tecnologico_made_in_bari-421907575\/\" target=\"_blank\" rel=\"noopener\"><strong>La Repubblica:<\/strong> Spazio, in orbita il primo satellite 100% elettrico prodotto in Italia: \u201cSuccesso tecnologico made in Bari\u201d<\/a><br \/>\n<a href=\"https:\/\/www.lagazzettadelmezzogiorno.it\/news\/bari\/1467438\/e-in-orbita-microhetsat-satellite-elettrico-prodotto-da-sitael-a-mola.html\" target=\"_blank\" rel=\"noopener\"><strong>Gazzetta del Mezzogiorno<\/strong>: \u00c8 in orbita MicroHETSat, satellite elettrico prodotto da Sitael a Mola<\/a><br \/>\n<a href=\"https:\/\/finanza.lastampa.it\/News\/2024\/01\/17\/microhetsat-e-in-orbita-il-primo-satellite-elettrico-prodotto-da-sitael\/MTc3XzIwMjQtMDEtMTdfVExC\" target=\"_blank\" rel=\"noopener\"><strong>La Stampa:<\/strong> MicroHETSat, \u00e8 in orbita il primo satellite elettrico prodotto da Sitael<\/a><br \/>\n<a href=\"https:\/\/www.adnkronos.com\/economia\/spazio-in-orbita-microhetsat-e-il-primo-satellite-elettrico-tutto-made-in-italy_4xdYZuJXvOjMAkzQHfdm7X\" target=\"_blank\" rel=\"noopener\"><strong>ADNKRONOS: <\/strong>Spazio, in orbita MicroHETSat: \u00e8 il primo satellite elettrico tutto Made in Italy<\/a>[\/vc_column_text][\/toggle][toggle color=&#8221;Default&#8221; heading_tag=&#8221;h3&#8243; heading_tag_functionality=&#8221;default&#8221; title=&#8221;2023&#8243;][vc_column_text]<span style=\"color: #ff0000;\"><strong>September 12<br \/>\n<\/strong><\/span><a href=\"https:\/\/www.linkedin.com\/feed\/update\/urn:li:activity:7107259220147773444\" target=\"_blank\" rel=\"noopener\"><strong>Class CNBC:<\/strong> SITAEL &#8211; Il tech spaziale Made in Italy<\/a>[\/vc_column_text][divider line_type=&#8221;No Line&#8221; custom_height=&#8221;20px&#8221;][vc_column_text]<span style=\"color: #ff0000;\"><strong>August 28<br \/>\n<\/strong><\/span><a href=\"https:\/\/www.industriaitaliana.it\/astropreneurs-aerospazio-italiano-manifattura-bain\/\" target=\"_blank\" rel=\"noopener\"><strong>Industria italiana:\u00a0<\/strong>Il futuro della space economy italiana? Ce lo svela Bain! Tra sostenibilit\u00e0, AI e\u2026<\/a>[\/vc_column_text][divider line_type=&#8221;No Line&#8221; custom_height=&#8221;20px&#8221;][vc_column_text]<span style=\"color: #ff0000;\"><strong>August 9<br \/>\n<\/strong><\/span><a href=\"https:\/\/www.ilsole24ore.com\/radiocor\/nRC_09.08.2023_15.14_453\" target=\"_blank\" rel=\"noopener\"><strong>Il Sole 24 ORE: <\/strong>Spazio: Asi, firmati tutti i contratti per realizzare Space Factory 4.0 -2-<\/a><br \/>\n<a href=\"https:\/\/www.ilsole24ore.com\/radiocor\/nRC_09.08.2023_15.14_452?refresh_ce=1\" target=\"_blank\" rel=\"noopener\"><strong>Il Sole 24 ORE: <\/strong>Spazio: Asi, firmati tutti i contratti per realizzare Space Factory 4.0 <\/a><br \/>\n<a href=\"https:\/\/askanews.it\/2023\/08\/09\/spazio-asi-ha-firmato-tutti-i-contratti-per-la-space-factory-4-0\/\" target=\"_blank\" rel=\"noopener\"><strong>Askanews:<\/strong> Spazio, ASI ha firmato tutti i contratti per la Space Factory 4.0\u00a0<\/a><br \/>\n<a href=\"https:\/\/abruzzoweb.it\/platino-asi-al-tecnopolo-dellaquila-piombini-elettronica-realizza-complesso-sistema-del-satellite\/\" target=\"_blank\" rel=\"noopener\"><strong>AbruzzoWeb: <\/strong>PLATiNO-ASI: al tecnopolo dell&#8217;Aquila &#8211; Piombini Elettronica realizza complesso sistema del satellite<\/a>[\/vc_column_text][divider line_type=&#8221;No Line&#8221; custom_height=&#8221;20px&#8221;][vc_column_text]<span style=\"color: #ff0000;\"><strong>August 8<br \/>\n<\/strong><\/span><strong><a href=\"https:\/\/www.lastampa.it\/cronaca\/2023\/08\/07\/news\/siatel_assunzioni_aerospazio_puglia-12985833\/\" target=\"_blank\" rel=\"noopener\">La Stampa:<\/a> <\/strong><a href=\"https:\/\/www.lastampa.it\/cronaca\/2023\/08\/07\/news\/siatel_assunzioni_aerospazio_puglia-12985833\/\" target=\"_blank\" rel=\"noopener\">Dalla Puglia allo spazio: assunzioni e nuovi progetti di Sitael<\/a><br \/>\n<a href=\"https:\/\/www.ilsecoloxix.it\/italia\/2023\/08\/07\/news\/siatel_assunzioni_aerospazio_puglia-12985833\/\" target=\"_blank\" rel=\"noopener\"><strong>Il Secolo XIX:<\/strong> Nuovi progetti e assunzioni: ecco l\u2019ultima realt\u00e0 dell\u2019aerospazio italiano<\/a>[\/vc_column_text][divider line_type=&#8221;No Line&#8221; custom_height=&#8221;20px&#8221;][vc_column_text]<span style=\"color: #ff0000;\"><strong>June 30<br \/>\n<\/strong><\/span><a href=\"https:\/\/vimeo.com\/841225762\/9dd578b237?share=copy\" target=\"_blank\" rel=\"noopener\"><strong>TGR Liguria: <\/strong>Intervista a Ing. Marco Molina, Managing Director Sales and Products di SITAEL<\/a>[\/vc_column_text][divider line_type=&#8221;No Line&#8221; custom_height=&#8221;20px&#8221;][vc_column_text]<span style=\"color: #ff0000;\"><strong>June 27<br \/>\n<\/strong><\/span><a href=\"https:\/\/www.spacequip.eu\/2023\/06\/27\/compact-electric-thruster-cleared-for-space-firing\/\" target=\"_blank\" rel=\"noopener\"><strong>SpaceQuip Journal: <\/strong>Compact electric thruster cleared for space firing<\/a>[\/vc_column_text][divider line_type=&#8221;No Line&#8221; custom_height=&#8221;20px&#8221;][vc_column_text]<span style=\"color: #ff0000;\"><strong>May 22<br \/>\n<\/strong><\/span><a href=\"https:\/\/www.corriere.it\/pianeta2030\/23_maggio_22\/clima-dissesto-pianificazione-crescita-costellazione-satelliti-scrutera-campi-ponti-fiumi-b0ddd3c0-f7fa-11ed-9764-fa66af6d37cf.shtml\" target=\"_blank\" rel=\"noopener\"><strong>Corriere della Sera: <\/strong>Clima e dissesto, pianificazione, crescita: una costellazione di satelliti scruter\u00e0 campi, ponti e fiumi<\/a>[\/vc_column_text][divider line_type=&#8221;No Line&#8221; custom_height=&#8221;20px&#8221;][vc_column_text]<span style=\"color: #ff0000;\"><strong>April 28<br \/>\n<\/strong><\/span><a href=\"https:\/\/spacenews.com\/italys-post-pandemic-space-industry-boost\/\" target=\"_blank\" rel=\"noopener\"><strong>Space News: <\/strong>Italy\u2019s post-pandemic space industry boost<\/a>[\/vc_column_text][divider line_type=&#8221;No Line&#8221; custom_height=&#8221;20px&#8221;][vc_column_text]<span style=\"color: #ff0000;\"><strong>April 17<br \/>\n<\/strong><\/span><a href=\"https:\/\/www.ilrestodelcarlino.it\/forli\/cronaca\/sbarca-lazienda-top-dei-satelliti-9b14b5cd\" target=\"_blank\" rel=\"noopener\"><strong>Il Resto del Carlino: <\/strong>Sbarca l\u2019azienda top dei satelliti<\/a>[\/vc_column_text][divider line_type=&#8221;No Line&#8221; custom_height=&#8221;20px&#8221;][vc_column_text]<span style=\"color: #ff0000;\"><strong>April 17<br \/>\n<\/strong><\/span><a href=\"https:\/\/www.forlitoday.it\/economia\/nuova-sede-sitael-forli.html\" target=\"_blank\" rel=\"noopener\"><strong>Forl\u00ecToday:<\/strong> Attiva nel mercato dei satelliti, l&#8217;azienda ha una nuova sede: &#8220;Prospettive per i giovani ingegneri aerospaziali&#8221;<\/a>[\/vc_column_text][divider line_type=&#8221;No Line&#8221; custom_height=&#8221;20px&#8221;][vc_column_text]<span style=\"color: #ff0000;\"><strong>April 13<br \/>\n<\/strong><\/span><a href=\"https:\/\/www.ansa.it\/canale_scienza_tecnica\/notizie\/spazio_astronomia\/2023\/04\/13\/nasce-iride-la-costellazione-dei-satelliti-on-demand-per-tutelare-la-terra-_1d09aa5d-992d-45c9-a5ee-12d93bd1dd22.html\" target=\"_blank\" rel=\"noopener\"><strong>Ansa: <\/strong>Nasce Iride, la costellazione dei satelliti on demand per tutelare la Terra<\/a><br \/>\n<a href=\"https:\/\/www.astrospace.it\/2023\/04\/13\/iride-ecco-la-squadra-di-eccellenze-made-in-italy-che-costruira-la-costellazione-di-costellazioni\/\" target=\"_blank\" rel=\"noopener\"><strong>AstroSpace: <\/strong>IRIDE &#8211; ecco la squadra di eccellenze Made in Italy che costruir\u00e0 la \u201ccostellazione di costellazioni\u201d\u00a0<\/a><br \/>\n<a href=\"https:\/\/formiche.net\/2023\/04\/contratti-costellazione-satellitare-iride\/\" target=\"_blank\" rel=\"noopener\"><strong>Formiche: <\/strong>La costellazione satellitare Iride prende vita. Assegnati i contratti<\/a><br \/>\n<a href=\"https:\/\/www.spaceconomy360.it\/infrastrutture-spaziali\/iride-sitael-si-aggiudica-contratto-per-4-satelliti-platino\/\" target=\"_blank\" rel=\"noopener\"><strong>SpacEconomy 360: <\/strong>Iride, Sitael si aggiudica contratto per 4 satelliti Platino<\/a>[\/vc_column_text][divider line_type=&#8221;No Line&#8221; custom_height=&#8221;20px&#8221;][vc_column_text]<span style=\"color: #ff0000;\"><strong>April 12<br \/>\n<\/strong><\/span><a href=\"https:\/\/www.satelliteevolution.com\/post\/sitael-signs-contact-with-esa-will-make-hyperspectral-satellite-of-iris-constellation\" target=\"_blank\" rel=\"noopener\"><strong>Satellite Evolution: <\/strong>Sitael signs contact with ESA: Will make hyperspectral satellite of Iris Constellation<\/a><br \/>\n<a href=\"https:\/\/www.wired.it\/article\/iride-costellazione-satellitare-asi-esa-sistema-dettagli\/\" target=\"_blank\" rel=\"noopener\"><strong>Wired: <\/strong>Iride &#8211; un all star team italiano per il programma pi\u00f9 ambizioso del nostro spazio<\/a><br \/>\n<a href=\"https:\/\/www.avionews.it\/it\/item\/1250667-sitael-firma-contratto-con-agenzia-spaziale-europea-esa.html\" target=\"_blank\" rel=\"noopener\"><strong>AvioNews: <\/strong>Sitael firma contratto con agenzia spaziale europea Esa<\/a><br \/>\n<a href=\"https:\/\/www.teleborsa.it\/News\/2023\/04\/12\/sitael-sigla-contratto-con-esa-per-forniura-satelliti-platino-iperspettrali-65.html#.ZDaxkbrP2Ul\" target=\"_blank\" rel=\"noopener\"><strong>TeleBorsa: <\/strong>Sitael sigla contratto con ESA per forniura satelliti PLATiNO iperspettrali<\/a><br \/>\n<a href=\"https:\/\/actualidadaeroespacial.com\/la-esa-concede-a-sitael-el-contrato-para-fabricar-los-satelites-de-la-constelacion-iride\/\" target=\"_blank\" rel=\"noopener\"><strong>Actualidad Aeroespacial:<\/strong> La ESA concede a Sitael el contrato para fabricar los sat\u00e9lites de la constelaci\u00f3n Iride<\/a>[\/vc_column_text][divider line_type=&#8221;No Line&#8221; custom_height=&#8221;20px&#8221;][vc_column_text]<span style=\"color: #ff0000;\"><strong>April 11<br \/>\n<\/strong><\/span><a href=\"https:\/\/www.repubblica.it\/economia\/2023\/04\/10\/news\/dal_pnrr_allo_spazio_i_satelliti_nati_in_puglia_apriranno_gli_occhi_sullinquinamento-395680394\/\" target=\"_blank\" rel=\"noopener\"><strong>La Repubblica: <\/strong>Dal PNRR allo spazio i satelliti nati in Puglia apriranno gli occhi sull&#8217;inquinamento<\/a><br \/>\n<a href=\"https:\/\/www.cavalieridellavoro.it\/dal-pnrr-allo-spazio-i-satelliti-nati-in-puglia-apriranno-gli-occhi-sullinquinamento\/\" target=\"_blank\" rel=\"noopener\"><strong>Cavalieri del Lavoro<\/strong>: Dal PNRR allo spazio i satelliti nati in Puglia apriranno gli occhi sull&#8217;inquinamento<\/a><br \/>\n<a href=\"https:\/\/www.lasvolta.it\/7186\/linquinamento-ora-si-osserva-da-satelliti-di-platino\" target=\"_blank\" rel=\"noopener\"><strong>La Svolta: <\/strong>L\u2019inquinamento ora si osserva da satelliti di Platino<\/a>[\/vc_column_text][divider line_type=&#8221;No Line&#8221; custom_height=&#8221;20px&#8221;][vc_column_text]<span style=\"color: #ff0000;\"><strong>March 2<br \/>\n<\/strong><\/span><a href=\"https:\/\/www.linkedin.com\/posts\/sitael-spa_sitael-platino-gruppoangel-activity-7037069981481623552-LwDp?utm_source=share&amp;utm_medium=member_desktop\" target=\"_blank\" rel=\"noopener\"><strong>RAI: <\/strong>SITAEL ai microfoni del TG1<\/a><br \/>\n<a href=\"https:\/\/www.tecnelab.it\/approfondimenti\/storie\/sitael-e-asi-insieme-per-i-satelliti-quantistici\" target=\"_blank\" rel=\"noopener\"><strong>TECNELAB:<\/strong> SITAEL e ASI: insieme per i satelliti quantistici (tecnelab.it)<\/a>[\/vc_column_text][divider line_type=&#8221;No Line&#8221; custom_height=&#8221;20px&#8221;][vc_column_text]<span style=\"color: #ff0000;\"><strong>January 23<br \/>\n<\/strong><\/span><a href=\"https:\/\/www.ilgazzettino.it\/nordest\/treviso\/mermec_morgano_aerospaziale_assunzioni_andrea_pozzebon-7186125.html\" target=\"_blank\" rel=\"noopener\"><strong>Il Gazzettino: <\/strong>Il gruppo MERMEC punta sull&#8217;aerospaziale<\/a>[\/vc_column_text][\/toggle][toggle color=&#8221;Default&#8221; heading_tag=&#8221;h3&#8243; heading_tag_functionality=&#8221;default&#8221; title=&#8221;2022&#8243;][vc_column_text]<span style=\"color: #ff0000;\"><strong>November 28<br \/>\n<\/strong><\/span><a href=\"http:\/\/bancadati.datavideo.it\/media\/20221128\/20221128-RETE_4-QUARTA_REPUBBLICA_2135-012554922m.mp4\" target=\"_blank\" rel=\"noopener\"><strong>Quarta Repubblica: <\/strong>Vito Pertosa, l&#8217;uomo dello spazio<\/a>[\/vc_column_text][divider line_type=&#8221;No Line&#8221; custom_height=&#8221;20px&#8221;][vc_column_text]<span style=\"color: #ff0000;\"><strong>November 21<br \/>\n<\/strong><\/span><a href=\"https:\/\/www.repubblica.it\/tecnologia\/2022\/11\/21\/news\/una_piattaforma_tutta_italiana_per_la_rete_satellitare_eagle1-375444646\/\" target=\"_blank\" rel=\"noopener\"><strong>La Repubblica:<\/strong> Una piattaforma tutta italiana per la rete satellitare Eagle-1<\/a>[\/vc_column_text][divider line_type=&#8221;No Line&#8221; custom_height=&#8221;20px&#8221;][vc_column_text]<span style=\"color: #ff0000;\"><strong>November 18<br \/>\n<\/strong><\/span><a href=\"https:\/\/www.ilsole24ore.com\/art\/sitael-realizzera-piattaforma-satellitare-platino-il-sistema-quantistico-eagle-1-AEu6LAIC\" target=\"_blank\" rel=\"noopener\"><strong>Il Sole 24 Ore: <\/strong>SITAEL realizzer\u00e0 la piattaforma satellitare Platino per il sistema quantistico Eagle-1<\/a><br \/>\n<a href=\"https:\/\/www.spaceconomy360.it\/telecomunicazioni-satellitari\/comunicazioni-quantistiche-satellitari-ses-sceglie-litaliana-sitael\/\" target=\"_blank\" rel=\"noopener\"><strong>SpacEconomy 360:<\/strong> Comunicazioni quantistiche satellitari: Ses sceglie l\u2019italiana SITAEL<\/a>[\/vc_column_text][divider line_type=&#8221;No Line&#8221; custom_height=&#8221;20px&#8221;][vc_column_text]<span style=\"color: #ff0000;\"><strong>November 17<br \/>\n<\/strong><\/span><a href=\"https:\/\/www.ilsole24ore.com\/radiocor\/nRC_17.11.2022_16.43_488\" target=\"_blank\" rel=\"noopener\"><strong>Il Sole 24 Ore: <\/strong>SITAEL firma contratto con Ses per piattaforma PLATiNO -2-<\/a><br \/>\n<a href=\"https:\/\/www.ilsole24ore.com\/radiocor\/nRC_17.11.2022_16.41_487\" target=\"_blank\" rel=\"noopener\"><strong>Il Sole 24 Ore:<\/strong> SITAEL: contratto con Ses per fornitura piattaforma satellitare Platino<\/a><br \/>\n<a href=\"https:\/\/www.ilmessaggero.it\/economia\/news\/spazio_made_in_italy_l_italiana_sitael_sigla_accordo_con_la_big_ses-7058930.html\" target=\"_blank\" rel=\"noopener\"><strong>Il Messaggero:<\/strong> Spazio Made in Italy &#8211; l&#8217;italiana SITAEL sigla accordo con la big SES<\/a><br \/>\n<a href=\"https:\/\/finanza.repubblica.it\/News\/2022\/11\/17\/spazio_made_in_italy_litaliana_sitael_sigla_accordo_con_la_big_ses-139\/\" target=\"_blank\" rel=\"noopener\"><strong>La Repubblica:<\/strong> Spazio Made in Italy: l&#8217;italiana SITAEL sigla accordo con la big SES<\/a>[\/vc_column_text][divider line_type=&#8221;No Line&#8221; custom_height=&#8221;20px&#8221;][vc_column_text]<span style=\"color: #ff0000;\"><strong>October 15<br \/>\n<\/strong><\/span><a href=\"https:\/\/www.youtube.com\/watch?v=DtGW-l82pnA&amp;t=1178s\" target=\"_blank\" rel=\"noopener\"><strong>Galileo Festival 2022:<\/strong> Intervista a Chiara Pertosa<\/a>[\/vc_column_text][divider line_type=&#8221;No Line&#8221; custom_height=&#8221;20px&#8221;][vc_column_text]<span style=\"color: #ff0000;\"><strong>October 7<br \/>\n<\/strong><\/span><a href=\"http:\/\/bancadati.datavideo.it\/media\/20221007\/20221007-RAI_3-TGR_PRIX_ITALIA_1520-160625082m.mp4\" target=\"_blank\" rel=\"noopener\"><strong>RAI 3 TGR PRIX ITALIA: <\/strong>Intervista a Chiara Pertosa<strong><br \/>\n<\/strong><\/a>[\/vc_column_text][divider line_type=&#8221;No Line&#8221; custom_height=&#8221;20px&#8221;][vc_column_text]<span style=\"color: #ff0000;\"><strong>September 23<br \/>\n<\/strong><\/span><a href=\"https:\/\/spacenews.com\/ses-considering-quantum-cryptography-satellite-system\/\" target=\"_blank\" rel=\"noopener\"><strong>Space News: <\/strong>SES considering quantum cryptography satellite system<strong><br \/>\n<\/strong><\/a>[\/vc_column_text][divider line_type=&#8221;No Line&#8221; custom_height=&#8221;20px&#8221;][vc_column_text]<span style=\"color: #ff0000;\"><strong>September 5<br \/>\n<\/strong><\/span><a href=\"https:\/\/torino.repubblica.it\/cronaca\/2022\/09\/05\/news\/sitael_punta_su_torino_laerospazio_qui_viaggia_a_ritmi_sostenuti-364283058\/\" target=\"_blank\" rel=\"noopener\"><strong>La Repubblica Torino:<\/strong> \u201cSITAEL punta su Torino, l\u2019aerospazio qui viaggia a ritmi sostenuti\u201d<\/a>[\/vc_column_text][divider line_type=&#8221;No Line&#8221; custom_height=&#8221;20px&#8221;][vc_column_text]<span style=\"color: #ff0000;\"><strong>August 29<br \/>\n<\/strong><\/span><a href=\"https:\/\/www.quotidiano.net\/economia\/impreseitaliane\/nuovi-satelliti-made-in-italy-parte-la-sfida-spaziale-targata-sitael-1.8023759\" target=\"_blank\" rel=\"noopener\"><strong>Quotidiano Nazionale: <\/strong>Nuovi satelliti made in Italy &#8211; parte la sfida spaziale targata SITAEL<strong><br \/>\n<\/strong><\/a>[\/vc_column_text][divider line_type=&#8221;No Line&#8221; custom_height=&#8221;20px&#8221;][vc_column_text]<span style=\"color: #ff0000;\"><strong>June 27<br \/>\n<\/strong><\/span><a href=\"https:\/\/www.spaceconomy360.it\/competenze-e-lavoro\/il-distretto-aerospaziale-della-puglia-apre-le-porte-alliila\/#:~:text=La%20Puglia%20ha%20aperto%20le,ed%20importanti%20del%20panorama%20italiano.\" target=\"_blank\" rel=\"noopener\"><strong>SpacEconomy 360: <\/strong>Il distretto aerospaziale della Puglia apre le porte all\u2019Iila<\/a>[\/vc_column_text][divider line_type=&#8221;No Line&#8221; custom_height=&#8221;20px&#8221;][vc_column_text]<span style=\"color: #ff0000;\"><strong>June 26<br \/>\n<\/strong><\/span><a href=\"https:\/\/www.affaritaliani.it\/puglia\/l-aerospazio-latino-americano-caraibico-in-vistita-a-sitael-802959.html\" target=\"_blank\" rel=\"noopener\"><strong>Affari Italiani: <\/strong>L&#8217;aerospazio latino-americano e caraibico in visita a SITAEL<\/a>[\/vc_column_text][divider line_type=&#8221;No Line&#8221; custom_height=&#8221;20px&#8221;][vc_column_text]<span style=\"color: #ff0000;\"><strong>June 24<br \/>\n<\/strong><\/span><a href=\"https:\/\/www.lagazzettadelmezzogiorno.it\/news\/bari\/1347785\/da-mola-alla-conquista-dello-spazio-nel-2023-in-orbita-i-satelliti-del-futuro.html\" target=\"_blank\" rel=\"noopener\"><strong>La Gazzetta del Mezzogiorno:<\/strong> Da Mola alla conquista dello spazio nel 2023: in orbita i satelliti del futuro<\/a>[\/vc_column_text][divider line_type=&#8221;No Line&#8221; custom_height=&#8221;20px&#8221;][vc_column_text]<span style=\"color: #ff0000;\"><strong>June 22<br \/>\n<\/strong><\/span><a href=\"https:\/\/www.ilsole24ore.com\/art\/presto-orbita-satelliti-platino-dell-asi-realizzati-sitael-monitorare-terra-AEKpfahB\" target=\"_blank\" rel=\"noopener\"><strong>Il Sole 24 Ore: <\/strong>Presto in orbita i satelliti Platino dell\u2019Asi realizzati da SITAEL per monitorare la Terra<\/a>[\/vc_column_text][divider line_type=&#8221;No Line&#8221; custom_height=&#8221;20px&#8221;][vc_column_text]<span style=\"color: #ff0000;\"><strong>June 15<br \/>\n<\/strong><\/span><a href=\"https:\/\/www.ilsole24ore.com\/art\/in-puglia-distretto-che-vale-15-miliardi-AECoQseB\" target=\"_blank\" rel=\"noopener\"><strong>Il Sole 24 Ore: <\/strong>In Puglia un distretto che vale 1,5 miliardi<\/a>[\/vc_column_text][divider line_type=&#8221;No Line&#8221; custom_height=&#8221;20px&#8221;][vc_column_text]<span style=\"color: #ff0000;\"><strong>May 18<br \/>\n<\/strong><\/span><a href=\"https:\/\/www.ilsole24ore.com\/art\/piemonte-l-export-supera-miliardo-euro-AE33m2YB\" target=\"_blank\" rel=\"noopener\"><strong>Il Sole 24 Ore:<\/strong> Piemonte, l\u2019export supera il miliardo di euro<\/a>[\/vc_column_text][divider line_type=&#8221;No Line&#8221; custom_height=&#8221;20px&#8221;][vc_column_text]<span style=\"color: #ff0000;\"><strong>February 23<br \/>\n<\/strong><\/span><a href=\"http:\/\/www.parabolicarc.com\/2022\/02\/23\/second-generation-prisma-earth-observation-system-gets-underway\/\" target=\"_blank\" rel=\"noopener\"><strong>Parabolic Arc:<\/strong> Second-generation PRISMA Earth Observation System Gets Underway<\/a>[\/vc_column_text][divider line_type=&#8221;No Line&#8221; custom_height=&#8221;20px&#8221;][vc_column_text]<span style=\"color: #ff0000;\"><strong>February 22<br \/>\n<\/strong><\/span><a href=\"https:\/\/www.avionews.it\/item\/1242460-sitael-nel-consorzio-prisma-2g.html\" target=\"_blank\" rel=\"noopener\"><strong>Avionews: <\/strong>SITAEL nel consorzio Prisma 2G<\/a>[\/vc_column_text][divider line_type=&#8221;No Line&#8221; custom_height=&#8221;20px&#8221;][vc_column_text]<span style=\"color: #ff0000;\"><strong>February 21<br \/>\n<\/strong><\/span><a href=\"https:\/\/www.askanews.it\/economia\/2022\/02\/21\/spazio-sitael-in-rti-per-studio-fattibilit%c3%a0-osservazione-terra-psg-pn_20220221_00206\/\" target=\"_blank\" rel=\"noopener\"><strong>Askanews: <\/strong>Spazio, SITAEL in Rti per studio fattibilit\u00e0 osservazione Terra PSG<\/a>[\/vc_column_text][divider line_type=&#8221;No Line&#8221; custom_height=&#8221;20px&#8221;][vc_column_text]<span style=\"color: #ff0000;\"><strong>February 12<br \/>\n<\/strong><\/span><a href=\"https:\/\/vimeo.com\/manage\/videos\/794835740\/44c1bc8b76\" target=\"_blank\" rel=\"noopener\"><strong>TGR Officina Italia:<\/strong> Gruppo ANGEL<\/a>[\/vc_column_text][\/toggle][\/toggles][\/vc_column][\/vc_row]\n","protected":false},"excerpt":{"rendered":"<p>[vc_row type=&#8221;full_width_background&#8221; full_screen_row_position=&#8221;middle&#8221; column_margin=&#8221;default&#8221; column_direction=&#8221;default&#8221; column_direction_tablet=&#8221;default&#8221; column_direction_phone=&#8221;default&#8221; video_bg=&#8221;use_video&#8221; video_mp4=&#8221;https:\/\/www.angelcompany.com\/wp-content\/uploads\/2020\/07\/SPACE.mp4&#8243; background_video_loading=&#8221;default&#8221; scene_position=&#8221;center&#8221; top_padding=&#8221;12%&#8221; bottom_padding=&#8221;8%&#8221; text_color=&#8221;light&#8221; text_align=&#8221;left&#8221; row_border_radius=&#8221;none&#8221; row_border_radius_applies=&#8221;bg&#8221; overflow=&#8221;visible&#8221; enable_gradient=&#8221;true&#8221; color_overlay=&#8221;#263336&#8243; overlay_strength=&#8221;0.95&#8243; gradient_direction=&#8221;left_to_right&#8221; shape_divider_position=&#8221;bottom&#8221; bg_image_animation=&#8221;none&#8221; parallax_bg=&#8221;true&#8221; parallax_bg_speed=&#8221;fixed&#8221; shape_type=&#8221;&#8221;][vc_column column_padding=&#8221;no-extra-padding&#8221; column_padding_tablet=&#8221;inherit&#8221; column_padding_phone=&#8221;inherit&#8221;&#8230;<\/p>\n","protected":false},"author":2,"featured_media":0,"parent":0,"menu_order":0,"comment_status":"closed","ping_status":"closed","template":"","meta":{"inline_featured_image":false,"footnotes":""},"class_list":["post-7926","page","type-page","status-publish"],"aioseo_notices":[],"_links":{"self":[{"href":"https:\/\/www.angelcompany.com\/wp-json\/wp\/v2\/pages\/7926","targetHints":{"allow":["GET"]}}],"collection":[{"href":"https:\/\/www.angelcompany.com\/wp-json\/wp\/v2\/pages"}],"about":[{"href":"https:\/\/www.angelcompany.com\/wp-json\/wp\/v2\/types\/page"}],"author":[{"embeddable":true,"href":"https:\/\/www.angelcompany.com\/wp-json\/wp\/v2\/users\/2"}],"replies":[{"embeddable":true,"href":"https:\/\/www.angelcompany.com\/wp-json\/wp\/v2\/comments?post=7926"}],"version-history":[{"count":97,"href":"https:\/\/www.angelcompany.com\/wp-json\/wp\/v2\/pages\/7926\/revisions"}],"predecessor-version":[{"id":10209,"href":"https:\/\/www.angelcompany.com\/wp-json\/wp\/v2\/pages\/7926\/revisions\/10209"}],"wp:attachment":[{"href":"https:\/\/www.angelcompany.com\/wp-json\/wp\/v2\/media?parent=7926"}],"curies":[{"name":"wp","href":"https:\/\/api.w.org\/{rel}","templated":true}]}}