{"id":7913,"date":"2022-06-28T09:17:57","date_gmt":"2022-06-28T09:17:57","guid":{"rendered":"https:\/\/www.angelcompany.com\/?page_id=7913"},"modified":"2025-10-07T12:54:35","modified_gmt":"2025-10-07T12:54:35","slug":"web-press-railway","status":"publish","type":"page","link":"https:\/\/www.angelcompany.com\/web-press-railway\/","title":{"rendered":"Web press: Railway and more"},"content":{"rendered":"[vc_row type=&#8221;full_width_background&#8221; full_screen_row_position=&#8221;middle&#8221; column_margin=&#8221;default&#8221; column_direction=&#8221;default&#8221; column_direction_tablet=&#8221;default&#8221; column_direction_phone=&#8221;default&#8221; video_bg=&#8221;use_video&#8221; video_mp4=&#8221;https:\/\/www.angelcompany.com\/wp-content\/uploads\/2020\/07\/RAILWAYS.mp4&#8243; background_video_loading=&#8221;default&#8221; scene_position=&#8221;center&#8221; top_padding=&#8221;12%&#8221; bottom_padding=&#8221;8%&#8221; text_color=&#8221;light&#8221; text_align=&#8221;left&#8221; row_border_radius=&#8221;none&#8221; row_border_radius_applies=&#8221;bg&#8221; overflow=&#8221;visible&#8221; enable_gradient=&#8221;true&#8221; color_overlay=&#8221;#263336&#8243; overlay_strength=&#8221;0.95&#8243; gradient_direction=&#8221;left_to_right&#8221; shape_divider_position=&#8221;bottom&#8221; bg_image_animation=&#8221;none&#8221; parallax_bg=&#8221;true&#8221; parallax_bg_speed=&#8221;fixed&#8221; shape_type=&#8221;&#8221;][vc_column column_padding=&#8221;no-extra-padding&#8221; column_padding_tablet=&#8221;inherit&#8221; column_padding_phone=&#8221;inherit&#8221; column_padding_position=&#8221;all&#8221; column_element_direction_desktop=&#8221;default&#8221; column_element_spacing=&#8221;default&#8221; desktop_text_alignment=&#8221;default&#8221; tablet_text_alignment=&#8221;default&#8221; phone_text_alignment=&#8221;default&#8221; background_color_opacity=&#8221;1&#8243; background_hover_color_opacity=&#8221;1&#8243; column_backdrop_filter=&#8221;none&#8221; column_shadow=&#8221;none&#8221; column_border_radius=&#8221;none&#8221; column_link_target=&#8221;_self&#8221; column_position=&#8221;default&#8221; gradient_direction=&#8221;left_to_right&#8221; overlay_strength=&#8221;0.3&#8243; width=&#8221;1\/2&#8243; tablet_width_inherit=&#8221;default&#8221; animation_type=&#8221;default&#8221; bg_image_animation=&#8221;none&#8221; border_type=&#8221;simple&#8221; column_border_width=&#8221;none&#8221; column_border_style=&#8221;solid&#8221;][vc_column_text]\n<h2>Web Press: Railway and more<\/h2>\n[\/vc_column_text][\/vc_column][vc_column column_padding=&#8221;no-extra-padding&#8221; column_padding_tablet=&#8221;inherit&#8221; column_padding_phone=&#8221;inherit&#8221; column_padding_position=&#8221;all&#8221; column_element_direction_desktop=&#8221;default&#8221; column_element_spacing=&#8221;default&#8221; desktop_text_alignment=&#8221;default&#8221; tablet_text_alignment=&#8221;default&#8221; phone_text_alignment=&#8221;default&#8221; background_color_opacity=&#8221;1&#8243; background_hover_color_opacity=&#8221;1&#8243; column_backdrop_filter=&#8221;none&#8221; column_shadow=&#8221;none&#8221; column_border_radius=&#8221;none&#8221; column_link_target=&#8221;_self&#8221; column_position=&#8221;default&#8221; gradient_direction=&#8221;left_to_right&#8221; overlay_strength=&#8221;0.3&#8243; width=&#8221;1\/2&#8243; tablet_width_inherit=&#8221;default&#8221; animation_type=&#8221;default&#8221; bg_image_animation=&#8221;none&#8221; border_type=&#8221;simple&#8221; column_border_width=&#8221;none&#8221; column_border_style=&#8221;solid&#8221;][\/vc_column][\/vc_row][vc_row type=&#8221;in_container&#8221; full_screen_row_position=&#8221;middle&#8221; column_margin=&#8221;default&#8221; column_direction=&#8221;default&#8221; column_direction_tablet=&#8221;default&#8221; column_direction_phone=&#8221;default&#8221; scene_position=&#8221;center&#8221; text_color=&#8221;dark&#8221; text_align=&#8221;left&#8221; row_border_radius=&#8221;none&#8221; row_border_radius_applies=&#8221;bg&#8221; overflow=&#8221;visible&#8221; overlay_strength=&#8221;0.3&#8243; gradient_direction=&#8221;left_to_right&#8221; shape_divider_position=&#8221;bottom&#8221; bg_image_animation=&#8221;none&#8221;][vc_column column_padding=&#8221;no-extra-padding&#8221; column_padding_tablet=&#8221;inherit&#8221; column_padding_phone=&#8221;inherit&#8221; column_padding_position=&#8221;all&#8221; column_element_direction_desktop=&#8221;default&#8221; column_element_spacing=&#8221;default&#8221; desktop_text_alignment=&#8221;default&#8221; tablet_text_alignment=&#8221;default&#8221; phone_text_alignment=&#8221;default&#8221; background_color_opacity=&#8221;1&#8243; background_hover_color_opacity=&#8221;1&#8243; column_backdrop_filter=&#8221;none&#8221; column_shadow=&#8221;none&#8221; column_border_radius=&#8221;none&#8221; column_link_target=&#8221;_self&#8221; column_position=&#8221;default&#8221; gradient_direction=&#8221;left_to_right&#8221; overlay_strength=&#8221;0.3&#8243; width=&#8221;1\/1&#8243; tablet_width_inherit=&#8221;default&#8221; animation_type=&#8221;default&#8221; bg_image_animation=&#8221;none&#8221; border_type=&#8221;simple&#8221; column_border_width=&#8221;none&#8221; column_border_style=&#8221;solid&#8221;][divider line_type=&#8221;No Line&#8221; custom_height=&#8221;30&#8243;][\/vc_column][\/vc_row][vc_row type=&#8221;in_container&#8221; full_screen_row_position=&#8221;middle&#8221; column_margin=&#8221;default&#8221; column_direction=&#8221;default&#8221; column_direction_tablet=&#8221;default&#8221; column_direction_phone=&#8221;default&#8221; scene_position=&#8221;center&#8221; text_color=&#8221;dark&#8221; text_align=&#8221;left&#8221; row_border_radius=&#8221;none&#8221; row_border_radius_applies=&#8221;bg&#8221; overflow=&#8221;visible&#8221; overlay_strength=&#8221;0.3&#8243; gradient_direction=&#8221;left_to_right&#8221; shape_divider_position=&#8221;bottom&#8221; bg_image_animation=&#8221;none&#8221;][vc_column column_padding=&#8221;no-extra-padding&#8221; column_padding_tablet=&#8221;inherit&#8221; column_padding_phone=&#8221;inherit&#8221; column_padding_position=&#8221;all&#8221; column_element_direction_desktop=&#8221;default&#8221; column_element_spacing=&#8221;default&#8221; desktop_text_alignment=&#8221;default&#8221; tablet_text_alignment=&#8221;default&#8221; phone_text_alignment=&#8221;default&#8221; background_color_opacity=&#8221;1&#8243; background_hover_color_opacity=&#8221;1&#8243; column_backdrop_filter=&#8221;none&#8221; column_shadow=&#8221;none&#8221; column_border_radius=&#8221;none&#8221; column_link_target=&#8221;_self&#8221; column_position=&#8221;default&#8221; gradient_direction=&#8221;left_to_right&#8221; overlay_strength=&#8221;0.3&#8243; width=&#8221;1\/1&#8243; tablet_width_inherit=&#8221;default&#8221; animation_type=&#8221;default&#8221; bg_image_animation=&#8221;none&#8221; border_type=&#8221;simple&#8221; column_border_width=&#8221;none&#8221; column_border_style=&#8221;solid&#8221;][toggles style=&#8221;minimal_small&#8221; accordion=&#8221;true&#8221; accordion_starting_functionality=&#8221;default&#8221;][toggle color=&#8221;Default&#8221; heading_tag=&#8221;h3&#8243; heading_tag_functionality=&#8221;default&#8221; title=&#8221;2025&#8243;][vc_column_text]<span style=\"color: #ff0000;\"><strong>October 3<br \/>\n<\/strong><strong><a href=\"https:\/\/en.ilsole24ore.com\/art\/mermec-and-ethiad-rail-partnership-developing-rail-services-AH6DfpxC\" target=\"_blank\" rel=\"noopener\">Il Sole 24 ORE<\/a><a href=\"https:\/\/en.ilsole24ore.com\/art\/mermec-and-ethiad-rail-partnership-developing-rail-services-AH6DfpxC\">: <\/a><\/strong><a href=\"https:\/\/en.ilsole24ore.com\/art\/mermec-and-ethiad-rail-partnership-developing-rail-services-AH6DfpxC\">M<\/a><a href=\"https:\/\/en.ilsole24ore.com\/art\/mermec-and-ethiad-rail-partnership-developing-rail-services-AH6DfpxC\" target=\"_blank\" rel=\"noopener\">ermec and Etihad Rail in partnership to develop rail services<\/a><strong><br \/>\n<a href=\"https:\/\/www.ilsole24ore.com\/art\/mermec-e-ethiad-rail-partnership-lo-sviluppo-servizi-ferroviari-AH6DfpxC\" target=\"_blank\" rel=\"noopener\">Il Sole 24 ORE: <\/a><\/strong><a href=\"https:\/\/www.ilsole24ore.com\/art\/mermec-e-ethiad-rail-partnership-lo-sviluppo-servizi-ferroviari-AH6DfpxC\" target=\"_blank\" rel=\"noopener\">Mermec e Etihad Rail in partnership per lo sviluppo dei servizi ferroviari<\/a><strong><br \/>\n<\/strong><a href=\"https:\/\/www.railwaygazette.com\/passenger\/keolis-and-etihad-rail-form-joint-venture-to-operate-uae-passenger-train-services\/69700.article\"><strong>Railway Gazette International<\/strong><\/a><a href=\"https:\/\/www.railwaygazette.com\/passenger\/keolis-and-etihad-rail-form-joint-venture-to-operate-uae-passenger-train-services\/69700.article\" target=\"_blank\" rel=\"noopener\"><strong>:<\/strong> MERMEC &amp; Etihad Rail sign a MoU<\/a><strong><br \/>\n<a href=\"https:\/\/www.onearabia.me\/business\/global-rail-2025-concludes-with-major-agreements-signed-011-124457.html\" target=\"_blank\" rel=\"noopener\">OneArabia: <\/a><\/strong><a href=\"https:\/\/www.onearabia.me\/business\/global-rail-2025-concludes-with-major-agreements-signed-011-124457.html\" target=\"_blank\" rel=\"noopener\">Global Rail 2025 Concludes With Major Agreements And Partnerships\u00a0<\/a><\/span>[\/vc_column_text][divider line_type=&#8221;No Line&#8221; custom_height=&#8221;30&#8243;][vc_column_text]<span style=\"color: #ff0000;\"><strong>September 30<br \/>\n<\/strong><a href=\"https:\/\/www.ferpress.it\/expo-ferroviaria-al-via-la-12a-edizione\/\" target=\"_blank\" rel=\"noopener\"><strong>FerPress: <\/strong>Al via la 12esima edizione di ExpoFerroviaria<\/a><br \/>\n<strong><a href=\"https:\/\/www.firstonline.info\/al-via-expo-ferroviaria-ecco-il-nuovo-treno-regionale-che-arriva-fino-ai-200-km-orari\/amp\/\">FIRSTonline: <\/a><\/strong><a href=\"https:\/\/www.firstonline.info\/al-via-expo-ferroviaria-ecco-il-nuovo-treno-regionale-che-arriva-fino-ai-200-km-orari\/amp\/\">Al via Expo Ferroviaria<\/a><strong><br \/>\n<\/strong><\/span>[\/vc_column_text][divider line_type=&#8221;No Line&#8221; custom_height=&#8221;30&#8243;][vc_column_text]<span style=\"color: #ff0000;\"><strong>September 16<br \/>\n<\/strong><a href=\"https:\/\/www.linkedin.com\/feed\/update\/urn:li:activity:7373616207758888961\" target=\"_blank\" rel=\"noopener\"><strong>Il Secolo XIX: <\/strong>Intervista a Giuseppe Gaudiello, AD di MERMEC STE: &#8220;Al lavoro per la metropolitana europea&#8221;<\/a><strong><br \/>\n<\/strong><\/span>[\/vc_column_text][divider line_type=&#8221;No Line&#8221; custom_height=&#8221;30&#8243;][vc_column_text]<span style=\"color: #ff0000;\"><strong>September 11<br \/>\n<\/strong><\/span><a href=\"https:\/\/www.ilsole24ore.com\/art\/mermec-continueremo-crescita-l-attuale-controllo-AHKTjfZC\" target=\"_blank\" rel=\"noopener\"><strong>Il Sole 24 ORE<\/strong>:\u00a0Mermec: \u00abContinueremo la crescita con l\u2019attuale controllo\u00bb<\/a><br \/>\n<a href=\"https:\/\/en.ilsole24ore.com\/art\/mermec-will-continue-to-grow-the-current-control-AHKTjfZC\" target=\"_blank\" rel=\"noopener\"><strong>Il Sole 24 ORE<\/strong>:\u00a0Mermec: \u2018We will continue growth with the current control\u2019<\/a><br \/>\n<a href=\"https:\/\/finanza.repubblica.it\/News\/2025\/09\/11\/mermec_delcuratolo_societa_resta_aperta_a_ingresso_nuovi_soci_ma_nostra_posizione_non_e_cambiata-107\/\" target=\"_blank\" rel=\"noopener\"><strong>La Repubblica:\u00a0<\/strong>Mermec, Delcuratolo: societ\u00e0 resta aperta a ingresso nuovi soci ma nostra posizione non \u00e8 cambiata<\/a><br \/>\n<a href=\"https:\/\/www.ferrovie.it\/portale\/articoli\/16968\" target=\"_blank\" rel=\"noopener\"><strong>Ferrovie.it<\/strong>:\u00a0Mer Mec: confermata la crescita con l\u2019attuale controllo, apertura a nuovi soci<\/a><br \/>\n<a href=\"https:\/\/www.ferrovie.info\/treni-reali\/ferrovie-mermec-continuera-per-i-prossimi-anni-a-lavorare-ed-espandersi-allestero-con-lattuale-controllo.html\" target=\"_blank\" rel=\"noopener\"><strong>Ferrovie.info<\/strong>: MerMec continuer\u00e0 per i prossimi anni a lavorare ed espandersi all\u2019estero con l\u2019attuale<\/a>[\/vc_column_text][divider line_type=&#8221;No Line&#8221; custom_height=&#8221;30&#8243;][vc_column_text]<span style=\"color: #ff0000;\"><strong>August 28<br \/>\n<\/strong><a href=\"https:\/\/www.ansa.it\/expo_2025_osaka\/notizie\/2025\/08\/28\/investing-in-basilicata-lincontro-al-padiglione-italia-di-expo_4b55c080-77d9-4729-904b-d05ae7656439.html\" target=\"_blank\" rel=\"noopener\"><strong>ANSA:<\/strong> Investing in Basilicata, l&#8217;incontro al Padiglione Italia di Expo<\/a><strong><br \/>\n<a href=\"https:\/\/www.corrieredelleconomia.it\/2025\/08\/28\/investing-in-basilicata-la-regione-si-presenta-agli-investitori-a-osaka\/\" target=\"_blank\" rel=\"noopener\">Corriere dell&#8217;Economia: <\/a><\/strong><a href=\"https:\/\/www.corrieredelleconomia.it\/2025\/08\/28\/investing-in-basilicata-la-regione-si-presenta-agli-investitori-a-osaka\/\" target=\"_blank\" rel=\"noopener\">Investing in Basilicata: la Regione si presenta agli investitori a Osaka<\/a><strong><br \/>\n<\/strong><\/span>[\/vc_column_text][divider line_type=&#8221;No Line&#8221; custom_height=&#8221;30&#8243;][vc_column_text]<span style=\"color: #ff0000;\"><strong>August 6<br \/>\n<\/strong><strong><a href=\"https:\/\/www.railtarget.cz\/technologies-and-infrastructure\/italy-ukraine-strategic-rail-partnership-urc-2025-10983.html\" target=\"_blank\" rel=\"noopener\">RailTarget: <\/a><\/strong><a href=\"https:\/\/www.railtarget.cz\/technologies-and-infrastructure\/italy-ukraine-strategic-rail-partnership-urc-2025-10983.html\" target=\"_blank\" rel=\"noopener\">From Rome to Kyiv: MERMEC and Impulse Team Up to Align Ukrainian Rail with Europe<\/a><strong><br \/>\n<\/strong><\/span>[\/vc_column_text][divider line_type=&#8221;No Line&#8221; custom_height=&#8221;30&#8243;][vc_column_text]<span style=\"color: #ff0000;\"><strong>July 11<br \/>\n<\/strong><strong><a href=\"https:\/\/www.startmag.it\/economia\/conferenza-ripresa-ucraina-accordi-italia\/\" target=\"_blank\" rel=\"noopener\">StartMag: <\/a><\/strong><a href=\"https:\/\/www.startmag.it\/economia\/conferenza-ripresa-ucraina-accordi-italia\/\" target=\"_blank\" rel=\"noopener\">L\u2019accordo Tra Mermec E Impulse Sulla Sicurezza Ferroviaria<\/a><strong><br \/>\n<a href=\"https:\/\/www.ferrovie.info\/treni-reali\/ferrovie-piu-cooperazione-tra-italia-e-ucraina-per-la-ricostruzione.html\" target=\"_blank\" rel=\"noopener\">Ferrovie.Info: <\/a><\/strong><a href=\"https:\/\/www.ferrovie.info\/treni-reali\/ferrovie-piu-cooperazione-tra-italia-e-ucraina-per-la-ricostruzione.html\" target=\"_blank\" rel=\"noopener\">Pi\u00f9 cooperazione tra Italia e Ucraina per la ricostruzione<\/a><strong><br \/>\n<a href=\"https:\/\/www.lok-report.de\/news\/europa\/item\/59882-italien-ukraine-kooperation-zur-entwicklung-von-eisenbahn-sicherheitstechnologien-und-nachhaltiger-mobilitaet.html\" target=\"_blank\" rel=\"noopener\">LOK Report : <\/a><\/strong><a href=\"https:\/\/www.lok-report.de\/news\/europa\/item\/59882-italien-ukraine-kooperation-zur-entwicklung-von-eisenbahn-sicherheitstechnologien-und-nachhaltiger-mobilitaet.html\" target=\"_blank\" rel=\"noopener\">Italien\/Ukraine: Kooperation zur Entwicklung von Eisenbahn-Sicherheitstechnologien und nachhaltiger Mobilit\u00e4t<\/a><strong><br \/>\n<\/strong><\/span>[\/vc_column_text][divider line_type=&#8221;No Line&#8221; custom_height=&#8221;30&#8243;][vc_column_text]<span style=\"color: #ff0000;\"><strong>July 10<br \/>\n<\/strong><strong><a href=\"https:\/\/www.ferrovie.it\/portale\/articoli\/16709\" target=\"_blank\" rel=\"noopener\">Ferrovie.it: <\/a><\/strong><a href=\"https:\/\/www.ferrovie.it\/portale\/articoli\/16709\" target=\"_blank\" rel=\"noopener\">Italia e Ucraina insieme per sicurezza ferroviaria e mobilit\u00e0 sostenibile<\/a><br \/>\n<a href=\"https:\/\/www.milanofinanza.it\/news\/conferenza-per-l-ucraina-nasce-il-fondo-equity-europeo-per-la-ricostruzione-202507101312326820\" target=\"_blank\" rel=\"noopener\"><strong>MilanoFinanza News:<\/strong> Conferenza per l\u2019Ucraina, nasce il fondo equity europeo per la ricostruzione<\/a><br \/>\n<a href=\"https:\/\/finanza.repubblica.it\/News\/2025\/07\/10\/rafforzata_cooperazione_italia_ucraina_per_ricostruzione_sviluppo_tecnologie_per_sicurezza_ferroviaria_e_mobilita_sostenibile-153\/\" target=\"_blank\" rel=\"noopener\"><strong>Repubblica.it:<\/strong> Rafforzata cooperazione Italia-Ucraina per ricostruzione: sviluppo tecnologie per sicurezza ferroviaria e mobilit\u00e0 sostenibile<\/a><br \/>\n<a href=\"https:\/\/www.teleborsa.it\/News\/2025\/07\/10\/rafforzata-cooperazione-italia-ucraina-per-ricostruzione-sviluppo-tecnologie-per-sicurezza-ferroviaria-e-mobilita-sostenibile-153.html\" target=\"_blank\" rel=\"noopener\"><strong>TeleBorsa:<\/strong> Rafforzata cooperazione Italia-Ucraina per ricostruzione: sviluppo tecnologie per sicurezza ferroviaria e mobilit\u00e0 sostenibile<\/a><br \/>\n<a href=\"https:\/\/www.ferpress.it\/cooperazione-italia-ucraina-firmato-accordo-per-sviluppo-tecnologie-per-sicurezza-ferroviaria-e-mobilita-sostenibile\/\" target=\"_blank\" rel=\"noopener\"><strong>FerPress:<\/strong> Cooperazione Italia-Ucraina: firmato accordo per sviluppo tecnologie per sicurezza ferroviaria e mobilit\u00e0 sostenibile<\/a><\/span><\/p>\n<p><strong><a href=\"https:\/\/www.baritoday.it\/formazione\/cuccovillo-mermec-accordo-formazione-tecnici-ferroviari.html\" target=\"_blank\" rel=\"noopener\">BariToday: <\/a><\/strong><a href=\"https:\/\/www.baritoday.it\/formazione\/cuccovillo-mermec-accordo-formazione-tecnici-ferroviari.html\" target=\"_blank\" rel=\"noopener\">Its Cuccovillo e Mermec Ferrosud firmano accordo per la formazione<\/a><br \/>\n<a href=\"https:\/\/www.telebari.it\/attualita\/216787-accordo-its-cuccovillo-e-mermec-un-corso-per-formare-supertecnici-in-tecnologie-ferroviarie-video.html\" target=\"_blank\" rel=\"noopener\"><strong>TeleBari:<\/strong> Accordo ITS Cuccovillo e Mermec, corso per formare &#8220;supertecnici&#8221;<\/a><br \/>\n<a href=\"https:\/\/www.trnews.it\/2025\/07\/09\/un-corso-per-supertecnici-delle-tecnologie-ferroviarie-lanciato-da-its-cuccovillo-e-mermec-ferrosud\/\" target=\"_blank\" rel=\"noopener\"><strong>TeleRama:<\/strong> Un corso per supertecnici delle tecnologie ferroviarie, lanciato da ITS Cuccovillo e Mermec-Ferrosud<\/a><br \/>\n<span style=\"color: #ff0000;\"><strong><a href=\"https:\/\/www.altamuralife.it\/notizie\/formazione-lavorativa-per-tecnici-di-tecnologia-ferroviaria-innovativa\/\" target=\"_blank\" rel=\"noopener\">AltamuraLife: <\/a><\/strong><a href=\"https:\/\/www.altamuralife.it\/notizie\/formazione-lavorativa-per-tecnici-di-tecnologia-ferroviaria-innovativa\/\" target=\"_blank\" rel=\"noopener\">Formazione lavorativa per tecnici di tecnologia ferroviaria innovativa<\/a><\/span>[\/vc_column_text][divider line_type=&#8221;No Line&#8221; custom_height=&#8221;30&#8243;][vc_column_text]<span style=\"color: #ff0000;\"><strong>May 29<br \/>\n<\/strong><strong><a href=\"https:\/\/theinvestor.vn\/vietnams-telco-giant-viettel-signs-deal-with-frances-john-cockerill-defense-d15829.html\" target=\"_blank\" rel=\"noopener\">The Investor: <\/a><\/strong><a href=\"https:\/\/theinvestor.vn\/vietnams-telco-giant-viettel-signs-deal-with-frances-john-cockerill-defense-d15829.html\">MERMEC GROUP for Railway Education and Training in Vietnam<\/a><br \/>\n<\/span>[\/vc_column_text][divider line_type=&#8221;No Line&#8221; custom_height=&#8221;30&#8243;][vc_column_text]<span style=\"color: #ff0000;\"><strong>May 27<br \/>\n<\/strong><a href=\"https:\/\/geagency.it\/breaking-news\/trasporti-pertosa-mermec-commessa-da-400-mln-in-marocco-nostro-hub-in-africa\/\" target=\"_blank\" rel=\"noopener\"><strong>Geagency:<\/strong> Trasporti, Pertosa (Mermec): Commessa da 400 mln in Marocco, nostro hub in Africa<\/a><br \/>\n<\/span>[\/vc_column_text][divider line_type=&#8221;No Line&#8221; custom_height=&#8221;30&#8243;][vc_column_text]<span style=\"color: #ff0000;\"><strong>April 15<br \/>\n<\/strong><\/span><strong><a href=\"https:\/\/bari.repubblica.it\/cronaca\/2025\/04\/15\/news\/vito_pertosa_premio_perugino_2025_futuro_ndustria_dipende_coraggio_innovare-424130050\/\" target=\"_blank\" rel=\"noopener\">La Repubblica: <\/a><\/strong><a href=\"https:\/\/bari.repubblica.it\/cronaca\/2025\/04\/15\/news\/vito_pertosa_premio_perugino_2025_futuro_ndustria_dipende_coraggio_innovare-424130050\/\" target=\"_blank\" rel=\"noopener\">A Vito Pertosa il premio Perugino 2025: \u201cIl futuro dell\u2019industria dipende dal coraggio di innovare\u201d<\/a><br \/>\n<a href=\"https:\/\/www.linkedin.com\/posts\/mermec_paese-ilperugino-activity-7318262368382214145-d6-x?utm_source=share&amp;utm_medium=member_desktop&amp;rcm=ACoAADAZcsgB8mjstVoo6n5qF2l2HtD6B_LIRUI\" target=\"_blank\" rel=\"noopener\"><strong>TGR Puglia: <\/strong>Al Presidente di MERMEC e Angel Holding, Cav. Vito Pertosa, \u00e8 stato conferito il premio &#8220;Il Perugino: Artista e Imprenditore&#8221; 2025<\/a><br \/>\n<a href=\"https:\/\/www.rainews.it\/tgr\/umbria\/video\/2025\/04\/tgr-umbria-web-porfiri-premio-il-perugino-1200-logomp4-dc03359f-e7c3-442a-9a33-8eabaee69ab6.html\" target=\"_blank\" rel=\"noopener\"><strong>TGR Umbria:<\/strong> A Vito Pertosa &#8220;Il Perugino&#8221; 2025<\/a><br \/>\n<a href=\"https:\/\/www.umbriacronaca.it\/2025\/04\/16\/allimprenditore-vito-pertosa-il-premio-il-perugino-2025\/\" target=\"_blank\" rel=\"noopener\"><strong>Umbria Cronaca:<\/strong> All&#8217;imprenditore Vito Pertosa il \u00a0premio &#8220;Il Perugino&#8221; 2025<br \/>\n<\/a><strong><a href=\"https:\/\/norbaonline.it\/2025\/04\/16\/a-vito-pertosa-il-premio-perugino\/\" target=\"_blank\" rel=\"noopener\">Norba Online<\/a><\/strong><a href=\"https:\/\/norbaonline.it\/2025\/04\/16\/a-vito-pertosa-il-premio-perugino\/\"><strong>:<\/strong> A Vito Pertosa il premio Perugino<\/a>[\/vc_column_text][divider line_type=&#8221;No Line&#8221; custom_height=&#8221;30&#8243;][vc_column_text]<span style=\"color: #ff0000;\"><strong>March 14<br \/>\n<a href=\"https:\/\/www.ilgiornaleditalia.it\/video\/mondo-imprese\/690339\/il-giornale-d-italia-intervista-giuseppe-gaudiello-ad-mermec.html\" target=\"_blank\" rel=\"noopener\">Il Giornale d&#8217;Italia<\/a><a href=\"https:\/\/www.ilgiornaleditalia.it\/video\/mondo-imprese\/690339\/il-giornale-d-italia-intervista-giuseppe-gaudiello-ad-mermec.html\">: <\/a><\/strong><a href=\"https:\/\/www.ilgiornaleditalia.it\/video\/mondo-imprese\/690339\/il-giornale-d-italia-intervista-giuseppe-gaudiello-ad-mermec.html\" target=\"_blank\" rel=\"noopener\">Gaudiello (Mermec Ste): &#8220;Ai indispensabile per gestione di enormi serie di dati ai fini delle politiche manutentive e predittive dei guasti&#8221;<\/a><br \/>\n<a title=\"Il Sole 24 Ore: AI, Gaudiello (Mermec): &quot;Intelligenza artificiale di grande aiuto per la sicurezza ferroviaria&quot;\" href=\"https:\/\/stream24.ilsole24ore.com\/video\/economia\/ai-gaudiello-mermec-intelligenza-artificiale-grande-aiuto-la-sicurezza-ferroviaria\/AGt0mBXD\" target=\"_blank\" rel=\"noopener\"><strong>Il Sole 24 Ore: <\/strong><\/a><a href=\"https:\/\/stream24.ilsole24ore.com\/video\/economia\/ai-gaudiello-mermec-intelligenza-artificiale-grande-aiuto-la-sicurezza-ferroviaria\/AGt0mBXD\" target=\"_blank\" rel=\"noopener\">AI, Gaudiello (Mermec): &#8220;Intelligenza artificiale di grande aiuto per la sicurezza ferroviaria&#8221;<\/a><br \/>\n<a href=\"https:\/\/www.lapresse.it\/economia\/2025\/03\/14\/ai-gaudiello-mermec-intelligenza-artificiale-di-grande-aiuto-per-la-sicurezza-ferroviaria\/\" target=\"_blank\" rel=\"noopener\"><strong>LaPresse:<\/strong> AI, Gaudiello (Mermec): &#8220;Intelligenza artificiale di grande aiuto per la sicurezza ferroviaria&#8221;\u00a0<\/a><br \/>\n<\/span>[\/vc_column_text][divider line_type=&#8221;No Line&#8221; custom_height=&#8221;30&#8243;][vc_column_text]<span style=\"color: #ff0000;\"><strong>February 15<br \/>\n<a href=\"https:\/\/www.quotidianodipuglia.it\/attualita\/ferrovia_maxi_commessa_germania_1_miliardo_societa_mola_bari_puglia_mermec_sicurezza_vito_pertosa_cosa_sappiamo-8659441.html?utm_source=whatsapp&amp;utm_medium=web&amp;utm_campaign=whatsapp_share\" target=\"_blank\" rel=\"noopener\">Quotidiano di Puglia: <\/a><\/strong><a href=\"https:\/\/www.quotidianodipuglia.it\/attualita\/ferrovia_maxi_commessa_germania_1_miliardo_societa_mola_bari_puglia_mermec_sicurezza_vito_pertosa_cosa_sappiamo-8659441.html?utm_source=whatsapp&amp;utm_medium=web&amp;utm_campaign=whatsapp_share\" target=\"_blank\" rel=\"noopener\">Ferrovie, dalla Germania commessa da oltre 1 miliardo di euro per la societ\u00e0 pugliese. Pertosa: \u00abGrande orgoglio\u00bb<\/a><strong><br \/>\n<a href=\"https:\/\/www.lagazzettadelmezzogiorno.it\/news\/matera\/1654396\/a-matera-il-secondo-treno-diagnostico-di-rfi.html\" target=\"_blank\" rel=\"noopener\">La Gazzetta del Mezzogiorno: <\/a><\/strong><a href=\"https:\/\/www.lagazzettadelmezzogiorno.it\/news\/matera\/1654396\/a-matera-il-secondo-treno-diagnostico-di-rfi.html\" target=\"_blank\" rel=\"noopener\">A Matera il secondo treno diagnostico di Rfi<\/a><br \/>\n<a href=\"https:\/\/www.ferrovie.it\/portale\/articoli\/16143\" target=\"_blank\" rel=\"noopener\"><strong>Ferrovie.it:<\/strong> In viaggio verso la Mermec il BTR.813.102 di RFI<\/a><br \/>\n<\/span>[\/vc_column_text][divider line_type=&#8221;No Line&#8221; custom_height=&#8221;30&#8243;][vc_column_text]<span style=\"color: #ff0000;\"><strong>February 12<br \/>\n<\/strong><\/span><strong><a href=\"https:\/\/www.railwaygazette.com\/infrastructure\/db-secures-digital-signalling-capabilities-with-long-term-framework-contracts\/68305.article\" target=\"_blank\" rel=\"noopener\">Railway Gazette International: <\/a><\/strong><a href=\"https:\/\/www.railwaygazette.com\/infrastructure\/db-secures-digital-signalling-capabilities-with-long-term-framework-contracts\/68305.article\" target=\"_blank\" rel=\"noopener\">DB secures digital signalling capabilities with long-term framework contracts<\/a><br \/>\n<a href=\"https:\/\/www.railway.supply\/en\/db-signed-a-e6-3-billion-contract-for-modernizing-train-control-systems\/\" target=\"_blank\" rel=\"noopener\"><strong>Railway Supply:<\/strong> DB Invests \u20ac6.3 Billion in Train Control Digitalization<br \/>\n<\/a><a href=\"https:\/\/www.railtech.be\/fr\/infrastructure\/2025\/02\/12\/changement-de-paradigme-pour-lindustrie-ferroviaire-la-db-signe-un-contrat-de-numerisation-de-63-milliards-deuros\/?gdpr=accept\" target=\"_blank\" rel=\"noopener\"><strong>RailTech.be:<\/strong> Changement de paradigme \u00bb pour l\u2019industrie ferroviaire : La DB signe un contrat de num\u00e9risation de 6,3 milliards d\u2019euros<\/a>[\/vc_column_text][divider line_type=&#8221;No Line&#8221; custom_height=&#8221;30&#8243;][vc_column_text]<span style=\"color: #ff0000;\"><strong>February 11<br \/>\n<\/strong><\/span><strong><a href=\"https:\/\/www.handelsblatt.com\/unternehmen\/dienstleister\/infrastruktur-bahn-vergibt-auftraege-zur-digitalisierung-von-ueber-sechs-milliarden-euro\/100107201.html\" target=\"_blank\" rel=\"noopener\">Handelsblatt: <\/a><\/strong><a href=\"https:\/\/www.handelsblatt.com\/unternehmen\/dienstleister\/infrastruktur-bahn-vergibt-auftraege-zur-digitalisierung-von-ueber-sechs-milliarden-euro\/100107201.html\" target=\"_blank\" rel=\"noopener\">Infrastruktur: Bahn vergibt Auftr\u00e4ge zur Digitalisierung von \u00fcber sechs Milliarden Euro<\/a><br \/>\n<a href=\"https:\/\/www.spiegel.de\/wirtschaft\/unternehmen\/deutsche-bahn-investiert-sechs-milliarden-euro-in-digitalisierung-modernisierung-des-schienennetzes-a-6931ee70-938a-40ab-8f9a-4f1a960389f0\" target=\"_blank\" rel=\"noopener\"><strong>DER SPIEGEL:<\/strong> Deutsche Bahn investiert sechs Milliarden Euro in Digitalisierung &#8211; Modernisierung des Schienennetzes<\/a><br \/>\n<a href=\"https:\/\/dasweltbild.de\/technik\/bahn-investiert-milliarden-in-schienennetz\/\" target=\"_blank\" rel=\"noopener\"><strong>DASWELTBILD:<\/strong> Bahn investiert Milliarden in Schienennetz<\/a><br \/>\n<a href=\"https:\/\/www.businessinsider.de\/wirtschaft\/deutsche-bahn-will-ueber-6-milliarden-euro-fuer-digitalisierung-ausgeben\/\" target=\"_blank\" rel=\"noopener\"><strong>Business Insider:<\/strong> Deutsche Bahn will \u00fcber 6 Milliarden Euro f\u00fcr Digitalisierung ausgeben<\/a><br \/>\n<strong><a href=\"https:\/\/eisenbahn.blog\/deutsche-bahn-schliesst-milliardenvertrag-fuer-digitale-leit-und-sicherungstechnik-ab\" target=\"_blank\" rel=\"noopener\">Eisenbahn.blog<\/a><\/strong><a href=\"https:\/\/eisenbahn.blog\/deutsche-bahn-schliesst-milliardenvertrag-fuer-digitale-leit-und-sicherungstechnik-ab\" target=\"_blank\" rel=\"noopener\"><strong>:<\/strong> Deutsche Bahn schlie\u00dft Milliardenvertrag f\u00fcr digitale Leit- und Sicherungstechnik ab<\/a><br \/>\n<strong><a href=\"https:\/\/www.railjournal.com\/passenger\/main-line\/db-agrees-e6-3bn-framework-signalling-and-train-control-contract\/\" target=\"_blank\" rel=\"noopener\">International Railway Journal<\/a><\/strong><a href=\"https:\/\/www.railjournal.com\/passenger\/main-line\/db-agrees-e6-3bn-framework-signalling-and-train-control-contract\/\" target=\"_blank\" rel=\"noopener\"><strong>:<\/strong> DB agrees \u20ac6.3bn framework signalling and train control contract<\/a><br \/>\n<a href=\"https:\/\/railway-news.com\/db-signs-landmark-e6-3-billion-contract-for-digital-rail-technology\/\" target=\"_blank\" rel=\"noopener\"><strong>RailwayNews:<\/strong> DB Signs Landmark \u20ac6.3 Billion Contract for Digital Rail Technology<\/a><br \/>\n<a href=\"https:\/\/www.ferrovie.info\/treni-reali\/ferrovie-germania-db-investe-6-3-miliardi-di-euro-in-segnalamento-e-sicurezza.html\" target=\"_blank\" rel=\"noopener\"><strong>Ferrovie.Info &#8211;<\/strong> Ferrovie: Germania, DB investe 6,3 miliardi di euro in segnalamento e sicurezza<\/a><br \/>\n<a href=\"https:\/\/www.ferpress.it\/db-stipula-contratto-di-volume-a-lungo-termine-con-4-aziende-per-fornitura-di-tecnologie-di-controllo-e-sicurezza-digitali\/\" target=\"_blank\" rel=\"noopener\"><strong>FerPress:<\/strong> DB stipula contratto di volume a lungo termine con 4 aziende per fornitura di tecnologie di controllo e sicurezza digitali<br \/>\n<\/a>[\/vc_column_text][divider line_type=&#8221;No Line&#8221; custom_height=&#8221;30&#8243;][vc_column_text]<span style=\"color: #ff0000;\"><strong>February 4<br \/>\n<\/strong><\/span><strong><a href=\"https:\/\/www.ferrovie.info\/treni-reali\/ferrovie-via-al-ripristino-del-raccordo-di-casal-sabini-al-servizio-della-mermec-ferrosud.html\" target=\"_blank\" rel=\"noopener\">Ferrovie.Info:<\/a><\/strong><a href=\"https:\/\/www.ferrovie.info\/treni-reali\/ferrovie-via-al-ripristino-del-raccordo-di-casal-sabini-al-servizio-della-mermec-ferrosud.html\">Via al ripristino del raccordo di Casal Sabini al servizio della Mermec Ferrosud<\/a><br \/>\n<a href=\"https:\/\/www.materanews.net\/linea-ferroviaria-per-area-industriale-matera-un-momento-di-fondamentale-importanza-per-irrobustire-leconomia-lucana-i-dettagli\/\" target=\"_blank\" rel=\"noopener\"><strong>MateraNews:<\/strong> Linea ferroviaria per area industriale Matera: &#8220;un momento di fondamentale importanza per irrobustire l\u2019economia lucana&#8221;<\/a><br \/>\n<a href=\"https:\/\/www.trmtv.it\/politica\/2025_02_04\/464726.html\" target=\"_blank\" rel=\"noopener\"><strong>TRMTV:<\/strong> Linea ferroviaria per area industriale Matera<\/a><br \/>\n<a href=\"https:\/\/giornalemio.it\/cronaca\/linea-merci-per-mermec-a-jesce-e-chissa-che-si-ampli-progetto\/\" target=\"_blank\" rel=\"noopener\"><strong>GiornaleMio:<\/strong> Linea Merci per Mermec a Jesce e, chiss\u00e0, che si ampli progetto <\/a>[\/vc_column_text][divider line_type=&#8221;No Line&#8221; custom_height=&#8221;30&#8243;][vc_column_text]<span style=\"color: #ff0000;\"><strong>February 3<br \/>\n<\/strong><\/span><a href=\"https:\/\/www.ilmattinoquotidiano.it\/news\/basilicata-free\/131889\/mermec-di-matera-arrivano-i-primi-treni-da-revamping.html#google_vignette\" target=\"_blank\" rel=\"noopener\"><strong>Il Mattino:<\/strong> Mermec di Matera: arrivano i primi treni da revamping<\/a><br \/>\n<a href=\"https:\/\/www.sassilive.it\/economia\/lavoro\/mermec-ex-ferrosud-fim-fiom-e-uilm-arrivo-dei-primi-treni-da-revamping-nello-stabilimento-di-matera\/\" target=\"_blank\" rel=\"noopener\"><strong>SassiLive:<\/strong> Mermec (ex Ferrosud), Fim, Fiom e Uilm: &#8220;Arrivo dei primi treni da revamping nello stabilimento di Matera<\/a><br \/>\n<a href=\"https:\/\/www.altamuralife.it\/notizie\/inizia-il-rilancio-dell-industria-ferroviaria-a-jesce\/\" target=\"_blank\" rel=\"noopener\"><strong>AltamuraLife:<\/strong> Inizia il rilancio dell\u2019industria ferroviaria a Jesce<\/a><br \/>\n<a href=\"https:\/\/www.materalife.it\/notizie\/alla-mermec-ferrosud-si-comincia-a-fare-sul-serio\/\" target=\"_blank\" rel=\"noopener\"><strong>MateraLife:<\/strong> Alla Mermec Ferrosud si comincia a fare sul serio<\/a><br \/>\n<a href=\"https:\/\/www.ferrovie.it\/portale\/articoli\/16081\" target=\"_blank\" rel=\"noopener\"><strong>Ferrovie.it: <\/strong>Aiace 2.0 di RFI in viaggio verso la Basilicata per aggiornamento<\/a>[\/vc_column_text][divider line_type=&#8221;No Line&#8221; custom_height=&#8221;30&#8243;][vc_column_text]<span style=\"color: #ff0000;\"><strong>January 29<br \/>\n<\/strong><\/span><a href=\"https:\/\/www.ilsole24ore.com\/art\/piano-mattei-accordo-l-etiopia-rafforzamento-servizi-digital-AGXPtUcC\" target=\"_blank\" rel=\"noopener\"><strong>Il Sole 24 Ore: <\/strong>Piano Mattei, accordo con l\u2019Etiopia su rafforzamento dei servizi digital<\/a><br \/>\n<a href=\"https:\/\/www.ansa.it\/canale_legalita_scuola\/notizie\/mur\/2025\/01\/29\/bernini-in-etiopia-per-accordo-su-rafforzamento-servizi-digitali_c701357a-6756-49ed-b5ce-314e88c33809.html\" target=\"_blank\" rel=\"noopener\"><strong>ANSA:<\/strong> Bernini in Etiopia per accordo su rafforzamento servizi digitali\u00a0<\/a><br \/>\n<a href=\"https:\/\/www.agi.it\/maeci\/it\/news\/2025-01-29\/italia-sostiene-innovazione-tecnologica-in-etiopia-29777491\/\" target=\"_blank\" rel=\"noopener\"><strong>AGI:<\/strong> L&#8217;Italia sostiene l&#8217;innovazione tecnologica in Etiopia<\/a><br \/>\n<a href=\"https:\/\/www.agenpress.it\/2025\/01\/29\/piano-mattei-bernini-in-etiopia-per-accordo-su-rafforzamento-servizi-digitali\/\" target=\"_blank\" rel=\"noopener\"><strong>AgenPress:<\/strong> Piano Mattei, Bernini in Etiopia per accordo su rafforzamento servizi digitali\u00a0<\/a>[\/vc_column_text][divider line_type=&#8221;No Line&#8221; custom_height=&#8221;30&#8243;][vc_column_text]<span style=\"color: #ff0000;\"><strong>January 16<br \/>\n<\/strong><\/span><a href=\"https:\/\/www.ilsole24ore.com\/art\/la-pugliese-mermec-inaugura-centro-ricerca-napoli-AG0ytMLC\" target=\"_blank\" rel=\"noopener\"><strong>Il Sole 24 Ore:<\/strong> La pugliese Mermec inaugura un centro di ricerca a Napoli<\/a><br \/>\n<a href=\"https:\/\/www.youtube.com\/watch?v=wa5RdFyeLG4\" target=\"_blank\" rel=\"noopener\"><strong>SIComunicazione: <\/strong>A Napoli nuova sede di MERMEC Group<\/a><br \/>\n<a href=\"https:\/\/www.ansa.it\/campania\/notizie\/2025\/01\/16\/centro-direzionale-napoli-al-via-lavori-fra-poche-settimane_92972640-57c4-44c7-bc99-269840344d7b.html\" target=\"_blank\" rel=\"noopener\"><strong>ANSA:<\/strong> Gruppo Mermec apre sede a Napoli<br \/>\n<\/a><a href=\"https:\/\/www.ilmattino.it\/napoli\/politica\/napoli_de_luca_quantum_valley_campania-8597379.html\" target=\"_blank\" rel=\"noopener\"><strong>Il Mattino:<\/strong> Il Gruppo MERMEC inaugura sede a Napoli<\/a><br \/>\n<a href=\"https:\/\/napoli.corriere.it\/notizie\/cronaca\/25_gennaio_16\/centro-direzionale-di-napoli-metro-quasi-pronta-e-si-aprono-i-cantieri-per-la-riqualificazione-de4dd875-6414-49f0-b373-6676f4cd1xlk.shtml\" target=\"_blank\" rel=\"noopener\"><strong>Corriere del Mezzogiorno:<\/strong> Il Gruppo MERMEC inaugura una nuova sede a Napoli<\/a><br \/>\n<a href=\"https:\/\/finanza.repubblica.it\/News\/2025\/01\/16\/mermec_inaugura_la_nuova_sede_a_napoli_un_hub_strategico_per_il_trasporto_ferroviario-183\/\" target=\"_blank\" rel=\"noopener\"><strong>La Repubblica:<\/strong> Mermec inaugura la nuova sede a Napoli: un hub strategico per il trasporto ferroviario<\/a><br \/>\n<a href=\"https:\/\/finanza.ilsecoloxix.it\/News\/2025\/01\/16\/mermec-inaugura-la-nuova-sede-a-napoli-un-hub-strategico-per-il-trasporto-ferroviario\/MTgzXzIwMjUtMDEtMTZfVExC\" target=\"_blank\" rel=\"noopener\"><strong>Il Secolo XIX:<\/strong> Mermec inaugura la nuova sede a Napoli: un hub strategico per il trasporto ferroviario<\/a><br \/>\n<a href=\"https:\/\/napoli.repubblica.it\/cronaca\/2025\/01\/17\/news\/napoli_in_un_grattacielo_del_centro_direzionale_aprono_gli_uffici_di_mermec-423943900\/\" target=\"_blank\" rel=\"noopener\"><strong>La Repubblica Napoli:<\/strong> Napoli, in un grattacielo del Centro direzionale aprono gli uffici di \u201cMermec\u201d<\/a><br \/>\n<a href=\"https:\/\/www.napolitoday.it\/economia\/mermec-assume-napoli.html\" target=\"_blank\" rel=\"noopener\"><strong>NapoliToday:<\/strong> La multinazionale Mermec apre a Napoli e assume 100 giovani<\/a>[\/vc_column_text][\/toggle][toggle color=&#8221;Default&#8221; heading_tag=&#8221;h3&#8243; heading_tag_functionality=&#8221;default&#8221; title=&#8221;2024&#8243;][vc_column_text]<span style=\"color: #ff0000;\"><strong>December 10<br \/>\n<\/strong><\/span><a href=\"https:\/\/www.ansa.it\/basilicata\/notizie\/2024\/12\/10\/mermec-ferrosud-la-giunta-lucana-approva-laccordo-di-sviluppo_e55c1b06-7b37-440d-b905-11a44e401777.html\" target=\"_blank\" rel=\"noopener\"><strong>ANSA:<\/strong> Mermec Ferrosud, la Giunta lucana approva l&#8217;Accordo di sviluppo<\/a><br \/>\n<a href=\"https:\/\/www.rainews.it\/tgr\/basilicata\/articoli\/2024\/12\/mermec-approvato-dalla-regione-laccordo-di-sviluppo-matera-exferrosud-ecf26591-4254-46c4-b722-9d5ac0375936.html\" target=\"_blank\" rel=\"noopener\"><strong>RaiNews:<\/strong> Mermec, approvato dalla Regione l&#8217;accordo di sviluppo<\/a><br \/>\n<strong>L&#8217;Edicola:<\/strong> <a href=\"https:\/\/ledicola.it\/basilicata\/basilicata-via-libera-allaccordo-di-sviluppo-con-mermec-ferrosud-nuova-fase-di-industrializzazione\/\" target=\"_blank\" rel=\"noopener\">Basilicata, via libera all&#8217;Accordo di Sviluppo con Mermec Ferrosud<\/a><br \/>\n<a href=\"https:\/\/www.trmtv.it\/attualita\/economia\/2024_12_10\/456458.html\" target=\"_blank\" rel=\"noopener\"><strong>TRM:<\/strong> Mermec Ferrosud: approvato l\u2019Accordo di Sviluppo<\/a><br \/>\n<strong>SassiLive:<\/strong><a href=\"https:\/\/www.sassilive.it\/economia\/lavoro\/mermec-ferrosud-di-matera-giunta-regionale-approva-accordo-di-sviluppo\/\" target=\"_blank\" rel=\"noopener\">Mermec Ferrosud di Matera, Giunta regionale approva Accordo di Sviluppo<\/a>[\/vc_column_text][divider line_type=&#8221;No Line&#8221; custom_height=&#8221;20px&#8221;][vc_column_text]<span style=\"color: #ff0000;\"><strong>December 7<br \/>\n<\/strong><\/span><a href=\"https:\/\/www.sis.gov.eg\/Story\/172605\/Accord-avec-le-groupe-italien-MERMEC?lang=fr\" target=\"_blank\" rel=\"noopener\"><strong>MENA: <\/strong>\u00c9gypte, Accord avec le groupe italien MERMEC<\/a>[\/vc_column_text][divider line_type=&#8221;No Line&#8221; custom_height=&#8221;20px&#8221;][vc_column_text]<span style=\"color: #ff0000;\"><strong>November 5<br \/>\n<\/strong><\/span><a href=\"https:\/\/www.corriere.it\/economia\/finanza\/24_novembre_05\/pertosa-mermec-imprese-proprieta-italiana-per-restare-competitivi-21c6e4e9-500a-42e9-bf44-26e99f76dxlk.shtml\" target=\"_blank\" rel=\"noopener\"><strong>Corriere della Sera: <\/strong>Pertosa (Mermec): \u00abImprese, propriet\u00e0 italiana per restare competitivi\u00bb<\/a>[\/vc_column_text][divider line_type=&#8221;No Line&#8221; custom_height=&#8221;20px&#8221;][vc_column_text]<span style=\"color: #ff0000;\"><strong>October 4<br \/>\n<\/strong><\/span><a href=\"https:\/\/www.railway.supply\/en\/mermec-completes-business-acquisition-of-hitachi-rail-in-europe-and-asia\/\" target=\"_blank\" rel=\"noopener\"><strong>Railway Supply: <\/strong>Business Acquisition of Hitachi Rail Completed<\/a><br \/>\n<a href=\"https:\/\/www.railwaygazette.com\/business\/railway-supply-industry-news-round-up\/67530.article\" target=\"_blank\" rel=\"noopener\"><strong>Railway Gazette: <\/strong>MerMec\u00a0has completed its acquisition of\u00a0Hitachi Rail\u2019s signalling businesses<\/a>[\/vc_column_text][divider line_type=&#8221;No Line&#8221; custom_height=&#8221;20px&#8221;][vc_column_text]<span style=\"color: #ff0000;\"><strong>September 24<br \/>\n<\/strong><\/span><a href=\"https:\/\/finanza.repubblica.it\/News\/2024\/09\/24\/innotrans_2024_mermec_si_rafforza_nel_settore_del_segnalamento-231\/\" target=\"_blank\" rel=\"noopener\"><strong>La <\/strong><strong>Repubblica:<\/strong> Innotrans 2024, MERMEC si rafforza nel settore del segnalamento\u00a0<\/a><br \/>\n<a href=\"https:\/\/www.ilfoglio.it\/economia\/2024\/09\/23\/news\/i-nuovi-progetti-del-gruppo-mermec-in-francia-germania-regno-unito-e-corea-6976867\/\" target=\"_blank\" rel=\"noopener\"><strong>Il Foglio:<\/strong> I nuovi progetti del gruppo Mermec in Francia, Germania, Regno Unito e Corea<\/a><br \/>\n<a href=\"https:\/\/www.mobilita.news\/item\/20857-mermec-espande-il-segnalamento-ferroviario-con-acquisizione-hitachi-rail.html\" target=\"_blank\" rel=\"noopener\"><strong>Mobilit\u00e0.news: <\/strong>Mermec espande il segnalamento ferroviario con acquisizione Hitachi Rail<\/a><br \/>\n<a href=\"https:\/\/www.globenewswire.com\/news-release\/2024\/09\/25\/2952762\/0\/en\/Transportation-Mermec-at-InnoTrans-2024-continuing-international-expansion.html\" target=\"_blank\" rel=\"noopener\"><strong>GlobeNewsWire:<\/strong> Transportation: Mermec at InnoTrans 2024, continuing international expansion\u00a0<\/a>[\/vc_column_text][divider line_type=&#8221;No Line&#8221; custom_height=&#8221;20px&#8221;][vc_column_text]<span style=\"color: #ff0000;\"><strong>August 22<br \/>\n<\/strong><\/span><a href=\"https:\/\/www.ilmattino.it\/cambio_di_paradigma\/vito_pertosa_angel_group_tabilita_quadro_politico_riforme_si_aiuta_disposto_ad_investire-8310841.html\" target=\"_blank\" rel=\"noopener\"><strong>Il Mattino: <\/strong>\u00abStabilit\u00e0 del quadro politico e riforme cos\u00ec si aiuta chi \u00e8 disposto ad investire\u00bb <\/a>[\/vc_column_text][divider line_type=&#8221;No Line&#8221; custom_height=&#8221;20px&#8221;][vc_column_text]<span style=\"color: #ff0000;\"><strong>August 9<br \/>\n<\/strong><\/span><a href=\"https:\/\/www.repubblica.it\/tecnologia\/2024\/08\/09\/news\/chi_sono_i_20_innovatori_italiani_celebrati_alle_olimpiadi_di_parigi-423439294\/\" target=\"_blank\" rel=\"noopener\"><strong>La Repubblica: <\/strong>Chi sono i 20 innovatori italiani celebrati alle Olimpiadi di Parigi? <\/a>[\/vc_column_text][divider line_type=&#8221;No Line&#8221; custom_height=&#8221;20px&#8221;][vc_column_text]<span style=\"color: #ff0000;\"><strong>August 6<br \/>\n<\/strong><\/span><a href=\"https:\/\/www.ilfoglio.it\/economia\/2024\/08\/06\/news\/innovazione-zes-e-premierato-l-italia-vista-da-una-hi-tech-del-sud-6826414\/\" target=\"_blank\" rel=\"noopener\"><strong>Il Foglio: <\/strong>Innovazione, Zes e premierato: l&#8217;Italia vista da una hi-tech del sud<\/a>[\/vc_column_text][divider line_type=&#8221;No Line&#8221; custom_height=&#8221;20px&#8221;][vc_column_text]<span style=\"color: #ff0000;\"><strong>July 17<br \/>\n<\/strong><\/span><a href=\"https:\/\/www.globenewswire.com\/news-release\/2024\/07\/17\/2914409\/0\/en\/G7-MERMEC-urges-EU-to-prioritise-the-ERTMS-railway-signalling-system.html\" target=\"_blank\" rel=\"noopener\"><strong>GlobeNewswire:<\/strong> G7: MERMEC urges EU to prioritise the ERTMS railway signalling system<\/a><br \/>\n<a href=\"https:\/\/www.repubblica.it\/economia\/2024\/07\/17\/news\/g7_commercio-423398531\/\" target=\"_blank\" rel=\"noopener\"><strong>La Repubblica:\u00a0<\/strong>Il ritorno dei super dazi: lo spettro che aleggia al G7 del Commercio<\/a><br \/>\n<a href=\"https:\/\/www.theglobeandmail.com\/investing\/markets\/markets-news\/GlobeNewswire\/27438049\/g7-mermec-urges-eu-to-prioritise-the-ertms-railway-signalling-system\/\" target=\"_blank\" rel=\"noopener\"><strong>The Globe and Mail:<\/strong> G7: MERMEC urges EU to prioritise the ERTMS railway signalling system<\/a><br \/>\n<a href=\"https:\/\/ntplusentilocaliedilizia.ilsole24ore.com\/radiocor\/nRC_16.07.2024_12.19_323\" target=\"_blank\" rel=\"noopener\"><strong>Il Sole 24\u00a0Ore Radiocor:<\/strong> Trasporti: Mermec, Ue metta al centro sistema europeo Ertms<\/a><br \/>\n<a href=\"https:\/\/www.asiaone.com\/business\/g7-mermec-urges-eu-prioritise-ertms-railway-signalling-system\" target=\"_blank\" rel=\"noopener\"><strong>AsiaOne:<\/strong> G7: MERMEC urges EU to prioritise the ERTMS railway signalling system<\/a>[\/vc_column_text][divider line_type=&#8221;No Line&#8221; custom_height=&#8221;20px&#8221;][vc_column_text]<span style=\"color: #ff0000;\"><strong>June 30<br \/>\n<\/strong><\/span><a href=\"https:\/\/www.ilmattino.it\/cambio_di_paradigma\/mermec_vito_pertosa_contratto_sud_italia_egitto-8217628.html\" target=\"_blank\" rel=\"noopener\"><strong>Il Mattino:<\/strong> Egitto, il Sud va veloce come un treno: intese sulla linea che corre lungo il Nilo\u00a0<\/a><br \/>\n<a href=\"https:\/\/www.railjournal.com\/africa\/mermec-to-supply-etcs-to-egypt\/\" target=\"_blank\" rel=\"noopener\"><strong>International Railway Journal: <\/strong>Mermec to supply ETCS to Egypt<\/a><br \/>\n<a href=\"https:\/\/www.linkedin.com\/feed\/update\/urn:li:activity:7213450109936668672\" target=\"_blank\" rel=\"noopener\"><b>TGNORBA: <\/b>Treni: accordo per sicurezza Egitto-Mermec\u00a0<\/a><br \/>\n<a href=\"https:\/\/www.ansa.it\/puglia\/notizie\/2024\/06\/30\/ue-egitto-a-mermec-contratto-con-la-egypt-national-railway_6c96d2b7-3bbb-4c76-9c59-e80876a5f513.html\" target=\"_blank\" rel=\"noopener\"><strong>ANSA: <\/strong>Ue-Egitto, a Mermec contratto con la Egypt National Railway <\/a><br \/>\n<a href=\"https:\/\/www.ansa.it\/sito\/notizie\/mondo\/news_dalle_ambasciate\/2024\/06\/30\/italia-sigla-accordi-con-legitto-per-un-miliardo-di-euro_9aaf8eeb-4547-44d1-b29b-0fbff0e0801a.html\" target=\"_blank\" rel=\"noopener\"><strong>ANSA:<\/strong> Italia sigla accordi con l&#8217;Egitto per un miliardo di euro<\/a><br \/>\n<a href=\"https:\/\/bari.corriere.it\/notizie\/economia\/24_giugno_30\/treni-la-pugliese-mermec-investe-in-egitto-per-la-sicurezza-e-la-riduzione-delle-emissioni-delle-ferrovie-7f7763e4-0d38-4da4-bc18-359a44bdfxlk.shtml\" target=\"_blank\" rel=\"noopener\"><strong>Corriere.it: <\/strong>Treni, la pugliese Mermec investe in Egitto per la sicurezza e la riduzione delle emissioni\u00a0<\/a><br \/>\n<a href=\"https:\/\/www.ilsole24ore.com\/art\/dal-treno-lusso-nilo-export-piano-mattei-avanza-ancora-egitto-AFY41zJC\" target=\"_blank\" rel=\"noopener\"><strong>Il Sole 24 ORE:<\/strong> Dal treno di lusso sul Nilo all&#8217;export: il piano Mattei avanza ancora in Egitto<\/a><br \/>\n<a href=\"https:\/\/www.lapresse.it\/economia\/2024\/06\/30\/italia-egitto-nuovi-accordi-per-infrastrutture-e-mobilita-in-quadro-piano-mattei\/\" target=\"_blank\" rel=\"noopener\"><strong>LaPresse:<\/strong> Italia-Egitto, nuovi accordi per infrastrutture e mobilit\u00e0 in quadro piano Mattei\u00a0<\/a><br \/>\n<a href=\"https:\/\/ledicoladelsud.it\/puglia\/bari\/trasporti-la-pugliese-mermec-investe-in-egitto-accordo-per-una-rete-ferroviaria-piu-sicura-e-green\/\" target=\"_blank\" rel=\"noopener\"><strong>L&#8217;Edicola del Sud:<\/strong> Trasporti, la pugliese Mermec investe in Egitto: accordo per una rete ferroviaria pi\u00f9 sicura e green\u00a0<\/a><br \/>\n<a href=\"https:\/\/www.quotidianodipuglia.it\/bari\/mermec_contratto_eu_egitto_treni-8213203.html\" target=\"_blank\" rel=\"noopener\"><strong>Quotidiano di Puglia:<\/strong> Ue-Egitto, a Mermec contratto con la Egypt National Railway\u00a0<\/a><br \/>\n<a href=\"https:\/\/finanza.lastampa.it\/News\/2024\/07\/01\/ue-egitto-italiana-mermec-si-aggiudica-contratto-con-egypt-national-railway\/MzFfMjAyNC0wNy0wMV9UTEI\" target=\"_blank\" rel=\"noopener\"><strong>La Stampa: <\/strong>Ue-Egitto, italiana Mermec si aggiudica contratto con Egypt National Railway\u00a0<\/a>[\/vc_column_text][divider line_type=&#8221;No Line&#8221; custom_height=&#8221;20px&#8221;][vc_column_text]<span style=\"color: #ff0000;\"><strong>June 29<br \/>\n<\/strong><\/span><strong>AgenPress<\/strong> &#8211; <a href=\"https:\/\/www.agenpress.it\/2024\/06\/28\/bernini-in-marocco-firma-memorandum-cooperazione-scientifica-e-avvia-roadshow-piano-mattei-con-aziende-italiane\/\" target=\"_blank\" rel=\"noopener\">Bernini in Marocco firma memorandum cooperazione scientifica e avvia roadshow piano Mattei con aziende italiane<\/a><br \/>\n<strong>Askanews<\/strong> &#8211; <a href=\"https:\/\/askanews.it\/2024\/06\/28\/bernini-in-marocco-firma-memorandum-cooperazione-scientifica\/\">Bernini in Marocco firma memorandum cooperazione scientifica (askanews.it)<\/a><br \/>\n<strong>Borsa Italiana\/ Sole 24 Ore Radiocor<\/strong> &#8211; <a href=\"https:\/\/www.borsaitaliana.it\/borsa\/notizie\/radiocor\/economia\/dettaglio\/piano-mattei-bernini-firma-memorandum-cooperazione-in-marocco-avvia-roadshow-imprese-nRC_28062024_1827_569166097.html\" target=\"_blank\" rel=\"noopener\">Piano Mattei: Bernini firma memorandum cooperazione in Marocco, avvia roadshow imprese &#8211; Borsa Italiana<\/a><br \/>\n<strong>Il Gazettino<\/strong> &#8211; <a href=\"https:\/\/www.ilgazzettino.it\/video\/askanews\/bernini_in_marocco_firma_memorandum_cooperazione_scientifica-8209511.html\" target=\"_blank\" rel=\"noopener\">Bernini in Marocco firma memorandum cooperazione scientifica (ilgazzettino.it)<\/a><br \/>\n<strong>Il Mattino<\/strong> &#8211; <a href=\"https:\/\/www.ilmattino.it\/video\/askanews\/bernini_in_marocco_firma_memorandum_cooperazione_scientifica-8209511.html\" target=\"_blank\" rel=\"noopener\">Bernini in Marocco firma memorandum cooperazione scientifica (ilmattino.it)<\/a><br \/>\n<strong>Il Messaggero<\/strong> &#8211; <a href=\"https:\/\/www.ilmessaggero.it\/video\/askanews\/bernini_in_marocco_firma_memorandum_cooperazione_scientifica-8209511.html\">Bernini in Marocco firma memorandum cooperazione scientifica (ilmessaggero.it)<\/a><br \/>\n<strong>Il Tempo<\/strong> &#8211; <a href=\"https:\/\/www.iltempo.it\/tv-news\/2024\/06\/28\/video\/bernini-in-marocco-firma-memorandum-cooperazione-scientifica-39734288\/\" target=\"_blank\" rel=\"noopener\">Bernini in Marocco firma memorandum cooperazione scientifica \u2013 Il Tempo<\/a><br \/>\n<strong>Libero<\/strong> &#8211; <a href=\"https:\/\/www.liberoquotidiano.it\/news\/general\/39736642\/piano-mattei-bernini-firma-memorandum-cooperazione-in-marocco-avvia-roadshow-imprese.html\">Piano Mattei: Bernini firma memorandum cooperazione in Marocco, avvia roadshow imprese \u2013 Libero Quotidiano<\/a><br \/>\n<strong>Today<\/strong> &#8211; <a href=\"https:\/\/www.today.it\/video\/bernini-in-marocco-firma-memorandum-cooperazione-scientifica-95ygv.askanews.html\" target=\"_blank\" rel=\"noopener\">Bernini in Marocco firma memorandum cooperazione scientifica (today.it)<\/a>[\/vc_column_text][divider line_type=&#8221;No Line&#8221; custom_height=&#8221;20px&#8221;][vc_column_text]<span style=\"color: #ff0000;\"><strong>June 11<br \/>\n<\/strong><\/span><a href=\"https:\/\/www.linkedin.com\/feed\/update\/urn:li:activity:7206313784150224896\" target=\"_blank\" rel=\"noopener\"><b>TG1: <\/b>MERMEC all&#8217;Ukraine Recovery Conference<\/a>[\/vc_column_text][divider line_type=&#8221;No Line&#8221; custom_height=&#8221;20px&#8221;][vc_column_text]<span style=\"color: #ff0000;\"><strong>May 24<br \/>\n<\/strong><\/span><a href=\"https:\/\/www.quotidianodipuglia.it\/regione\/mermec_ferrosud_ricavi_un_miliardo_matteo_pertosa-8136684.html\" target=\"_blank\" rel=\"noopener\"><b>Quotidiano di Puglia: <\/b>Mermec acquisisce Ferrosud, obiettivo ricavi a un miliardo. Matteo Pertosa: \u00abImpegnati a creare lavoro\u00bb <\/a>[\/vc_column_text][divider line_type=&#8221;No Line&#8221; custom_height=&#8221;20px&#8221;][vc_column_text]<span style=\"color: #ff0000;\"><strong>May 23<br \/>\n<\/strong><\/span><a href=\"https:\/\/www.ilsole24ore.com\/art\/mermec-conquista-ferrosud-e-punta-1-miliardo-ricavi-AGZgZtC\" target=\"_blank\" rel=\"noopener\"><b>Il Sole 24 Ore: <\/b>Mermec conquista Ferrosud e punta a 1 miliardo di ricavi\u00a0<\/a>[\/vc_column_text][divider line_type=&#8221;No Line&#8221; custom_height=&#8221;20px&#8221;][vc_column_text]<span style=\"color: #ff0000;\"><strong>May 20<br \/>\n<\/strong><\/span><a href=\"https:\/\/www.linkedin.com\/feed\/update\/urn:li:activity:7198598587738443776\" target=\"_blank\" rel=\"noopener\"><b>Quarta Repubblica: <\/b>Intervista al Presidente di ANGEL Holding, Cav. Vito Pertosa<\/a>[\/vc_column_text][divider line_type=&#8221;No Line&#8221; custom_height=&#8221;20px&#8221;][vc_column_text]<span style=\"color: #ff0000;\"><strong>May 16<br \/>\n<\/strong><\/span><a href=\"https:\/\/www.corriere.it\/economia\/aziende\/24_maggio_15\/ferrovie-mermec-batte-10-multinazionali-e-compra-per-250-milioni-compagnie-de-signaux-da-hitachi-5d0ce953-5f48-4eca-b0b1-a041515c2xlk.shtml\" target=\"_blank\" rel=\"noopener\"><b>Nuovo Quotidiano di Puglia:<\/b> Mermec, un affare da 250 milioni: acquistato un ramo di Hitachi Rail<\/a><br \/>\n<a href=\"https:\/\/www.ferrovie.info\/index.php\/it\/13-treni-reali\/30057-ferrovie-l-italiana-mermec-compra-compagnie-de-signaux-da-hitachi\" target=\"_blank\" rel=\"noopener\"><strong>Ferrovie.info: <\/strong>Ferrovie: L&#8217;italiana MerMec compra Compagnie de Signaux da Hitachi<\/a>[\/vc_column_text][divider line_type=&#8221;No Line&#8221; custom_height=&#8221;20px&#8221;][vc_column_text]<span style=\"color: #ff0000;\"><strong>May 15<br \/>\n<\/strong><\/span><a href=\"https:\/\/www.corriere.it\/economia\/aziende\/24_maggio_15\/ferrovie-mermec-batte-10-multinazionali-e-compra-per-250-milioni-compagnie-de-signaux-da-hitachi-5d0ce953-5f48-4eca-b0b1-a041515c2xlk.shtml\" target=\"_blank\" rel=\"noopener\"><b>Corriere della Sera: <\/b>Ferrovie, Mermec batte 10 multinazionali e compra per 250 milioni Compagnie de Signaux da Hitachi <\/a><br \/>\n<a href=\"https:\/\/video.milanofinanza.it\/video\/alla-corte-di-macron-non-solo-amazon-e-microsoft-anche-la-puglia-investe-in-francia-RcmZwNYZAicT?utm_term=Autofeed&amp;utm_medium=mf&amp;utm_source=LinkedIn#Echobox=1715769978\" target=\"_blank\" rel=\"noopener\"><strong>CLASS CNBC:<\/strong> Intervista a Luca Necchi Ghiri, AD del Gruppo MERMEC, in occasione della partecipazione a Choose France.<\/a>[\/vc_column_text][divider line_type=&#8221;No Line&#8221; custom_height=&#8221;20px&#8221;][vc_column_text]<span style=\"color: #ff0000;\"><strong>May 13<br \/>\n<\/strong><\/span><a href=\"https:\/\/www.europe1.fr\/economie\/tete-a-tete-avec-macron-discussions-entre-chefs-dentreprise-dans-les-coulisses-du-sommet-choose-france-4246788\" target=\"_blank\" rel=\"noopener\"><b>Europe 1: <\/b>Le Directeur de l&#8217;entreprise MERMEC, Angelo Petrosillo, chez EUROPE 1 lors de la participation \u00e0 Choose France<\/a>[\/vc_column_text][divider line_type=&#8221;No Line&#8221; custom_height=&#8221;20px&#8221;][vc_column_text]<span style=\"color: #ff0000;\"><strong>May 9<br \/>\n<\/strong><\/span><a href=\"https:\/\/www.adnkronos.com\/lavoro\/made-in-italy\/export-girardi-anie-confindustria-bene-missione-in-brasile-opportunita-per-imprese_hmwVXxZ0MuxRDpDkK6XGX\" target=\"_blank\" rel=\"noopener\"><b>AdnKronos: <\/b>Export, Girardi (Anie Confindustria): &#8220;Bene missione in Brasile, opportunit\u00e0 per imprese&#8221;\u00a0<\/a>[\/vc_column_text][divider line_type=&#8221;No Line&#8221; custom_height=&#8221;20px&#8221;][vc_column_text]<span style=\"color: #ff0000;\"><strong>April 13<br \/>\n<\/strong><\/span><a href=\"https:\/\/tg24.sky.it\/mondo\/2024\/04\/13\/ucraina-russia-guerra-ultime-notizie-13-aprile-diretta?lbp=2\" target=\"_blank\" rel=\"noopener\"><strong>Sky Tg 24:<\/strong> Mermec al G7 Trasporti: &#8220;Sostegno per le ferrovie in Ucraina&#8221;<\/a><br \/>\n<a href=\"https:\/\/www.quotidiano.net\/economia\/ultimaora\/mermec-al-g7-trasporti-sostegno-per-le-ferrovie-in-ucraina-5b9f8ff4?live\" target=\"_blank\" rel=\"noopener\"><strong>Quotidiano Nazionale: <\/strong>Mermec al G7 Trasporti, &#8216;sostegno per le ferrovie in Ucraina&#8217;\u00a0<\/a>[\/vc_column_text][divider line_type=&#8221;No Line&#8221; custom_height=&#8221;20px&#8221;][vc_column_text]<span style=\"color: #ff0000;\"><strong>April 11<br \/>\n<\/strong><\/span><a href=\"https:\/\/www.linkedin.com\/feed\/update\/urn:li:activity:7184469056605851651\" target=\"_blank\" rel=\"noopener\"><strong>Rai News 24:<\/strong> G7 Trasporti 2024, intervista a Luca Necchi Ghiri, AD del Gruppo MERMEC\u00a0<\/a><\/p>\n<p><a href=\"https:\/\/media.datastampa.it\/media\/20240411\/20240411-TELENORBA-TG_NORBA_0730-082825556m.mp4\" target=\"_blank\" rel=\"noopener\"><strong>TG NORBA:<\/strong> MerMec vince bando per il primo treno a idrogeno<\/a><br \/>\n<a href=\"https:\/\/www.industriaitaliana.it\/mermec-bando-realizzazione-primo-treno-diagnostico-idrogeno\/\" target=\"_blank\" rel=\"noopener\"><strong>Industria Italiana:<\/strong> MerMec si aggiudica il bando per la realizzazione del primo treno diagnostico al mondo a idrogeno<\/a><br \/>\n<a href=\"https:\/\/hydronews.it\/mermec-vince-il-bando-most-per-costruire-il-primo-treno-diagnostico-a-idrogeno\/\" target=\"_blank\" rel=\"noopener\"><strong>HydroNews<\/strong><strong>:<\/strong> MerMec vince il bando MOST per costruire il primo treno &#8216;diagnostico&#8217; a idrogeno<\/a><br \/>\n<a href=\"https:\/\/www.giornaledipuglia.com\/2024\/04\/mermec-si-aggiudica-il-primo-posto-al.html\" target=\"_blank\" rel=\"noopener\"><strong>Giornale di Puglia: <\/strong>Mermec si aggiudica il primo posto al bando Flagship del centro nazionale per la mobilit\u00e0 sostenibile\u00a0<\/a>[\/vc_column_text][divider line_type=&#8221;No Line&#8221; custom_height=&#8221;20px&#8221;][vc_column_text]<span style=\"color: #ff0000;\"><strong>April 11<br \/>\n<\/strong><\/span><a href=\"https:\/\/www.linkedin.com\/feed\/update\/urn:li:activity:7184469056605851651\" target=\"_blank\" rel=\"noopener\"><strong>Rai News 24:<\/strong> G7 Trasporti 2024, intervista a Luca Necchi Ghiri, AD del Gruppo MERMEC\u00a0<\/a><\/p>\n<p><a href=\"https:\/\/media.datastampa.it\/media\/20240411\/20240411-TELENORBA-TG_NORBA_0730-082825556m.mp4\" target=\"_blank\" rel=\"noopener\"><strong>TG NORBA:<\/strong> MerMec vince bando per il primo treno a idrogeno<\/a><br \/>\n<a href=\"https:\/\/www.industriaitaliana.it\/mermec-bando-realizzazione-primo-treno-diagnostico-idrogeno\/\" target=\"_blank\" rel=\"noopener\"><strong>Industria Italiana:<\/strong> MerMec si aggiudica il bando per la realizzazione del primo treno diagnostico al mondo a idrogeno<\/a><br \/>\n<a href=\"https:\/\/hydronews.it\/mermec-vince-il-bando-most-per-costruire-il-primo-treno-diagnostico-a-idrogeno\/\" target=\"_blank\" rel=\"noopener\"><strong>HydroNews<\/strong><strong>:<\/strong> MerMec vince il bando MOST per costruire il primo treno &#8216;diagnostico&#8217; a idrogeno<\/a><br \/>\n<a href=\"https:\/\/www.giornaledipuglia.com\/2024\/04\/mermec-si-aggiudica-il-primo-posto-al.html\" target=\"_blank\" rel=\"noopener\"><strong>Giornale di Puglia: <\/strong>Mermec si aggiudica il primo posto al bando Flagship del centro nazionale per la mobilit\u00e0 sostenibile\u00a0<\/a>[\/vc_column_text][divider line_type=&#8221;No Line&#8221; custom_height=&#8221;20px&#8221;][vc_column_text]<span style=\"color: #ff0000;\"><strong>April 10<br \/>\n<\/strong><\/span><a href=\"https:\/\/www.ansa.it\/puglia\/notizie\/2024\/04\/10\/da-mermec-il-primo-treno-diagnostico-al-mondo-a-idrogeno_31cb1496-36d0-457b-9301-fab366c16ecf.html\" target=\"_blank\" rel=\"noopener\"><strong>ANSA:<\/strong> Da Mermec il primo treno diagnostico al mondo a idrogeno<\/a><br \/>\n<a href=\"https:\/\/finanza.repubblica.it\/mobile\/News\/2024\/04\/10\/ferrovie_mermec_vince_bando_per_primo_treno_diagnostico_al_mondo_a_idrogeno-191\/\" target=\"_blank\" rel=\"noopener\"><strong>La Repubblica:<\/strong> MerMec vince bando per primo treno diagnostico al mondo a idrogeno<\/a><br \/>\n<a href=\"https:\/\/finanza.lastampa.it\/News\/2024\/04\/10\/ferrovie-mermec-vince-bando-per-primo-treno-diagnostico-al-mondo-a-idrogeno\/MTkxXzIwMjQtMDQtMTBfVExC\" target=\"_blank\" rel=\"noopener\"><strong>La Stampa:<\/strong> MerMec vince bando per primo treno diagnostico al mondo a idrogeno<\/a><br \/>\n<a href=\"https:\/\/www.lagazzettadelmezzogiorno.it\/news\/tecnologie\/1493602\/bari-mermec-vince-il-bando-per-il-primo-treno-diagnostico-a-idrogeno.html\"><strong>La Gazzetta del Mezzogiorno<\/strong><\/a><a href=\"https:\/\/www.lagazzettadelmezzogiorno.it\/news\/tecnologie\/1493602\/bari-mermec-vince-il-bando-per-il-primo-treno-diagnostico-a-idrogeno.html\">: Bari, Mermec vince il bando per il primo treno diagnostico a idrogeno<\/a><br \/>\n<a href=\"https:\/\/www.rainews.it\/tgr\/puglia\/articoli\/2024\/04\/da-mermec-il-primo-treno-diagnostico-al-mondo-a-idrogeno-21fceae4-a4b2-4e93-a2d7-8c72d72a38e2.html\" target=\"_blank\" rel=\"noopener\"><strong>Rai News:<\/strong> Da Mermec il primo treno diagnostico al mondo a idrogeno\u00a0<\/a><br \/>\n<a href=\"https:\/\/www.quotidiano.net\/economia\/ultimaora\/da-mermec-il-primo-treno-diagnostico-al-mondo-a-idrogeno-efdb0483?live\" target=\"_blank\" rel=\"noopener\"><strong>Quotidiano Nazionale:<\/strong> Da Mermec il primo treno diagnostico al mondo a idrogeno\u00a0<\/a><br \/>\n<a href=\"https:\/\/www.ferpress.it\/mermec-vince-bando-per-primo-treno-diagnostico-a-idrogeno-al-mondo\/\" target=\"_blank\" rel=\"noopener\"><strong>FerPress:<\/strong> Mermec vince bando per primo treno diagnostico a idrogeno al mondo<\/a><br \/>\n<strong><a href=\"https:\/\/www.corrierenazionale.net\/2024\/04\/10\/mermecvince-il-bando-per-il-primo-treno-diagnostico-al-mondo-ad-idrogeno\/\">Il Corriere Nazionale<\/a><a href=\"https:\/\/www.corrierenazionale.net\/2024\/04\/10\/mermecvince-il-bando-per-il-primo-treno-diagnostico-al-mondo-ad-idrogeno\/\">: <\/a><\/strong><a href=\"https:\/\/www.corrierenazionale.net\/2024\/04\/10\/mermecvince-il-bando-per-il-primo-treno-diagnostico-al-mondo-ad-idrogeno\/\" target=\"_blank\" rel=\"noopener\">Mermec vince il bando per il primo treno diagnostico al mondo ad idrogeno<\/a><br \/>\n<a href=\"https:\/\/www.9colonne.it\/457862\/tecnologia-mermec-vince-bando-per-primo-treno-diagnostico-al-mondo-ad-idrogeno\" target=\"_blank\" rel=\"noopener\"><strong>9Colonne:<\/strong> MERMEC VINCE BANDO PER PRIMO TRENO DIAGNOSTICO AL MONDO AD IDROGENO<\/a><br \/>\n<a href=\"https:\/\/www.quotidianodipuglia.it\/bari\/mermec_vince_il_bando_per_il_primo_treno_diagnostico_a_idrogeno-8048035.html\" target=\"_blank\" rel=\"noopener\"><strong>Quotidiano di Puglia<\/strong>: Mermec vince il bando per il primo treno diagnostico a idrogeno<\/a><\/p>\n<p><a href=\"https:\/\/bari.repubblica.it\/cronaca\/2024\/04\/10\/news\/acquedotto_pugliese_aqp_gemello_digitale_mermec_engineering-422453954\/\" target=\"_blank\" rel=\"noopener\"><strong>La Repubblica<\/strong><strong> Bari<\/strong>: Aqp, 7,1 milioni per il gemello digitale di una rete da 5mila chilometri. L\u2019appalto a cordata guidata da Mermec Engineering.<\/a>[\/vc_column_text][divider line_type=&#8221;No Line&#8221; custom_height=&#8221;20px&#8221;][vc_column_text]<span style=\"color: #ff0000;\"><strong>March 30<br \/>\n<\/strong><\/span><a href=\"https:\/\/www.linkedin.com\/feed\/update\/urn:li:activity:7179760418318401536\" target=\"_blank\" rel=\"noopener\"><strong>TG Norba: <\/strong>Ex Ferrosud, Invitalia sostiene MERMEC<\/a>[\/vc_column_text][divider line_type=&#8221;No Line&#8221; custom_height=&#8221;20px&#8221;][vc_column_text]<span style=\"color: #ff0000;\"><strong>March 26<br \/>\n<\/strong><\/span><a href=\"https:\/\/www.bangkokpost.com\/thailand\/general\/2765544\/italian-firm-interested-in-land-bridge-says-suriya\" target=\"_blank\" rel=\"noopener\"><strong>Bangkok Post:<\/strong> Italian firm interested in Land Bridge<\/a><br \/>\n<a href=\"https:\/\/www.bangkokbiznews.com\/business\/economic\/1119420\" target=\"_blank\" rel=\"noopener\"><strong>Bangkok Biz News:<\/strong> &#8216;Suriya&#8217; reveals Italian capital group interested in investing in &#8216;Land Bridge&#8217; project\u00a0<\/a>[\/vc_column_text][divider line_type=&#8221;No Line&#8221; custom_height=&#8221;20px&#8221;][vc_column_text]<span style=\"color: #ff0000;\"><strong>March 15<br \/>\n<\/strong><\/span><a href=\"https:\/\/www.acisport.it\/it\/ACISPORT\/notizie\/2024\/119465\/all-rsquo%3Bautodromo-di-vallelunga-con-mermec-engineering-per-sperimentare-ed-innovare%3A-l-rsquo%3Bintelligenza-artificiale-applicata-al-motorsport-per-la-gestione-dei-track-limit\/mixed\" target=\"_blank\" rel=\"noopener\"><strong>ACI SPORT:<\/strong> All\u2019Autodromo di Vallelunga con Mermec Engineering per sperimentare ed innovare: l\u2019intelligenza artificiale applicata al motorsport per la gestione dei track limit<\/a><br \/>\n<a href=\"https:\/\/it.motorsport.com\/general\/news\/testata-a-vallelunga-lintelligenza-artificiale-per-i-track-limit\/10588023\/\" target=\"_blank\" rel=\"noopener\"><strong>Motorsport.com:<\/strong> Testata a Vallelunga l&#8217;intelligenza artificiale per i track limit\u00a0<\/a>[\/vc_column_text][divider line_type=&#8221;No Line&#8221; custom_height=&#8221;20px&#8221;][vc_column_text]<span style=\"color: #ff0000;\"><strong>March 2<br \/>\n<\/strong><\/span><a href=\"https:\/\/www.ilfoglio.it\/economia\/2024\/03\/02\/news\/vito-pertosa-ci-dice-perche-stabilizzare-l-italia-con-le-riforme-e-una-priorita--6282418\/\" target=\"_blank\" rel=\"noopener\"><strong>Il Foglio: <\/strong>Vito Pertosa ci dice perch\u00e9 stabilizzare l&#8217;Italia con le riforme \u00e8 una priorit\u00e0\u00a0<\/a>[\/vc_column_text][divider line_type=&#8221;No Line&#8221; custom_height=&#8221;20px&#8221;][vc_column_text]<span style=\"color: #ff0000;\"><strong>January 26<br \/>\n<\/strong><\/span><a href=\"https:\/\/www.railwaygazette.com\/business\/hitachi-rail-to-sell-signalling-businesses-to-mermec\/65776.article\" target=\"_blank\" rel=\"noopener\"><strong>Railway Gazette International: <\/strong>Hitachi Rail to sell signalling businesses to MerMec<\/a><br \/>\n<a href=\"https:\/\/www.railjournal.com\/signalling\/hitachi-rail-divests-european-signalling-businesses\/\" target=\"_blank\" rel=\"noopener\"><strong>International Railway Journal:<\/strong> Hitachi Rail divests European signalling businesses<\/a><br \/>\n<a href=\"https:\/\/www.ilsole24ore.com\/art\/a-mermec-linee-segnalamento-hitachi-rail-AF9jKJUC\" target=\"_blank\" rel=\"noopener\"><strong>Il Sole 24 Ore:<\/strong> A Mermec le linee di segnalamento di Hitachi Rail<\/a><br \/>\n<a href=\"https:\/\/www.eurailpress.de\/railimpacts\/industrie\/detail\/news\/mermec-will-hitachis-mainline-signalisierung-uebernehmen.html\" target=\"_blank\" rel=\"noopener\"><strong>Eurail Press:<\/strong> Mermec will Hitachis Mainline-Signalisierung \u00fcbernehmen<\/a><br \/>\n<a href=\"https:\/\/www.usinenouvelle.com\/article\/hitachi-rail-vend-son-actvite-de-signalisation-ferroviaire-francaise-a-l-italien-mer-mec.N2207107\" target=\"_blank\" rel=\"noopener\"><strong>L&#8217;Usine Nouvelle:<\/strong> Hitachi Rail vend son activit\u00e9 de signalisation ferroviaire fran\u00e7aise \u00e0 l\u2019italien Mer Mec<\/a><br \/>\n<a href=\"https:\/\/finanza.lastampa.it\/News\/2024\/01\/26\/hitachi-rail-e-mer-mec-firmano-accordo-di-put-option-per-la-vendita-del-business-di-segnalamento\/NzdfMjAyNC0wMS0yNl9UTEI\" target=\"_blank\" rel=\"noopener\"><strong>La Stampa:<\/strong> Hitachi Rail e Mer Mec firmano accordo di put option per la vendita del business di segnalamento<\/a>[\/vc_column_text][divider line_type=&#8221;No Line&#8221; custom_height=&#8221;20px&#8221;][vc_column_text]<span style=\"color: #ff0000;\"><strong>January 24<br \/>\n<\/strong><\/span><a href=\"https:\/\/www.ferpress.it\/mermec-ferrosud-emiliano-allo-stabilimento-con-ministro-urso-investimenti-e-assunzioni-oltre-le-previsioni\/\" target=\"_blank\" rel=\"noopener\"><strong>FerPress: <\/strong>Mermec Ferrosud &#8211; Emiliano allo stabilimento con ministro Urso. Investimenti e assunzioni oltre le previsioni<\/a>[\/vc_column_text][divider line_type=&#8221;No Line&#8221; custom_height=&#8221;20px&#8221;][vc_column_text]<span style=\"color: #ff0000;\"><strong>January 20<br \/>\n<\/strong><\/span><a href=\"https:\/\/www.rainews.it\/tgr\/basilicata\/video\/2024\/01\/mermec-sviluppo-investimenti-lavoro-matera--25cd86c0-98fc-481b-9e05-9e00440256a8.html\" target=\"_blank\" rel=\"noopener\"><strong>RaiNews<\/strong>: Nuovi investimenti alla Mermec di Matera\u00a0<\/a><br \/>\n<a href=\"https:\/\/www.canale7.tv\/news\/12222\/il-ministro-urso-in-visita-alla-mermec-ferrosud-di-matera.html\" target=\"_blank\" rel=\"noopener\"><strong>Canale 7:<\/strong> Il Ministro Urso in visita alla Mermec<\/a><br \/>\n<a href=\"https:\/\/www.corrierepl.it\/2024\/01\/20\/matera-emiliano-con-urso-alla-mermec-di-pertosa\/\" target=\"_blank\" rel=\"noopener\"><strong>CorrierePL<\/strong>: Matera, Emiliano con Urso alla Mermec di Pertosa<\/a><br \/>\n<a href=\"https:\/\/pugliasera.it\/2024\/01\/20\/emiliano-il-salvataggio-della-ex-ferrosud-andato-bene-grazie-alla-mermec-di-monopoli\/\" target=\"_blank\" rel=\"noopener\"><strong>Puglia Sera:<\/strong> Emiliano &#8211; \u201cIl salvataggio della ex Ferrosud andato bene grazie alla Mermec di Monopoli\u201d<\/a><br \/>\n<a href=\"https:\/\/giornalemio.it\/economia\/mermec-ferrosud-dacciaio-e-il-ministro-urso-apre-un-orizzonte\/\" target=\"_blank\" rel=\"noopener\"><strong>Giornale Mio:<\/strong> Mermec Ferrosud d\u2019acciaio<\/a><\/p>\n<p><a href=\"https:\/\/www.railwaygazette.com\/infrastructure\/kiwirail-orders-track-inspection-car\/65735.article\" target=\"_blank\" rel=\"noopener\"><strong>Railway Gazette:<\/strong> KiwiRail orders track inspection car<\/a>[\/vc_column_text][divider line_type=&#8221;No Line&#8221; custom_height=&#8221;20px&#8221;][vc_column_text]<span style=\"color: #ff0000;\"><strong>January 4<br \/>\n<\/strong><\/span><a href=\"https:\/\/tekniikanmaailma.fi\/lehti\/2a-2024\/lasersilma-paljastaa-radan-viat\/\" target=\"_blank\" rel=\"noopener\"><strong>Tekniikan Maailma: <\/strong>Laser eye reveals track faults<\/a>[\/vc_column_text][divider line_type=&#8221;No Line&#8221; custom_height=&#8221;20px&#8221;][\/toggle][toggle color=&#8221;Default&#8221; heading_tag=&#8221;h3&#8243; heading_tag_functionality=&#8221;default&#8221; title=&#8221;2023&#8243;][vc_column_text]<span style=\"color: #ff0000;\"><strong>December 22<\/strong><\/span><br \/>\n<a href=\"https:\/\/www.globenewswire.com\/news-release\/2023\/12\/22\/2800496\/0\/en\/Mermec-Agreement-with-KiwiRail-for-railway-safety-in-New-Zealand.html\" target=\"_blank\" rel=\"noopener\"><strong>GlobeNewswire: <\/strong>Mermec: Agreement with KiwiRail for railway safety in New Zealand<\/a><br \/>\n<a href=\"https:\/\/www.asiaone.com\/business\/mermec-agreement-kiwirail-railway-safety-new-zealand\" target=\"_blank\" rel=\"noopener\"><strong>Asia One: <\/strong>Mermec: Agreement with KiwiRail for railway safety in New Zealand<\/a>[\/vc_column_text][divider line_type=&#8221;No Line&#8221; custom_height=&#8221;20px&#8221;][vc_column_text]<span style=\"color: #ff0000;\"><strong>December 21<\/strong><\/span><br \/>\n<a href=\"https:\/\/finanza.lastampa.it\/News\/2023\/12\/21\/kiwirail-sceglie-la-tecnologia-del-gruppo-mermec-per-la-sicurezza-delle-ferrovie-in-nuova-zelanda\/MTgzXzIwMjMtMTItMjFfVExC\" target=\"_blank\" rel=\"noopener\"><strong>La Stampa: <\/strong>KiwiRail sceglie la tecnologia del Gruppo Mermec per la sicurezza delle ferrovie in Nuova Zelanda<\/a><br \/>\n<a href=\"https:\/\/www.lapresse.it\/economia\/2023\/12\/21\/mermec-accordo-con-kiwirail-per-sicurezza-ferrovie-in-nuova-zelanda\/\" target=\"_blank\" rel=\"noopener\"><strong>LaPresse:<\/strong> Mermec, accordo con Kiwirail per sicurezza ferrovie in Nuova Zelanda<\/a>[\/vc_column_text][divider line_type=&#8221;No Line&#8221; custom_height=&#8221;20px&#8221;][vc_column_text]<span style=\"color: #ff0000;\"><strong>November 29<\/strong><\/span><br \/>\n<strong><a href=\"https:\/\/www.ilsole24ore.com\/art\/mermec-accordo-governo-filippine-potenziare-rete-ferroviaria-AF0EM8rB\" target=\"_blank\" rel=\"noopener\">Il Sole 24 Ore: <\/a><\/strong><a href=\"https:\/\/www.ilsole24ore.com\/art\/mermec-accordo-governo-filippine-potenziare-rete-ferroviaria-AF0EM8rB\" target=\"_blank\" rel=\"noopener\">MERMEC, accordo con governo Filippine per potenziare rete ferroviaria<\/a>[\/vc_column_text][divider line_type=&#8221;No Line&#8221; custom_height=&#8221;20px&#8221;][vc_column_text]<span style=\"color: #ff0000;\"><strong>November 29<\/strong><\/span><br \/>\n<strong><a href=\"https:\/\/thephilbiznews.com\/2023\/11\/30\/phl-govt-italys-mermec-group-forge-strategic-partnership-to-accelerate-railway-infrastructure\/\" target=\"_blank\" rel=\"noopener\">THEPHILBIZNEWS<\/a><\/strong><strong>: <\/strong><a href=\"https:\/\/thephilbiznews.com\/2023\/11\/30\/phl-govt-italys-mermec-group-forge-strategic-partnership-to-accelerate-railway-infrastructure\/\" target=\"_blank\" rel=\"noopener\">Phl gov&#8217;t, Italy&#8217;s MERMEC Group forge strategic partnership to accelerate railway infrastructure<\/a><br \/>\n<a href=\"https:\/\/www.ansa.it\/puglia\/notizie\/2023\/11\/29\/intesa-mermec-filippine-per-sviluppo-infrastrutture-ferroviarie_e7242a19-7745-4369-a4e1-c14203768b22.html\" target=\"_blank\" rel=\"noopener\"><strong>ANSA:<\/strong> Intesa Mermec-Filippine per sviluppo infrastrutture ferroviarie<\/a><br \/>\n<a href=\"https:\/\/finanza.lastampa.it\/News\/2023\/11\/29\/governo-filippine-e-mermec-siglano-partnership-strategica\/MTA5XzIwMjMtMTEtMjlfVExC\" target=\"_blank\" rel=\"noopener\"><strong>La Stampa: <\/strong><\/a><a href=\"https:\/\/finanza.lastampa.it\/News\/2023\/11\/29\/governo-filippine-e-mermec-siglano-partnership-strategica\/MTA5XzIwMjMtMTEtMjlfVExC\" target=\"_blank\" rel=\"noopener\">Governo Filippine e Mermec siglano partnership strategica<\/a><br \/>\n<a href=\"https:\/\/media.datastampa.it\/media\/20231129\/20231129-telenorba-tg_norba_1330-135946595m.mp4\" target=\"_blank\" rel=\"noopener\"><strong>Telenorba &#8211; TG Norba:<\/strong>\u00a0MERMEC, accordo con Filippine per potenziare infrastrutture ferroviarie<\/a>[\/vc_column_text][divider line_type=&#8221;No Line&#8221; custom_height=&#8221;20px&#8221;][vc_column_text]<span style=\"color: #ff0000;\"><strong>November 20<br \/>\n<\/strong><\/span><a href=\"https:\/\/www.globenewswire.com\/news-release\/2023\/11\/20\/2783007\/0\/en\/Companies-Mermec-advances-railway-diagnostic-expansion-in-Australia.html\" target=\"_blank\" rel=\"noopener\"><strong>GlobeNewsWire:<\/strong> Companies: Mermec advances railway diagnostic expansion in Australia<\/a><br \/>\n<a href=\"https:\/\/www.teleborsa.it\/News\/2023\/11\/20\/mermec-prosegue-l-espansione-in-australia-83.html\" target=\"_blank\" rel=\"noopener\"><strong>TeleBorsa:<\/strong> MERMEC prosegue l&#8217;espansione in Australia<\/a><br \/>\n<a href=\"https:\/\/www.ferrovie.it\/portale\/articoli\/14343\" target=\"_blank\" rel=\"noopener\"><strong>Ferrovie.it: <\/strong>MERMEC continua la sua espansione in Australia nella diagnostica ferroviaria<\/a>[\/vc_column_text][divider line_type=&#8221;No Line&#8221; custom_height=&#8221;20px&#8221;][vc_column_text]<span style=\"color: #ff0000;\"><strong>November 18<br \/>\n<\/strong><\/span><a href=\"https:\/\/www.lapresse.it\/economia\/2023\/11\/18\/imprese-mermec-continua-espansione-nella-diagnostica-ferroviaria-in-australia\/\" target=\"_blank\" rel=\"noopener\"><strong>LaPresse: <\/strong>Imprese, Mermec continua espansione nella diagnostica ferroviaria in Australia<\/a>[\/vc_column_text][divider line_type=&#8221;No Line&#8221; custom_height=&#8221;20px&#8221;][vc_column_text]<span style=\"color: #ff0000;\"><strong>November 14<br \/>\n<\/strong><\/span><a href=\"https:\/\/www.railtarget.cz\/technologies-and-infrastructure\/mermec-japan-pioneering-italian-rail-innovation-in-asia-7065.html#google_vignette\" target=\"_blank\" rel=\"noopener\"><strong>RailTarget: <\/strong>MERMEC Japan: Pioneering Italian Rail Innovation in Asia<\/a>[\/vc_column_text][divider line_type=&#8221;No Line&#8221; custom_height=&#8221;20px&#8221;][vc_column_text]<span style=\"color: #ff0000;\"><strong>November 10<br \/>\n<\/strong><\/span><a href=\"https:\/\/www.lapresse.it\/economia\/2023\/11\/10\/mermec-leader-in-tecnologia-manutenzione-reti-ferroviarie-in-fiera-a-tokyo\/\" target=\"_blank\" rel=\"noopener\"><strong>LaPresse: <\/strong>Mermec, leader in tecnologia manutenzione reti ferroviarie in fiera a Tokyo<\/a><br \/>\n<a href=\"https:\/\/www.globenewswire.com\/news-release\/2023\/11\/10\/2778134\/0\/en\/Mermec-Leader-in-railway-network-maintenance-technology-showcased-at-Tokyo-exhibition.html\" target=\"_blank\" rel=\"noopener\"><strong>GlobeNewsWire: <\/strong>Mermec: Leader in railway network maintenance technology<\/a><br \/>\n<a href=\"https:\/\/metronews.it\/2023\/11\/10\/mermec-leader-in-tecnologia-manutenzione-reti-ferroviarie-in-fiera-a-tokyo\/\" target=\"_blank\" rel=\"noopener\"><strong>MetroNews: <\/strong>MERMEC, leader in tecnologia manutenzione reti ferroviarie in fiera a Tokyo<\/a>[\/vc_column_text][divider line_type=&#8221;No Line&#8221; custom_height=&#8221;20px&#8221;][vc_column_text]<span style=\"color: #ff0000;\"><strong>October 7<br \/>\n<\/strong><\/span><a href=\"https:\/\/www.ansa.it\/sito\/videogallery\/italia\/2023\/10\/08\/la-visita-del-ministro-tajani-alla-ex-ferrosud-di-matera_bcfe3d3a-507a-4627-bfe3-6009cff5696d.html\" target=\"_blank\" rel=\"noopener\"><strong>ANSA:<\/strong> La visita del ministro Tajani alla ex Ferrosud di Matera<\/a><br \/>\n<a href=\"http:\/\/bancadati.datavideo.it\/media\/20231007\/20231007-TELENORBA-TG_NORBA_2015-202918489m.mp4\" target=\"_blank\" rel=\"noopener\"><strong>TG NORBA:<\/strong> La visita del ministro Tajani alla ex Ferrosud di Matera<\/a><br \/>\n<a href=\"https:\/\/www.materalife.it\/notizie\/la-mermec-ferrosud-riporta-l-area-murgiana-sul-binario-giusto\/\" target=\"_blank\" rel=\"noopener\"><strong>Matera Life: <\/strong>La MerMec Ferrosud riporta l&#8217;area murgiana sul binario giusto<\/a><br \/>\n<a href=\"https:\/\/www.sassilive.it\/cronaca\/istituzioni-cronaca\/ministri-antonio-tajani-e-maria-elisabetta-alberti-casellati-visitano-stabilmento-mermec-ferrosud-a-matera-report-e-foto\/\" target=\"_blank\" rel=\"noopener\"><strong>SassiLive:<\/strong> Ministri Antonio Tajani e Maria Elisabetta Alberti Casellati visitano stabilmento Mermec Ferrosud a Matera<\/a>[\/vc_column_text][divider line_type=&#8221;No Line&#8221; custom_height=&#8221;20px&#8221;][vc_column_text]<span style=\"color: #ff0000;\"><strong>October 3<br \/>\n<\/strong><\/span><a href=\"http:\/\/bancadati.datavideo.it\/media\/20231004\/20231004-TELENORBA-TG_NORBA_0730-075123148m.mp4\" target=\"_blank\" rel=\"noopener\"><strong>TG NORBA:<\/strong> Mermec presente a Expo Ferroviaria 2023<\/a><br \/>\n<a href=\"https:\/\/www.teleborsa.it\/News\/2023\/10\/03\/mermec-presente-a-expo-ferroviaria-2023-117.html\" target=\"_blank\" rel=\"noopener\"><strong>TeleBorsa:\u00a0<\/strong>Mermec presente a Expo Ferroviaria 2023<\/a><br \/>\n<a href=\"https:\/\/www.ferpress.it\/mermec-presente-a-expo-ferroviaria-2023\/\" target=\"_blank\" rel=\"noopener\"><strong>FerPress:<\/strong> MERMEC presente a EXPO Ferroviaria 2023. Presentate ultime soluzioni innovative<\/a><br \/>\n<a href=\"https:\/\/finanza.lastampa.it\/News\/2023\/10\/03\/mermec-presente-a-expo-ferroviaria-2023\/MTE3XzIwMjMtMTAtMDNfVExC\" target=\"_blank\" rel=\"noopener\"><strong>La Stampa:<\/strong> Mermec presente a Expo Ferroviaria 2023<\/a><br \/>\n<a href=\"https:\/\/finanza.repubblica.it\/News\/2023\/10\/03\/mermec_presente_a_expo_ferroviaria_2023-117\/\" target=\"_blank\" rel=\"noopener\"><strong>La Repubblica:<\/strong> Mermec presente a Expo Ferroviaria 2023<\/a><br \/>\n<a href=\"https:\/\/www.ferrovie.it\/portale\/articoli\/14085\" target=\"_blank\" rel=\"noopener\"><strong>Ferrovie.it:<\/strong> Mermec presente a Expo Ferroviaria 2023<\/a>[\/vc_column_text][divider line_type=&#8221;No Line&#8221; custom_height=&#8221;20px&#8221;][vc_column_text]<span style=\"color: #ff0000;\"><strong>October 2<br \/>\n<\/strong><\/span><a href=\"https:\/\/www.railwaygazette.com\/business\/bank-backs-digital-railway-randd\/65026.article\" target=\"_blank\" rel=\"noopener\"><strong>Railway Gazette: <\/strong>Bank backs digital railway R&amp;D<\/a>[\/vc_column_text][divider line_type=&#8221;No Line&#8221; custom_height=&#8221;20px&#8221;][vc_column_text]<span style=\"color: #ff0000;\"><strong>September 26<br \/>\n<\/strong><\/span><a href=\"https:\/\/www.lapresse.it\/economia\/2023\/09\/26\/iccs-business-award-2023-mermec-premiata-a-singapore\/\" target=\"_blank\" rel=\"noopener\"><strong>LaPresse: <\/strong>Iccs Business Award 2023, Mermec premiata a Singapore<\/a><br \/>\n<a href=\"https:\/\/www.globenewswire.com\/news-release\/2023\/09\/26\/2749818\/0\/en\/MERMEC-Honored-in-Singapore-at-ICCS-Business-Awards-2023.html\" target=\"_blank\" rel=\"noopener\"><strong>GlobeNewswire:<\/strong> MERMEC Honored in Singapore at ICCS Business Awards 2023\u00a0<\/a>[\/vc_column_text][divider line_type=&#8221;No Line&#8221; custom_height=&#8221;20px&#8221;][vc_column_text]<span style=\"color: #ff0000;\"><strong>September 25<br \/>\n<\/strong><\/span><a href=\"https:\/\/www.railtarget.eu\/business\/mermec-group-embarks-on-rail-tech-revolution-with-eibs-eur-30-million-support-6659.html\" target=\"_blank\" rel=\"noopener\"><strong>RailTarget: <\/strong>MERMEC Group Embarks on Rail Tech Revolution with EIB&#8217;s EUR 30 Million Support\u00a0<\/a>[\/vc_column_text][divider line_type=&#8221;No Line&#8221; custom_height=&#8221;20px&#8221;][vc_column_text]<span style=\"color: #ff0000;\"><strong>September 24<br \/>\n<\/strong><\/span><a href=\"https:\/\/www.railway.supply\/en\/development-of-signaling-for-autonomous-trains\/\" target=\"_blank\" rel=\"noopener\"><strong>Railway Supply<\/strong><strong>:<\/strong> Development of signaling for autonomous trains<\/a>[\/vc_column_text][divider line_type=&#8221;No Line&#8221; custom_height=&#8221;20px&#8221;][vc_column_text]<span style=\"color: #ff0000;\"><strong>September 23<br \/>\n<\/strong><\/span><a href=\"https:\/\/www.corriere.it\/economia\/aziende\/23_settembre_23\/sicurezza-treni-ricetta-mermec-le-procedure-ci-sono-vanno-rispettate-895b5790-59f3-11ee-b33c-c723630441ff.shtml\" target=\"_blank\" rel=\"noopener\"><strong>Corriere.it: <\/strong>Sicurezza dei treni, la ricetta Mermec: \u00abLe procedure ci sono, vanno rispettate\u00bb<\/a>[\/vc_column_text][divider line_type=&#8221;No Line&#8221; custom_height=&#8221;20px&#8221;][vc_column_text]<span style=\"color: #ff0000;\"><strong>September 22<br \/>\n<\/strong><\/span><a href=\"https:\/\/www.railjournal.com\/technology\/eib-provides-e30m-for-rd-at-mermec\/\" target=\"_blank\" rel=\"noopener\"><strong>International Railway Journal:<\/strong> EIB provides \u20ac30m for R&amp;D at Mermec<\/a><br \/>\n<a href=\"https:\/\/www.ferpress.it\/bei-fino-a-30-milioni-a-mermec-per-la-digitalizzazione-del-sistema-ferroviario\/\" target=\"_blank\" rel=\"noopener\"><strong>FerPress:<\/strong> BEI: fino a 30 milioni a MERMEC per la digitalizzazione del sistema ferroviario<\/a><br \/>\n<a href=\"https:\/\/finanza.tgcom24.mediaset.it\/news\/dettaglio_news.asp?id=202309221356001906&amp;chkAgenzie=PMFNW&amp;sez=mfdj&amp;testo=&amp;titolo=Bei:%20finanzia%20Mermec%20fino%20a%2030%20mln%20per%20digitalizzare%20sistema%20ferroviario\" target=\"_blank\" rel=\"noopener\"><strong>MF Newswires:<\/strong> BEI, finanzia Mermec fino a 30 mln per digitalizzare sistema ferroviario<\/a><br \/>\n<a href=\"https:\/\/www.teleborsa.it\/News\/2023\/09\/22\/mermec-da-bei-fino-a-30-milioni-per-digitalizzazione-sistema-ferroviario-49.html\" target=\"_blank\" rel=\"noopener\"><strong>TeleBorsa:<\/strong> MERMEC da BEI fino a 30 milioni per digitalizzazione sistema ferroviario<\/a><br \/>\n<a href=\"https:\/\/finanza.repubblica.it\/News\/2023\/09\/22\/mermec_da_bei_fino_a_30_milioni_per_digitalizzazione_sistema_ferroviario-49\/\" target=\"_blank\" rel=\"noopener\"><strong>La Repubblica:<\/strong> MERMEC: da BEI fino a 30 milioni per digitalizzazione sistema ferroviario<\/a><br \/>\n<a href=\"https:\/\/finanza.lastampa.it\/News\/2023\/09\/22\/mermec-da-bei-fino-a-30-milioni-per-digitalizzazione-sistema-ferroviario\/NDlfMjAyMy0wOS0yMl9UTEI\" target=\"_blank\" rel=\"noopener\"><strong>La Stampa:<\/strong> MERMEC: da BEI fino a 30 milioni per digitalizzazione sistema ferroviario\u00a0<\/a><br \/>\n<a href=\"https:\/\/www.ilfoglio.it\/economia\/2023\/09\/22\/news\/digitalizzare-il-sistema-ferroviario-dalla-bei-30-milioni-a-mermec-5699717\/\" target=\"_blank\" rel=\"noopener\"><strong>Il Foglio:<\/strong> Digitalizzare il sistema ferroviario: dalla Bei 30 milioni a Mermec <\/a><br \/>\n<a href=\"https:\/\/www.agenzianova.com\/nazionale\/650da55b1b4e78.55668650\/4557885\/2023-09-22\/speciale-infrastrutture-dalla-bei-fino-a-30-milioni-a-mermec-per-la-digitalizzazione-del-sistema-ferroviario\" target=\"_blank\" rel=\"noopener\"><strong>Agenzia Nova<\/strong>: Speciale infrastrutture: dalla Bei fino a 30 milioni a Mermec per la digitalizzazione del sistema ferroviario<\/a><br \/>\n<a href=\"https:\/\/www.rainews.it\/tgr\/basilicata\/video\/2023\/09\/impegno-della-bei-piu-fondi-alle-imprese-del-sud-a8eaee84-9380-48af-8b61-2023a3ea7e57.html\" target=\"_blank\" rel=\"noopener\"><strong>Rai News: <\/strong>L&#8217;impegno della Bei: pi\u00f9 fondi alle imprese del Sud<\/a><br \/>\n<a href=\"https:\/\/www.corrierecomunicazioni.it\/digital-economy\/ferrovie-e-digitale-bei-finanzia-lrd-di-mermec-con-30-milioni\/\" target=\"_blank\" rel=\"noopener\"><strong>CorCom:<\/strong> Ferrovie e digitale, Bei finanzia l&#8217;R&amp;D di Mermec con 30 milioni\u00a0<\/a><br \/>\n<a href=\"https:\/\/www.devdiscourse.com\/article\/business\/2604399-eib-provides-30-million-to-support-mermec-for-rail-system-digitalisation-in-italy\" target=\"_blank\" rel=\"noopener\"><strong>Devdiscourse:<\/strong> EIB provides \u20ac30 million to support MERMEC for rail system digitalisation in Italy<\/a><br \/>\n<a href=\"https:\/\/www.eunews.it\/2023\/09\/22\/dalla-banca-europea-per-gli-investimenti-30-milioni-alla-multinazionale-italiana-mermec-per-digitalizzare-il-sistema-ferroviario\/\" target=\"_blank\" rel=\"noopener\"><strong>EuNews:<\/strong> Dalla Banca europea per gli investimenti 30 milioni alla multinazionale italiana Mermec, per digitalizzare il sistema ferroviario<\/a>[\/vc_column_text][divider line_type=&#8221;No Line&#8221; custom_height=&#8221;20px&#8221;][vc_column_text]<span style=\"color: #ff0000;\"><strong>September 13<br \/>\n<\/strong><\/span><a href=\"https:\/\/ambhelsinki.esteri.it\/it\/news\/dall_ambasciata\/2023\/09\/diplomazia-economica-mermec-railtech-forum-helsinki-7-settembre-2023\/\" target=\"_blank\" rel=\"noopener\"><strong>Ambasciata d&#8217;Italia Helsinki: <\/strong>MERMEC RailTech Forum\u00a0<\/a>[\/vc_column_text][divider line_type=&#8221;No Line&#8221; custom_height=&#8221;20px&#8221;][vc_column_text]<span style=\"color: #ff0000;\"><strong>September 11<br \/>\n<\/strong><\/span><a href=\"https:\/\/www.linkedin.com\/feed\/update\/urn:li:activity:7106940521217990659\" target=\"_blank\" rel=\"noopener\"><strong>TG NORBA: <\/strong>Matera, nuova vita per la Ferrosud<\/a><br \/>\n<a href=\"http:\/\/bancadati.datavideo.it\/media\/20230911\/20230911-TELENORBA-TG_NORBA_0730-074020264m.mp4\" target=\"_blank\" rel=\"noopener\"><strong>TG NORBA: <\/strong>Fitto visita MERMEC FERROSUD<\/a>[\/vc_column_text][divider line_type=&#8221;No Line&#8221; custom_height=&#8221;20px&#8221;][vc_column_text]<span style=\"color: #ff0000;\"><strong>September 10<br \/>\n<\/strong><\/span><a href=\"https:\/\/www.trmtv.it\/attualita\/economia\/2023_09_09\/392490.html\" target=\"_blank\" rel=\"noopener\"><strong>TRMTV: <\/strong>Fitto in visita alla Mermec Ferrosud<\/a>[\/vc_column_text][divider line_type=&#8221;No Line&#8221; custom_height=&#8221;20px&#8221;][vc_column_text]<span style=\"color: #ff0000;\"><strong>September 9<br \/>\n<\/strong><\/span><a href=\"https:\/\/www.rainews.it\/tgr\/basilicata\/video\/2023\/09\/la-sfida-della-mermec-matera-visita-ministro-per-il-sud-raffaele-fitto-085113fd-a202-4169-b243-a96f715ac761.html\" target=\"_blank\" rel=\"noopener\"><strong>RaiNews:\u00a0<\/strong>La sfida della Mermec\u00a0<\/a><br \/>\n<a href=\"https:\/\/www.lagazzettadelmezzogiorno.it\/news\/matera\/1423925\/fitto-a-matera-la-zes-unica-per-il-sud-e-una-grande-opportunita-landini-e-come-non-averne.html\" target=\"_blank\" rel=\"noopener\"><strong>Gazzetta del Mezzogiorno:<\/strong> Fitto a Matera<\/a><br \/>\n<a href=\"https:\/\/www.sassilive.it\/cronaca\/politica\/ministro-fitto-visita-la-mermec-ferrosud-di-matera-report-e-foto\/\" target=\"_blank\" rel=\"noopener\"><strong>SassiLive:<\/strong> Ministro Fitto visita la Mermec Ferrosud di Matera<\/a>[\/vc_column_text][divider line_type=&#8221;No Line&#8221; custom_height=&#8221;20px&#8221;][vc_column_text]<span style=\"color: #ff0000;\"><strong>September 8<\/strong><\/span><br \/>\n<a href=\"https:\/\/www.ferrovie.it\/portale\/articoli\/13992\" target=\"_blank\" rel=\"noopener\"><strong>Ferrovie.it<\/strong>: Concluso il primo MerMec RailTech Forum<\/a>[\/vc_column_text][divider line_type=&#8221;No Line&#8221; custom_height=&#8221;20px&#8221;][vc_column_text]<span style=\"color: #ff0000;\"><strong>July 18<\/strong><\/span><br \/>\n<a href=\"https:\/\/finanza.ilsecoloxix.it\/News\/2023\/07\/18\/il-ministro-salvini-visita-lo-stabilimento-strategico-mermec-ferrosud-a-matera\/NTNfMjAyMy0wNy0xOF9UTEI\" target=\"_blank\" rel=\"noopener\"><strong>Il Secolo XIX: <\/strong>Il Ministro Salvini visita lo stabilimento strategico MERMEC FERROSUD a Matera<\/a><br \/>\n<a href=\"https:\/\/finanza.repubblica.it\/News\/2023\/07\/18\/il_ministro_salvini_visita_lo_stabilimento_strategico_mermec_ferrosud_a_matera-53\/\" target=\"_blank\" rel=\"noopener\"><strong>La Repubblica:<\/strong> Il Ministro Salvini visita lo stabilimento strategico MERMEC FERROSUD a Matera<\/a><br \/>\n<a href=\"https:\/\/finanza.lastampa.it\/News\/2023\/07\/18\/il-ministro-salvini-visita-lo-stabilimento-strategico-mermec-ferrosud-a-matera\/NTNfMjAyMy0wNy0xOF9UTEI\" target=\"_blank\" rel=\"noopener\"><strong>La Stampa: <\/strong>Il Ministro Salvini visita lo stabilimento strategico MERMEC FERROSUD a Matera<\/a><br \/>\n<a href=\"https:\/\/www.teleborsa.it\/News\/2023\/07\/18\/il-ministro-salvini-visita-lo-stabilimento-strategico-mermec-ferrosud-a-matera-53.html\" target=\"_blank\" rel=\"noopener\"><strong>TeleBorsa: <\/strong>Il Ministro Salvini visita lo stabilimento strategico MERMEC FERROSUD a Matera<\/a>[\/vc_column_text][divider line_type=&#8221;No Line&#8221; custom_height=&#8221;20px&#8221;][vc_column_text]<span style=\"color: #ff0000;\"><strong>July 17<br \/>\n<\/strong><\/span><a href=\"https:\/\/www.giornaledibasilicata.com\/2023\/07\/braia-con-mermec-riparte-ferrosud.html\" target=\"_blank\" rel=\"noopener\"><strong>Giornale di Basilicata:\u00a0<\/strong>Con Mermec riparte Ferrosud. Sostegno a imprese unica via possibile per sviluppo, occupazione e rilancio regionale<\/a><br \/>\n<a href=\"https:\/\/www.lecronachelucane.it\/2023\/07\/17\/braia-su-ripartenza-ferrosud-con-mermec\/\" target=\"_blank\" rel=\"noopener\"><strong>Le Cronache Lucane: <\/strong>Con Mermec riparte Ferrosud. Sostegno a imprese unica via possibile per sviluppo, occupazione e rilancio regionale<\/a>[\/vc_column_text][divider line_type=&#8221;No Line&#8221; custom_height=&#8221;20px&#8221;][vc_column_text]<span style=\"color: #ff0000;\"><strong>July 16<br \/>\n<\/strong><\/span><a href=\"http:\/\/bancadati.datavideo.it\/media\/20230716\/20230716-TG_NORBA_24-TG_NORBA_24_0900-091018162m.mp4\" target=\"_blank\" rel=\"noopener\"><strong>TG NORBA 24: <\/strong>Il Ministro Salvini visita MERMEC FERROSUD<\/a><br \/>\n<a href=\"https:\/\/bari.repubblica.it\/cronaca\/2023\/07\/15\/news\/matera_ferrosud_pertosa_mermec_salvini-407870380\/\" target=\"_blank\" rel=\"noopener\"><strong>La Repubblica: <\/strong>Matera, il gigante Ferrosud rinasce sotto la guida di Pertosa (Mermec). Lo inaugura Salvini: \u201cTanta roba\u201d<\/a>[\/vc_column_text][divider line_type=&#8221;No Line&#8221; custom_height=&#8221;20px&#8221;][vc_column_text]<span style=\"color: #ff0000;\"><strong>July 15<\/strong><\/span><br \/>\n<a href=\"https:\/\/www.rainews.it\/tgr\/basilicata\/video\/2023\/07\/dalle-carrozze-ai-treni-del-futuro-3e02c038-0866-4227-8ef6-c10558108eb5.html\" target=\"_blank\" rel=\"noopener\"><strong>RAI TGR Basilicata:<\/strong> Dalle carrozze ai treni del futuro<\/a><br \/>\n<a href=\"http:\/\/bancadati.datavideo.it\/media\/20230715\/20230715-RAI_3-TGR_PUGLIA_1400-191806911m.mp4\" target=\"_blank\" rel=\"noopener\"><strong>RAI TGR Puglia:<\/strong> Il rilancio di Ferrosud, Salvini: &#8220;Operazione esemplare&#8221;<\/a><br \/>\n<a href=\"https:\/\/www.trmtv.it\/politica\/2023_07_15\/385985.html\" target=\"_blank\" rel=\"noopener\"><strong>TRM TV:<\/strong> Il ministro Salvini in visita allo stabilimento Mermec di Matera<\/a><br \/>\n<a href=\"https:\/\/www.canale7.tv\/news\/11247\/il-ministro-matteo-salvini-in-visita-alla-mermec.html\" target=\"_blank\" rel=\"noopener\"><strong>Canale 7 TV:<\/strong> Il Ministro Matteo Salvini in visita alla Ferrosud Mermec di Matera<\/a><br \/>\n<a href=\"https:\/\/ilcorrierelucano.it\/2023\/07\/15\/braia-con-mermec-riparte-ferrosud-sostegno-a-imprese-unica-via-possibile-per-sviluppo-occupazione-e-rilancio-regionale\/\" target=\"_blank\" rel=\"noopener\"><strong>Il Corriere Lucano<\/strong><strong>:<\/strong> Braia: con Mermec riparte Ferrosud. Sostegno a imprese unica via possibile per sviluppo, occupazione e rilancio regionale<\/a><br \/>\n<a href=\"https:\/\/giornalemio.it\/economia\/ferrosud-mermec-sul-binario-giusto\/#google_vignette\" target=\"_blank\" rel=\"noopener\"><strong>Giornalemio.it: <\/strong>Ferrosud Mermec sul binario giusto<\/a>[\/vc_column_text][divider line_type=&#8221;No Line&#8221; custom_height=&#8221;20px&#8221;][vc_column_text]<span style=\"color: #ff0000;\"><strong>July 8<br \/>\n<\/strong><\/span><a href=\"https:\/\/www.corrierepl.it\/2023\/07\/08\/milano-e-linate-accorciate-le-distanze-anche-grazie-alla-puglia\/\" target=\"_blank\" rel=\"noopener\"><strong>Corriere PL: <\/strong>Milano e Linate: accorciate le distanze anche grazie alla Puglia<\/a>[\/vc_column_text][divider line_type=&#8221;No Line&#8221; custom_height=&#8221;20px&#8221;][vc_column_text]<span style=\"color: #ff0000;\"><strong>July 5<br \/>\n<\/strong><\/span><a href=\"https:\/\/www.wetravel.biz\/2023\/07\/05\/tecnologia-mermec-per-la-sicurezza-metropolitana-m4-milano\/\" target=\"_blank\" rel=\"noopener\"><strong>We Travel: <\/strong>Tecnologia Mermec per la sicurezza metropolitana M4 Milano<\/a>[\/vc_column_text][divider line_type=&#8221;No Line&#8221; custom_height=&#8221;20px&#8221;][vc_column_text]<span style=\"color: #ff0000;\"><strong>July 4<br \/>\n<\/strong><\/span><a href=\"https:\/\/www.ansa.it\/sito\/notizie\/mondo\/news_dalle_ambasciate\/2023\/07\/04\/il-console-generale-a-osaka-alla-13\/ma-fiera-del-lavoro_ae0fa4ad-1973-44fa-b4eb-ec919d64449c.html\" target=\"_blank\" rel=\"noopener\"><strong>Ansa: <\/strong>Il console generale a Osaka alla 13\/ma Fiera del lavoro<\/a><\/p>\n<p><a href=\"https:\/\/www.affaritaliani.it\/puglia\/anche-la-pugliese-mermec-ste-tra-le-imprese-per-la-metro-4-linate-san-babila-864337.html\" target=\"_blank\" rel=\"noopener\"><strong>Affari Italiani:<\/strong> Anche la pugliese Mermec STE tra le imprese per la Metro 4 Linate-San Babila<\/a><br \/>\n<a href=\"https:\/\/www.agenzianova.com\/novamilano\/64a43e8aafcb40.95980977\/4423459\/2023-07-04\/trasporti-mermec-m4-di-milano-opera-strategica-per-la-citta-e-per-il-paese\" target=\"_blank\" rel=\"noopener\"><strong>Agenzia Nova: <\/strong>Mermec, M4 di Milano opera strategica per la citt\u00e0 e per il paese<\/a><br \/>\n<a href=\"https:\/\/askanews.it\/2023\/07\/04\/milano-mermec-linea-metro-m4-opera-strategica-per-citta-e-paese\/\" target=\"_blank\" rel=\"noopener\"><strong>Askanews:<\/strong> Milano, Mermec: linea metro M4 opera strategica per citt\u00e0 e paese<\/a><br \/>\n<a href=\"https:\/\/bari.corriere.it\/notizie\/economia\/23_luglio_04\/metro-m4-di-milano-anche-la-mermec-di-monopoli-tra-le-imprese-coinvolte-nella-realizzazione-1b57826f-4520-485d-ba80-304f24004xlk.shtml\" target=\"_blank\" rel=\"noopener\"><strong>Corriere del Mezzogiorno: <\/strong>Metro M4 di Milano, anche la Mermec di Monopoli tra le imprese coinvolte nella realizzazione<\/a><br \/>\n<a href=\"https:\/\/www.ferpress.it\/m4-milano-di-mermec-ste-i-sistemi-per-la-gestione-integrata-delle-tlc-sicurezza-e-info\/\" target=\"_blank\" rel=\"noopener\"><strong>FerPress: <\/strong>M4 Milano: di MERMEC STE i sistemi per la gestione integrata delle TLC, sicurezza e info<\/a><br \/>\n<a href=\"https:\/\/www.ferrovie.info\/index.php\/it\/altri-mezzi\/metropolitane\/26934-metro-m4-milano-mermec-ste-in-cordata-imprese-che-ha-realizzato-la-linate-san-babila\" target=\"_blank\" rel=\"noopener\"><strong>Ferrovie.info:<\/strong> M4 Milano, MerMec STE in cordata imprese che ha realizzato la Linate &#8211; San Babila<\/a><br \/>\n<a href=\"https:\/\/www.ferrovie.it\/portale\/articoli\/13750\" target=\"_blank\" rel=\"noopener\"><strong>Ferrovie.it: <\/strong>Mermec STE tra le imprese che hanno realizzato la nuova tratta M4 di Milano<\/a><br \/>\n<a href=\"https:\/\/finanza.ilsecoloxix.it\/News\/2023\/07\/04\/m4-apre-la-fermata-san-babila-collegata-linate-con-centro-citta\/MTA5XzIwMjMtMDctMDRfVExC\" target=\"_blank\" rel=\"noopener\"><strong>Il Secolo XIX:<\/strong> M4, apre la fermata San Babila: collegata Linate con centro citt\u00e0<\/a><br \/>\n<a href=\"https:\/\/finanza.repubblica.it\/News\/2023\/07\/04\/m4_apre_la_fermata_san_babila_collegata_linate_con_centro_citta-109\/\" target=\"_blank\" rel=\"noopener\"><strong>La Repubblica:<\/strong> M4, apre la fermata San Babila: collegata Linate con centro citt\u00e0<\/a><br \/>\n<a href=\"https:\/\/finanza.lastampa.it\/News\/2023\/07\/04\/m4-apre-la-fermata-san-babila-collegata-linate-con-centro-citta\/MTA5XzIwMjMtMDctMDRfVExC\" target=\"_blank\" rel=\"noopener\"><strong>La Stampa:<\/strong> M4, apre la fermata San Babila: collegata Linate con centro citt\u00e0<\/a><br \/>\n<a href=\"https:\/\/www.teleborsa.it\/News\/2023\/07\/04\/m4-apre-la-fermata-san-babila-collegata-linate-con-centro-citta-109.html#:~:text=La%20prima%20tratta%20di%20Metro,prevista%20per%20l%27ottobre%202024.\" target=\"_blank\" rel=\"noopener\"><strong>Teleborsa: <\/strong>M4, apre la fermata San Babila: collegata Linate con centro citt\u00e0<\/a>[\/vc_column_text][divider line_type=&#8221;No Line&#8221; custom_height=&#8221;20px&#8221;][vc_column_text]<span style=\"color: #ff0000;\"><strong>July 1<br \/>\n<\/strong><\/span><a href=\"https:\/\/www.linkedin.com\/feed\/update\/urn:li:activity:7081548601461547008\" target=\"_blank\" rel=\"noopener\"><strong>TGNORBA 24: <\/strong>MERMEC al G7 Trasporti<\/a>[\/vc_column_text][divider line_type=&#8221;No Line&#8221; custom_height=&#8221;20px&#8221;][vc_column_text]<span style=\"color: #ff0000;\"><strong>June 19<br \/>\n<\/strong><\/span><a href=\"https:\/\/www.affaritaliani.it\/puglia\/g7-trasporti-il-gruppo-mermec-chiamato-a-rappresentare-l-italia-in-giappone-861383.html\" target=\"_blank\" rel=\"noopener\"><strong>Affari Italiani:\u00a0<\/strong>G7 Trasporti: il Gruppo Mermec chiamato a rappresentare l\u2019Italia in Giappone<\/a><br \/>\n<a href=\"https:\/\/www.ferpress.it\/g7-trasporti-il-gruppo-mermec-chiamato-a-rappresentare-litalia-in-giappone\/\" target=\"_blank\" rel=\"noopener\"><strong>FerPress:<\/strong> G7 trasporti: il gruppo Mermec chiamato a rappresentare l\u2019Italia in Giappone<\/a><br \/>\n<a href=\"https:\/\/finanza.lastampa.it\/News\/2023\/06\/19\/g7-trasporti-il-gruppo-mermec-chiamato-a-rappresentare-l+italia-in-giappone\/MjVfMjAyMy0wNi0xOV9UTEI\" target=\"_blank\" rel=\"noopener\"><strong>La Stampa:<\/strong> G7 Trasporti, il Gruppo MERMEC chiamato a rappresentare l&#8217;Italia in Giappone<\/a><br \/>\n<a href=\"https:\/\/finanza.repubblica.it\/News\/2023\/06\/19\/g7_trasporti_il_gruppo_mermec_chiamato_a_rappresentare_l%E2%80%99italia_in_giappone-25\/\" target=\"_blank\" rel=\"noopener\"><strong>La Repubblica:<\/strong> G7 Trasporti, il Gruppo MERMEC chiamato a rappresentare l&#8217;Italia in Giappone<\/a><br \/>\n<a href=\"https:\/\/www.mobilitafutura.eu\/policy\/mondo\/g7-trasporti-corridoi\/33562\/\" target=\"_blank\" rel=\"noopener\"><strong>Mobilit\u00e0 Futura: <\/strong>G7 Trasporti, presente per l\u2019Italia MERMEC<\/a><br \/>\n<a href=\"https:\/\/www.teleborsa.it\/News\/2023\/06\/19\/g7-trasporti-il-gruppo-mermec-chiamato-a-rappresentare-l-italia-in-giappone-25.html\" target=\"_blank\" rel=\"noopener\"><strong>TeleBorsa:<\/strong> G7 Trasporti, il Gruppo MERMEC chiamato a rappresentare l&#8217;Italia in Giappone<\/a>[\/vc_column_text][divider line_type=&#8221;No Line&#8221; custom_height=&#8221;20px&#8221;][vc_column_text]<span style=\"color: #ff0000;\"><strong>June 17<br \/>\n<\/strong><\/span><a href=\"https:\/\/www.ansa.it\/puglia\/notizie\/2023\/06\/17\/mermec-al-g7-trasporti-presentate-idee-per-la-sostenibilita_59ebed21-cd3b-477f-8dc9-c617117f3e83.html\" target=\"_blank\" rel=\"noopener\"><strong>ANSA: <\/strong>Mermec al G7 trasporti, &#8216;presentate idee per la sostenibilit\u00e0&#8217;<\/a><br \/>\n<a href=\"http:\/\/bancadati.datavideo.it\/media\/20230617\/20230617-SKY_TG24-SKY_TG24_2130-224111294m.mp4\" target=\"_blank\" rel=\"noopener\"><strong>Sky TG24 &#8211; Servizio delle 21: <\/strong>MERMEC al G7 Trasporti<\/a><br \/>\n<a href=\"https:\/\/www.ferrovie.info\/index.php\/it\/13-treni-reali\/26751-ferrovie-g7-trasporti-il-gruppo-mermec-rappresenta-l-italia-in-giappone\" target=\"_blank\" rel=\"noopener\"><strong>Ferrovie.info: <\/strong>G7 trasporti, il Gruppo MerMec rappresenta l&#8217;Italia in Giappone<\/a><br \/>\n<a href=\"https:\/\/www.ferrovie.it\/portale\/articoli\/13662\" target=\"_blank\" rel=\"noopener\"><strong>Ferrovie.it:<\/strong> G7 Trasporti, il Gruppo Mermec chiamato a rappresentare l&#8217;Italia in Giappone<\/a><br \/>\n<a href=\"http:\/\/bancadati.datavideo.it\/media\/20230617\/20230617-SKY_TG24-PROGRESS_1344-140245932m.mp4\" target=\"_blank\" rel=\"noopener\"><strong>Sky TG24 &#8211; Servizio delle 13:<\/strong> MERMEC al G7 Trasporti<\/a><strong><br \/>\n<\/strong>[\/vc_column_text][divider line_type=&#8221;No Line&#8221; custom_height=&#8221;20px&#8221;][vc_column_text]<span style=\"color: #ff0000;\"><strong>June 16<br \/>\n<\/strong><\/span><a href=\"https:\/\/www.corriere.it\/economia\/aziende\/23_giugno_16\/g7-trasporti-mermec-rappresenta-l-italia-vertice-annuale-giappone-cbcb6e0e-0c13-11ee-b335-09dfc8f3bac5.shtml\" target=\"_blank\" rel=\"noopener\"><strong>Corriere della Sera:<\/strong> G7 Trasporti, Mermec rappresenta l\u2019Italia al vertice annuale in Giappone<\/a><br \/>\n<a href=\"https:\/\/www.apmultimedianewsroom.com\/multimedia-newsroom\/le-groupe-mermec-au-g7-transports-au-japon\" target=\"_blank\" rel=\"noopener\"><strong>AP News: <\/strong>Le Groupe Mermec Au G7 Transports Au Japon<\/a><br \/>\n<a href=\"https:\/\/it.advfn.com\/mercati\/notizie\/91358394\/le-groupe-mermec-au-g7-transports-au-japon\" target=\"_blank\" rel=\"noopener\"><strong>ADVFN: <\/strong>Le Groupe Mermec Au G7 Transports Au Japon<\/a><br \/>\n<a href=\"https:\/\/www.globenewswire.com\/news-release\/2023\/06\/16\/2689856\/0\/fr\/Le-Groupe-Mermec-Au-G7-Transports-Au-Japon.html\" target=\"_blank\" rel=\"noopener\"><strong>GlobeNewswire: <\/strong>Le Groupe Mermec Au G7 Transports Au Japon<\/a><br \/>\n<a href=\"https:\/\/francenewswire.fr\/le-groupe-mermec-au-g7-transports-au-japon\/\" target=\"_blank\" rel=\"noopener\"><strong>FranceNewswire:<\/strong> Le Groupe Mermec Au G7 Transports Au Japon<br \/>\n<\/a><a href=\"https:\/\/www.berlinertageblatt.de\/gesundheit\/165717-le-groupe-mermec-au-g7-transports-au-japon.html\" target=\"_blank\" rel=\"noopener\"><strong>Berliner Tageblatt:<\/strong> Le Groupe Mermec Au G7 Transports Au Japon<\/a><br \/>\n<a href=\"https:\/\/lequotidieneuropeen.fr\/le-groupe-mermec-au-g7-transports-au-japon\/\" target=\"_blank\" rel=\"noopener\"><strong>Quotidien Europeen:<\/strong> Le Groupe Mermec Au G7 Transports Au Japon<\/a><br \/>\n<a href=\"http:\/\/bancadati.datavideo.it\/media\/20230616\/20230616-TG_NORBA_24-TG_NORBA_24_0900-092749921m.mp4\" target=\"_blank\" rel=\"noopener\"><strong>TGNORBA 24<\/strong>: MERMEC al G7 Trasporti<\/a>[\/vc_column_text][divider line_type=&#8221;No Line&#8221; custom_height=&#8221;20px&#8221;][vc_column_text]<span style=\"color: #ff0000;\"><strong>June 14<br \/>\n<\/strong><\/span><a href=\"https:\/\/vayla.fi\/-\/meeri-keraa-kullanarvoista-ratadataa-lahes-ympari-vuoden\" target=\"_blank\" rel=\"noopener\"><strong>FTIA<\/strong>: MEERI collects valuable track data almost all year round<\/a>[\/vc_column_text][divider line_type=&#8221;No Line&#8221; custom_height=&#8221;20px&#8221;][vc_column_text]<span style=\"color: #ff0000;\"><strong>June 2<br \/>\n<\/strong><\/span><a href=\"https:\/\/bari.repubblica.it\/cronaca\/2023\/06\/02\/news\/bari_vito_pertosa_raddoppia_e_cavaliere_di_gran_croce-402917953\/\" target=\"_blank\" rel=\"noopener\"><strong>La Repubblica: <\/strong>Vito Pertosa raddoppia: \u00e8 Cavaliere di Gran Croce<\/a>[\/vc_column_text][divider line_type=&#8221;No Line&#8221; custom_height=&#8221;20px&#8221;][vc_column_text]<span style=\"color: #ff0000;\"><strong>May 16<br \/>\n<\/strong><\/span><a href=\"https:\/\/www.affaritaliani.it\/economia\/macron-corteggia-i-ceo-delle-big-tech-musk-e-altri-199-per-il-boom-francese-855363.html\" target=\"_blank\" rel=\"noopener\"><strong>Affari Italiani: <\/strong>Macron corteggia i Ceo delle big tech. Musk e altri 199 per il boom francese<\/a><br \/>\n<a href=\"https:\/\/www.corriere.it\/esteri\/23_maggio_16\/elon-musk-versailles-visita-macron-che-corteggia-ceo-investite-qui-c620016a-f352-11ed-baaa-95d49dbbb753.shtml\" target=\"_blank\" rel=\"noopener\"><strong>Corriere della Sera:<\/strong> Elon Musk a Versailles, visita a Macron che corteggia i Ceo: \u00abInvestite qui\u00bb<\/a><br \/>\n<a href=\"https:\/\/www.ruetir.com\/2023\/05\/macron-courts-the-ceos-of-big-tech-musk-and-199-others-for-the-french-boom\/\" target=\"_blank\" rel=\"noopener\"><strong>Ruetir: <\/strong>Macron courts the CEOs of big tech. Musk and 199 others for the French boom<\/a>[\/vc_column_text][divider line_type=&#8221;No Line&#8221; custom_height=&#8221;20px&#8221;][vc_column_text]<span style=\"color: #ff0000;\"><strong>May 15<br \/>\n<\/strong><\/span><a href=\"https:\/\/www.ferrovie.info\/index.php\/it\/13-treni-reali\/26373-ferrovie-angel-holding-consolida-la-propria-presenza-in-francia\" target=\"_blank\" rel=\"noopener\"><strong>Ferrovie.info: <\/strong>Angel Holding consolida la propria presenza in Francia<\/a><br \/>\n<a href=\"https:\/\/finanza.ilsecoloxix.it\/News\/2023\/05\/15\/holding-angel-consolida-presenza-in-francia-tra-le-10-aziende-italiane-a-choose-france-+con-il-presidente-macron\/MTYxXzIwMjMtMDUtMTVfVExC\" target=\"_blank\" rel=\"noopener\"><strong>Il Secolo XIX: <\/strong>Holding Angel consolida presenza in Francia, tra le 10 aziende italiane a &#8220;Choose France&#8221; con il Presidente Macron\u00a0<\/a><br \/>\n<a href=\"https:\/\/www.lagazzettadelmezzogiorno.it\/news\/puglia\/1398900\/la-pugliese-angel-holding-tra-le-societa-invitate-da-macron-a-versailles.html\" target=\"_blank\" rel=\"noopener\"><strong>La Gazzetta del Mezzogiorno:<\/strong> La pugliese Angel Holding tra le societ\u00e0 invitate da Macron a Versailles<\/a><br \/>\n<a href=\"https:\/\/finanza.repubblica.it\/News\/2023\/05\/15\/holding_angel_consolida_presenza_in_francia_tra_le_10_aziende_italiane_a_choose_france_%C2%A0con_il_presidente_macron-161\/\" target=\"_blank\" rel=\"noopener\"><strong>La Repubblica:<\/strong> Holding Angel consolida presenza in Francia, tra le 10 aziende italiane a &#8220;Choose France&#8221; con il Presidente Macron<\/a><br \/>\n<a href=\"https:\/\/www.teleborsa.it\/News\/2023\/05\/15\/holding-angel-consolida-presenza-in-francia-tra-le-10-aziende-italiane-a-choose-france-con-il-presidente-macron-161.html#.ZGNR80_P2Ul\" target=\"_blank\" rel=\"noopener\"><strong>Teleborsa: <\/strong> Holding Angel consolida presenza in Francia, tra le 10 aziende italiane a &#8220;Choose France&#8221; con il Presidente Macron<\/a>[\/vc_column_text][divider line_type=&#8221;No Line&#8221; custom_height=&#8221;20px&#8221;][vc_column_text]<span style=\"color: #ff0000;\"><strong>May 11<br \/>\n<\/strong><\/span><a href=\"https:\/\/www.ilsole24ore.com\/art\/asse-temera-e-mermec-AEJKrGSD\" target=\"_blank\" rel=\"noopener\"><strong>Il Sole 24 Ore:<\/strong> Asse tra Temera e MERMEC<\/a>[\/vc_column_text][divider line_type=&#8221;No Line&#8221; custom_height=&#8221;20px&#8221;][vc_column_text]<span style=\"color: #ff0000;\"><strong>May 8<br \/>\n<\/strong><\/span><a href=\"https:\/\/www.railwaygazette.com\/technology-data-and-business\/bart-takes-delivery-of-advanced-track-inspection-vehicle\/64067.article\" target=\"_blank\" rel=\"noopener\"><strong>Railway Gazette International:<\/strong> BART takes delivery of advanced track inspection vehicle<\/a><br \/>\n<a href=\"https:\/\/www.affaritaliani.it\/puglia\/mermec-dalle-colline-di-puglia-alla-metropolitana-di-san-francisco-usa-853855.html?refresh_ce\" target=\"_blank\" rel=\"noopener\"><strong>Affari Italiani: <\/strong>Mermec dalle colline di Puglia alla metropolitana di San Francisco-USA<\/a>[\/vc_column_text][divider line_type=&#8221;No Line&#8221; custom_height=&#8221;20px&#8221;][vc_column_text]<span style=\"color: #ff0000;\"><strong>May 7<br \/>\n<\/strong><\/span><a href=\"https:\/\/bari.corriere.it\/notizie\/economia\/23_maggio_07\/la-mermec-di-monopoli-conquista-la-metropolitana-di-san-francisco-presentato-il-treno-per-il-controllo-della-rete-eac0422f-7ac9-42f5-a213-a15336a13xlk.shtml\" target=\"_blank\" rel=\"noopener\"><strong>Corriere del Mezzogiorno:<\/strong> La Mermec di Monopoli conquista la metropolitana di San Francisco: presentato il treno per il controllo della rete<\/a><br \/>\n<a href=\"https:\/\/www.nouvelles-du-monde.com\/mermec-a-la-conquete-du-metro-de-san-francisco\/\" target=\"_blank\" rel=\"noopener\"><strong>Nouvelles Du Monde:<\/strong> Mermec \u00e0 la conqu\u00eate du m\u00e9tro de San Francisco<br \/>\n<\/a><a href=\"https:\/\/bari.repubblica.it\/cronaca\/2023\/05\/07\/news\/mermerc_metropolitana_san_francisco_treno_hitech-399090447\/\" target=\"_blank\" rel=\"noopener\"><strong>La Repubblica: <\/strong>Il supertreno Mermec conquista il metr\u00f2 di San Francisco: la sicurezza della rete Bart \u00e8 made in Puglia<\/a> <strong><br \/>\n<\/strong>[\/vc_column_text][divider line_type=&#8221;No Line&#8221; custom_height=&#8221;20px&#8221;][vc_column_text]<span style=\"color: #ff0000;\"><strong>May 6<br \/>\n<\/strong><\/span><a href=\"https:\/\/www.ilsole24ore.com\/art\/mermec-conquista-metro-san-francisco-AEXlu1PD\" target=\"_blank\" rel=\"noopener\"><strong>Il Sole 24 Ore: <\/strong>Mermec conquista il metr\u00f2 di San Francisco<\/a>[\/vc_column_text][divider line_type=&#8221;No Line&#8221; custom_height=&#8221;20px&#8221;][vc_column_text]<span style=\"color: #ff0000;\"><strong>May 5<br \/>\n<\/strong><\/span><a href=\"https:\/\/railway-news.com\/us-bart-unveils-new-rail-inspection-vehicle\/\" target=\"_blank\" rel=\"noopener\"><strong>Railway News: <\/strong>BART Unveils New Rail Inspection Vehicle<\/a>[\/vc_column_text][divider line_type=&#8221;No Line&#8221; custom_height=&#8221;20px&#8221;][vc_column_text]<span style=\"color: #ff0000;\"><strong>May 4<br \/>\n<\/strong><\/span><a href=\"https:\/\/www.sfexaminer.com\/news\/transit\/bart-launches-laser-powered-vehicle-to-spot-flaws-on-tracks\/article_c1bb2246-eab3-11ed-a525-4fe090eba7a8.html\" target=\"_blank\" rel=\"noopener\"><strong>San Francisco Examiner:<\/strong> BART launches laser-powered vehicle to spot flaws on tracks\u00a0<\/a><br \/>\n<a href=\"https:\/\/www.masstransitmag.com\/rail\/vehicles\/press-release\/53059467\/bay-area-rapid-transit-bart-bart-unveils-newest-rail-inspection-vehicle\" target=\"_blank\" rel=\"noopener\"><strong>Mass Transit Mag:<\/strong> BART unveils newest Rail Inspection Vehicle <\/a><br \/>\n<a href=\"https:\/\/www.railwayage.com\/mw\/first-look-barts-mermec-geometry-car-in-action\/\" target=\"_blank\" rel=\"noopener\"><strong>Railway Age:<\/strong> First Look: BART\u2019s MERMEC Geometry Car in Action &#8211; Railway Age<\/a><br \/>\n<a href=\"https:\/\/www.rtands.com\/track-machinery\/first-look-barts-mermec-geometry-car-in-action\/\" target=\"_blank\" rel=\"noopener\"><strong>RT&amp;S:<\/strong> First Look: BART\u2019s MERMEC Geometry Car in Action<\/a><br \/>\n<a href=\"https:\/\/www.tam-america.com\/article\/bart-launches-rail-inspection-vehicle-from-mermec-for-track-inspection\" target=\"_blank\" rel=\"noopener\"><strong>TAM AMERICA<\/strong>: BART launches Rail Inspection Vehicle from MERMEC for track inspection<\/a><\/p>\n<p><a href=\"https:\/\/www.esg360.it\/circular-economy\/tupcycling-mette-ai-e-computer-vision-al-servizio-del-riciclo-nella-moda\/\" target=\"_blank\" rel=\"noopener\"><strong>ESG360:<\/strong> t!Upcycling mette AI e computer vision al servizio del riciclo nella moda<\/a><br \/>\n<a href=\"https:\/\/www.innovation-nation.it\/tupcycling-intelligenza-artificiale-riciclo-tessuti\/\" target=\"_blank\" rel=\"noopener\"><strong>Innovation Nation: <\/strong>T!Upcycling: l&#8217;intelligenza artificiale applicata al riciclo creativo dei tessuti<\/a><br \/>\n<a href=\"https:\/\/www.quotidianodipuglia.it\/bari\/moda_intelligenza_artificiale_sostenibilita_mermec_temera_cosa_sappiamo-7381082.html?refresh_ce\" target=\"_blank\" rel=\"noopener\"><strong>Quotidiano di Puglia:<\/strong> Moda e intelligenza artificiale per la sostenibilit\u00e0: ecco il progetto Mermec-Temera<\/a><br \/>\n<a href=\"https:\/\/bari.repubblica.it\/cronaca\/2023\/05\/04\/news\/mermec_temera_puglia_griffe_moda_intelligenza_artificiale_sostenibilita-398634408\/\" target=\"_blank\" rel=\"noopener\"><strong>Repubblica Bari:<\/strong> Intelligenza artificiale per la moda sostenibile: le griffe riciclano i capi invenduti con un sistema hi-tech made in Puglia\u00a0<\/a>[\/vc_column_text][divider line_type=&#8221;No Line&#8221; custom_height=&#8221;20px&#8221;][vc_column_text]<span style=\"color: #ff0000;\"><strong>May 3<br \/>\n<\/strong><\/span><a href=\"http:\/\/bancadati.datavideo.it\/media\/20230503\/20230503-CLASS_CNBC-ITALIA_4.0_2100-212837384m.mp4\" target=\"_blank\" rel=\"noopener\"><strong>Class CNBC: <\/strong>MERMEC sigla memorandum con le ferrovie dell&#8217;Ucraina<\/a><br \/>\n<a href=\"http:\/\/mms.tveyes.com\/PlaybackPortal.aspx?SavedEditID=9bff331f-d5d0-405d-bdbf-e0eaf846cc5a\" target=\"_blank\" rel=\"noopener\"><strong>ABC7:<\/strong> BART unveils state-of-the-art tool that will improve the rider experience<\/a><br \/>\n<a href=\"http:\/\/mms.tveyes.com\/PlaybackPortal.aspx?SavedEditID=7e6c5e18-4bee-4ea9-b282-cec907b3d612\" target=\"_blank\" rel=\"noopener\"><strong>Fox2 :<\/strong> BART unveils state-of-the-art tool that will improve the rider experience<\/a><br \/>\n<a href=\"https:\/\/eur04.safelinks.protection.outlook.com\/?url=https%3A%2F%2Furlsand.esvalabs.com%2F%3Fu%3Dhttp%253A%252F%252Fmms.tveyes.com%252FPlaybackPortal.aspx%253FSavedEditID%253D33188379-dc1d-4afb-9677-38f9c6ca7225%26e%3D3424b3f1%26h%3D8cce4bd8%26f%3Dy%26p%3Dn&amp;data=05%7C01%7Cdaniele.semeraro%40angelcompany.com%7Cfa72d890f87940cea18308db505ec76d%7Cc187ee014e4e40c8b342f82c8d699421%7C0%7C0%7C638192140234030581%7CUnknown%7CTWFpbGZsb3d8eyJWIjoiMC4wLjAwMDAiLCJQIjoiV2luMzIiLCJBTiI6Ik1haWwiLCJXVCI6Mn0%3D%7C3000%7C%7C%7C&amp;sdata=Tl6cE8%2BKVuv%2BxRt4GSzZb7sYwYHwUbsvH%2BtYjLko2uQ%3D&amp;reserved=0\" target=\"_blank\" rel=\"noopener\"><strong>NBC11:<\/strong> BART unveils state-of-the-art tool that will improve the rider experience<\/a><\/p>\n<p><a href=\"https:\/\/www.affaritaliani.it\/economia\/notizie-aziende\/economia-circolare-temera-mermec-engineering-lanciano-tupcycling-853047.html\" target=\"_blank\" rel=\"noopener\"><strong>Affari Italiani:<\/strong> Economia circolare, Temera e MERMEC Engineering lanciano t!Upcycling<\/a><br \/>\n<a href=\"https:\/\/www.agenzianova.com\/nazionale\/64524be5107fd5.59406313\/4345207\/2023-05-03\/innovazione-temera-e-mermec-engineering-lanciano-t-upcycling-per-riciclo-creativo\" target=\"_blank\" rel=\"noopener\"><strong>Agenzia Nova: <\/strong>Innovazione: Temera e Mermec Engineering lanciano t!Upcycling per riciclo creativo<\/a><br \/>\n<a href=\"https:\/\/www.italiaoggi.it\/news\/brevi-2600256\" target=\"_blank\" rel=\"noopener\"><strong>Italia Oggi: <\/strong>t!Upcycling, il progetto di Temera e MERMEC Engineering per il riciclo creativo<\/a><br \/>\n<a href=\"https:\/\/www.pambianconews.com\/2023\/05\/03\/temera-e-mermec-engineering-lanciano-tupcycling-372816\/\" target=\"_blank\" rel=\"noopener\"><strong>Pambianco: <\/strong>Temera e MERMEC Engineering lanciano t!Upcycling<\/a><br \/>\n<a href=\"https:\/\/www.tag43.it\/tupcycling-temera-mermec-engineering-riciclo-creativo-intelligenza-artificiale\/\" target=\"_blank\" rel=\"noopener\"><strong>Tag43: <\/strong>t!Upcycling, il progetto di Temera e MERMEC Engineering per il riciclo creativo<\/a>[\/vc_column_text][divider line_type=&#8221;No Line&#8221; custom_height=&#8221;20px&#8221;][vc_column_text]<span style=\"color: #ff0000;\"><strong>April 27<br \/>\n<\/strong><\/span><a href=\"http:\/\/bancadati.datavideo.it\/media\/20230427\/20230427-CANALE_5-TG5_0800-081806819m.mp4\" target=\"_blank\" rel=\"noopener\"><strong>TG 5:<\/strong> Accordo per MERMEC con le ferrovie dell&#8217;Ucraina<\/a><br \/>\n<a href=\"http:\/\/bancadati.datavideo.it\/media\/20230427\/20230427-TGCOM_24-TGCOM_24_0955-102507764m.mp4\" target=\"_blank\" rel=\"noopener\"><strong>TGCOM 24: <\/strong>Accordo per MERMEC con le ferrovie dell&#8217;Ucraina<\/a><br \/>\n<a href=\"https:\/\/www.corriere.it\/economia\/aziende\/23_aprile_27\/cosi-mermec-portera-ferrovie-ucraine-standard-sicurezza-europei-9cf0a728-e44c-11ed-b9cc-9d9172b59479.shtml\" target=\"_blank\" rel=\"noopener\"><strong>Corriere della Sera:<\/strong> \u00abCos\u00ec MERMEC porter\u00e0 le ferrovie ucraine agli standard di sicurezza europei\u00bb<\/a><br \/>\n<a href=\"https:\/\/www.lagazzettadelmezzogiorno.it\/news\/puglia\/1395576\/ricostruire-l-ucraina-la-mermec-di-monopoli-risanera-le-linee-ferroviarie.html\" target=\"_blank\" rel=\"noopener\"><strong>Gazzetta del Mezzogiorno: <\/strong>Ricostruire l&#8217;Ucraina, la MERMEC di Monopoli risaner\u00e0 le linee ferroviarie<\/a><br \/>\n<a href=\"https:\/\/bari.repubblica.it\/cronaca\/2023\/04\/27\/news\/ucraina_ricostruzione_puglia_conferenza_roma_accordo_mermec_pertosa-397743351\/\" target=\"_blank\" rel=\"noopener\"><strong>La Repubblica &#8211; Bari:<\/strong> Ucraina, MERMEC firma due accordi per ricostruire il Paese. Pertosa: \u201cNoi in campo sulle ferrovie\u201d<\/a><br \/>\n<a href=\"https:\/\/www.quotidianodipuglia.it\/bari\/ucraina_mermec_monopoli_ricostruira_linee_ferroviarie_cosa_sappiamo-7368688.html\" target=\"_blank\" rel=\"noopener\"><strong>Quotidiano di Puglia:<\/strong> Ucraina, accordo con la MERMECdi Monopoli: ricostruir\u00e0 le linee ferroviarie\u00a0<\/a><br \/>\n<a href=\"https:\/\/www.ilsole24ore.com\/art\/ucraina-torta-411-miliardi-la-ricostruzione-una-italia-campo-AE3nrgMD\" target=\"_blank\" rel=\"noopener\"><strong>Sole 24 Ore:<\/strong> Ucraina, 411 miliardi per la ricostruzione. Italia in campo<\/a><br \/>\n<a href=\"https:\/\/ntplusentilocaliedilizia.ilsole24ore.com\/art\/da-sace-supporto-fino-un-miliardo-accordi-mermec-e-webuild-AEnTJTMD\" target=\"_blank\" rel=\"noopener\"><strong>Sole 24 Ore &#8211; NT+ Enti Locali &amp; Edilizia: <\/strong>Accordo per MERMEC con le ferrovie dell&#8217;Ucraina<\/a>[\/vc_column_text][divider line_type=&#8221;No Line&#8221; custom_height=&#8221;20px&#8221;][vc_column_text]<span style=\"color: #ff0000;\"><strong>April 26<br \/>\n<\/strong><\/span><a href=\"https:\/\/www.agenzianova.com\/a\/6449252d9abac4.89545847\/4337579\/2023-04-26\/imprese-mermec-firma-un-accordo-sulle-tecnologie-per-la-sicurezza-della-rete-ferroviaria-ucraina\" target=\"_blank\" rel=\"noopener\"><strong>Agenzia Nova: <\/strong>MERMEC\u00a0firma un accordo sulle tecnologie per la sicurezza della rete ferroviaria ucraina<\/a><br \/>\n<a href=\"https:\/\/www.ansa.it\/sito\/videogallery\/economia\/2023\/04\/26\/ucraina-pertosa-accordo-per-mermec-con-ferrovie-ucraine-per-ricostruzione_34cd41d8-9ac9-4297-9d48-ed46522d4d45.html\" target=\"_blank\" rel=\"noopener\"><strong>Ansa:<\/strong> Ucraina, Pertosa: &#8220;Accordo per MERMEC con ferrovie ucraine per ricostruzione&#8221;<\/a><br \/>\n<a href=\"http:\/\/bancadati.datavideo.it\/media\/20230426\/20230426-CLASS_CNBC-LINEA_MERCATI_1515-170349106m.mp4\" target=\"_blank\" rel=\"noopener\"><strong>Class CNBC:<\/strong> Accordo per MERMEC con le ferrovie dell&#8217;Ucraina<\/a><br \/>\n<a href=\"https:\/\/www.ferpress.it\/mermec-accordo-con-ferrovie-nazionali-ucraine-su-tecnologie-per-sicurezza-della-rete\/\" target=\"_blank\" rel=\"noopener\"><strong>FerPress:<\/strong> MERMEC, accordo con ferrovie nazionali ucraine su tecnologie per sicurezza della rete<\/a><br \/>\n<a href=\"https:\/\/www.ferrovie.info\/index.php\/it\/13-treni-reali\/26118-ferrovie-mermec-firma-accordo-su-tecnologie-per-sicurezza-rete-ferroviaria-ucraina\" target=\"_blank\" rel=\"noopener\"><strong>Ferrovie.info: <\/strong>MERMEC firma accordo su tecnologie per sicurezza rete ferroviaria ucraina<\/a><br \/>\n<a href=\"https:\/\/www.ferrovie.it\/portale\/articoli\/13370\" target=\"_blank\" rel=\"noopener\"><strong>Ferrovie.it: <\/strong>MERMEC, accordo sulle tecnologie della rete ferroviaria ucraina<\/a><br \/>\n<a href=\"https:\/\/www.giornalediplomatico.it\/ucraina-mermec-firma-accordo-tecnologico-per-rete-ferroviaria.htm\" target=\"_blank\" rel=\"noopener\"><strong>Giornale Diplomatico:<\/strong> Ucraina, MERMEC firma accordo tecnologico per rete ferroviaria<\/a><br \/>\n<a href=\"https:\/\/norbaonline.it\/2023\/04\/26\/roma-ricostruzione-ucraina-due-accordi-per-azienda-mermec\/\" target=\"_blank\" rel=\"noopener\"><strong>NorbaOnline:<\/strong> Ricostruzione Ucraina, due accordi per azienda MERMEC<\/a><br \/>\n<a href=\"https:\/\/www.rainews.it\/tgr\/puglia\/articoli\/2023\/04\/ferrovie-ucraine-la-sicurezza-e-made-in-puglia-aca1896f-5c90-413d-a33a-8ed4fa7f4145.html\" target=\"_blank\" rel=\"noopener\"><strong>Rai News:<\/strong> Ferrovie ucraine, la sicurezza \u00e8 made in Puglia<\/a><br \/>\n<a href=\"http:\/\/bancadati.datavideo.it\/media\/20230426\/20230426-RAI_NEWS_24-POMERIGGIO24_1500-160155673m.mp4\" target=\"_blank\" rel=\"noopener\"><strong>Rai News 24: <\/strong>Accordo per MERMEC con le ferrovie dell&#8217;Ucraina<\/a><br \/>\n<a href=\"https:\/\/www.reportdifesa.it\/cs-mermec-firmato-un-accordo-sulle-tecnologie-per-la-sicurezza-della-rete-ferroviaria-ucraina\/\" target=\"_blank\" rel=\"noopener\"><strong>Report Difesa:<\/strong> MERMEC, firmato un accordo sulle tecnologie per la sicurezza della Rete Ferroviaria ucraina<\/a><br \/>\n<a href=\"https:\/\/www.teleborsa.it\/News\/2023\/04\/26\/mermec-angel-holding-sigla-memorandum-con-ferrovie-nazionali-ucraine-141.html#.ZEp7Ws7P2Ul\" target=\"_blank\" rel=\"noopener\"><strong>TeleBorsa: <\/strong>MERMEC (Angel Holding) sigla memorandum con Ferrovie Nazionali Ucraine\u00a0<\/a><br \/>\n<a href=\"http:\/\/bancadati.datavideo.it\/media\/20230426\/20230426-TELENORBA-TG_NORBA_2015-204919112m.mp4\" target=\"_blank\" rel=\"noopener\"><strong>Tg Norba:<\/strong> MERMEC sigla memorandum con le ferrovie dell&#8217;Ucraina<\/a>[\/vc_column_text][divider line_type=&#8221;No Line&#8221; custom_height=&#8221;20px&#8221;][vc_column_text]<span style=\"color: #ff0000;\"><strong>April 25<br \/>\n<\/strong><\/span><a href=\"http:\/\/bancadati.datavideo.it\/media\/20230425\/20230425-TELENORBA-TG_NORBA_0730-075648604m.mp4\" target=\"_blank\" rel=\"noopener\"><strong>TG Norba: <\/strong>Accordo per Mermec con le ferrovie dell&#8217;Ucraina<\/a>[\/vc_column_text][divider line_type=&#8221;No Line&#8221; custom_height=&#8221;20px&#8221;][vc_column_text]<span style=\"color: #ff0000;\"><strong>March 18<br \/>\n<\/strong><\/span><a href=\"https:\/\/www.cavalieridellavoro.it\/app\/uploads\/2023\/03\/Pertosa-Corsera-2023-03-20-at-07.59.39.jpeg\" target=\"_blank\" rel=\"prettyPhoto[gallery-8e05]\"><strong>Corriere della Sera &#8211; Cavalieri del Lavoro: <\/strong>La Metro di Parigi affida a MERMEC il monitoraggio della rete<\/a><br \/>\n<a href=\"https:\/\/norbaonline.it\/2023\/03\/18\/necchi-ghiri-nominato-ad-del-gruppo-mer-mec\/\" target=\"_blank\" rel=\"noopener\"><strong>NorbaOnline: <\/strong>Luca Necchi Ghiri \u00e8 il nuovo ad del gruppo Mer Mec<\/a>[\/vc_column_text][divider line_type=&#8221;No Line&#8221; custom_height=&#8221;20px&#8221;][vc_column_text]<span style=\"color: #ff0000;\"><strong>March 13<br \/>\n<\/strong><\/span><a href=\"https:\/\/www.ferpress.it\/mer-mec-s-p-a-luca-necchi-ghiri-nuovo-ad-del-gruppo\/\" target=\"_blank\" rel=\"noopener\"><strong>FerPress<\/strong>: MER MEC S.p.A.: Luca Necchi Ghiri nuovo AD del Gruppo<\/a><br \/>\n<a href=\"https:\/\/www.imille.com\/2023\/03\/13\/luca-necchi-ghiri-nuovo-amministratore-delegato-del-gruppo-mer-mec-s-p-a\/\" target=\"_blank\" rel=\"noopener\"><strong>IMILLE:<\/strong> Luca Necchi Ghiri nuovo Amministratore Delegato del gruppo MER MEC S.p.A.<\/a><br \/>\n<a href=\"https:\/\/it.marketscreener.com\/notizie\/ultimo\/Imprese-Luca-Necchi-Ghiri-nuovo-ad-Mer-Mec--43231751\/\" target=\"_blank\" rel=\"noopener\"><strong>MF Dow Jones<\/strong>:\u00a0 Luca Necchi Ghiri nuovo ad Mer Mec<\/a><br \/>\n<a href=\"https:\/\/www.teleborsa.it\/News\/2023\/03\/13\/luca-necchi-ghiri-e-il-nuovo-amministratore-delegato-del-gruppo-mer-mec-57.html#.ZBBQJpGZOUl\" target=\"_blank\" rel=\"noopener\"><strong>TeleBorsa<\/strong>: Luca Necchi Ghiri \u00e8 il nuovo amministratore delegato del gruppo Mer Mec<\/a><br \/>\n<a href=\"https:\/\/www.veritaeaffari.it\/carriere\/luca-necchi-ghiri-nuovo-amministratore-delegato-gruppo-mer-mec\/\" target=\"_blank\" rel=\"noopener\"><strong>Verit\u00e0&amp;Affari<\/strong>: Luca Necchi Ghiri \u00e8 il nuovo ad del gruppo Mer Mec<\/a>[\/vc_column_text][divider line_type=&#8221;No Line&#8221; custom_height=&#8221;20px&#8221;][vc_column_text]<span style=\"color: #ff0000;\"><strong>February 28<br \/>\n<\/strong><\/span><a href=\"https:\/\/www.lagazzettadelmezzogiorno.it\/news\/basilicata\/1385291\/ferrosud-la-mermec-perfeziona-lacquisto.html\" target=\"_blank\" rel=\"noopener\"><strong>La Gazzetta del Mezzogiorno:<\/strong> Ferrosud, la MERMEC perfeziona l\u2019acquisto<br \/>\n<\/a><a href=\"https:\/\/www.ferpress.it\/basilicata-latronico-con-acquisto-ferrosud-da-parte-di-mermec-rinasce-un-sito-importante-per-la-regione\/\" target=\"_blank\" rel=\"noopener\"><strong>FerPress:<\/strong> Con acquisto Ferrosud da parte di Mermec rinasce un sito importante per la Regione\u00a0<\/a>[\/vc_column_text][divider line_type=&#8221;No Line&#8221; custom_height=&#8221;20px&#8221;][vc_column_text]<span style=\"color: #ff0000;\"><strong>February 23<br \/>\n<\/strong><\/span><a href=\"https:\/\/www.lanazione.it\/pisa\/cronaca\/a-pisa-lhi-tech-virtuoso-cresce-e-assume-mermec-mette-le-radici-con-laureati-stem-31daf81f\" target=\"_blank\" rel=\"noopener\"><strong>La Nazione:<\/strong> A Pisa l\u2019hi-tech virtuoso cresce e assume. MERMEC &#8220;mette le radici&#8221; con laureati Stem<\/a>[\/vc_column_text][divider line_type=&#8221;No Line&#8221; custom_height=&#8221;20px&#8221;][vc_column_text]<span style=\"color: #ff0000;\"><strong>January 23<\/strong><\/span><a href=\"https:\/\/www.ilgazzettino.it\/nordest\/treviso\/mermec_morgano_aerospaziale_assunzioni_andrea_pozzebon-7186125.html?refresh_ce\" target=\"_blank\" rel=\"noopener\"><strong><br \/>\nIl Gazzettino: <\/strong>Il gruppo MERMEC punta sull&#8217;aerospaziale<\/a>[\/vc_column_text][divider line_type=&#8221;No Line&#8221; custom_height=&#8221;20px&#8221;][vc_column_text]<span style=\"color: #ff0000;\"><strong>January 7<\/strong><\/span><a href=\"https:\/\/www.linkedin.com\/posts\/mermec_tgr-officina-italia-mermec-activity-7018181045296451584-CS_Z?utm_source=share&amp;utm_medium=member_desktop\" target=\"_blank\" rel=\"noopener\"><strong><br \/>\nTGR OFFICINA ITALIA: <\/strong>Intervista a Romina Riccardo, Asset Management Director di MERMEC<\/a>[\/vc_column_text][divider line_type=&#8221;No Line&#8221; custom_height=&#8221;20px&#8221;][vc_column_text]<span style=\"color: #ff0000;\"><strong>January 1<\/strong><\/span><strong><br \/>\n<a href=\"https:\/\/bestof.milanofinanza.it\/gli-imprenditori-piu-coraggiosi-ditalia\/\" target=\"_blank\" rel=\"noopener\">Capital:<\/a> <\/strong><a href=\"https:\/\/bestof.milanofinanza.it\/gli-imprenditori-piu-coraggiosi-ditalia\/\" target=\"_blank\" rel=\"noopener\">Gli imprenditori pi\u00f9 coraggiosi d\u2019Italia 2023 &#8211; Vito Pertosa<\/a>[\/vc_column_text][\/toggle][toggle color=&#8221;Default&#8221; heading_tag=&#8221;h3&#8243; heading_tag_functionality=&#8221;default&#8221; title=&#8221;2022&#8243;][vc_column_text]<span style=\"color: #ff0000;\"><strong>December 17<br \/>\n<\/strong><\/span><a href=\"https:\/\/www.ansa.it\/sito\/notizie\/mondo\/news_dalle_ambasciate\/2022\/12\/17\/azienda-italiana-trasporti-incontra-leader-settore-a-singapore_c9592818-7d82-49eb-ad26-5f9fb3ee6416.html\" target=\"_blank\" rel=\"noopener\"><strong>Ansa:<\/strong> Azienda italiana trasporti incontra leader settore a Singapore<\/a>[\/vc_column_text][divider line_type=&#8221;No Line&#8221; custom_height=&#8221;20px&#8221;][vc_column_text]<span style=\"color: #ff0000;\"><strong>December 15<br \/>\n<\/strong><\/span><a href=\"https:\/\/www.milanofinanza.it\/news\/angel-company-conquista-singapore-2587155\" target=\"_blank\" rel=\"noopener\"><strong>Milano Finanza: <\/strong>Angel Company conquista Singapore<br \/>\n<\/a><a href=\"https:\/\/www.teleborsa.it\/News\/2022\/12\/15\/l-alta-tecnologia-made-in-italy-in-asia-con-mermec-25.html#.Y5rxgVGZOUl\" target=\"_blank\" rel=\"noopener\"><strong>Teleborsa:<\/strong> L\u2019alta tecnologia Made in Italy in Asia con MERMEC<\/a><br \/>\n<a href=\"https:\/\/www.affaritaliani.it\/economia\/notizie-aziende\/l-alta-tecnologia-made-in-italy-in-asia-con-mermec-830726.html\" target=\"_blank\" rel=\"noopener\"><strong>Affari Italiani:<\/strong> L\u2019alta tecnologia Made in Italy in Asia con MERMEC<\/a><br \/>\n<a href=\"https:\/\/www.agenzianova.com\/a\/639b0bbef242b2.97099316\/4179437\/2022-12-15\/imprese-mermec-a-singapore-firma-contratti-per-40-milioni\" target=\"_blank\" rel=\"noopener\"><strong>Agenzia Nova:<\/strong> MERMEC a Singapore firma contratti per 40 milioni<\/a><br \/>\n<a href=\"https:\/\/www.ferpress.it\/lalta-tecnologia-made-in-italy-in-asia-con-mermec\/\" target=\"_blank\" rel=\"noopener\"><strong>FERPRESS:<\/strong> L\u2019Alta tecnologia made in Italy in Asia con MERMEC<\/a><br \/>\n<a href=\"https:\/\/www.economymagazine.it\/lalta-tecnologia-made-in-italy-vola-a-singapore-grazie-a-mermec\/\" target=\"_blank\" rel=\"noopener\"><strong>Economy:<\/strong> L\u2019alta tecnologia Made in Italy vola in Asia grazie a MERMEC<\/a><br \/>\n<a href=\"https:\/\/www.ferrovie.info\/index.php\/it\/13-treni-reali\/24786-ferrovie-l-alta-tecnologia-made-in-italy-in-asia-con-mermec\" target=\"_blank\" rel=\"noopener\"><strong>Ferrovie.info:<\/strong> L&#8217;alta tecnologia Made in Italy in Asia con MERMEC<\/a><br \/>\n<a href=\"https:\/\/www.railtarget.eu\/business\/breaking-mermec-signs-contracts-to-supply-italian-technology-to-singapore-4120.html\" target=\"_blank\" rel=\"noopener\"><strong>Rail Target:<\/strong> MERMEC Signs Contracts to Supply Italian Technology to Singapore<\/a>[\/vc_column_text][divider line_type=&#8221;No Line&#8221; custom_height=&#8221;20px&#8221;][vc_column_text]<span style=\"color: #ff0000;\"><strong>December 5<br \/>\n<\/strong><\/span><a href=\"https:\/\/www.aise.it\/rete-diplomatica\/osaka-il-console-generale-prencipe-incontra-i-vertici-di-mermec-japan\/184023\/117\" target=\"_blank\" rel=\"noopener\"><strong>AISE: <\/strong>Osaka &#8211; il console generale Prencipe incontra i vertici di MERMEC Japan<\/a>[\/vc_column_text][divider line_type=&#8221;No Line&#8221; custom_height=&#8221;20px&#8221;][vc_column_text]<span style=\"color: #ff0000;\"><strong>November 28<br \/>\n<\/strong><\/span><a href=\"https:\/\/mediasetinfinity.mediaset.it\/video\/quartarepubblica\/vito-pertosa-luomo-dello-spazio-dai-macchinari-agricoli-allelettronica-per-le-sonde-spaziali_F312094501015C16\" target=\"_blank\" rel=\"noopener\"><strong>Quarta Repubblica: <\/strong>Vito Pertosa, l&#8217;uomo dello spazio<\/a>[\/vc_column_text][divider line_type=&#8221;No Line&#8221; custom_height=&#8221;20px&#8221;][vc_column_text]<span style=\"color: #ff0000;\"><strong>November 4<br \/>\n<\/strong><\/span><a href=\"https:\/\/www.teleborsa.it\/News\/2022\/11\/04\/pertosa-gruppo-angel-universita-volano-per-la-creazione-di-idee-da-trasformare-in-progetti-concreti-189.html#.Y2jCgMuZOUk\" target=\"_blank\" rel=\"noopener\"><strong>TeleBorsa: <\/strong>Pertosa (Gruppo Angel): Universit\u00e0 volano per la creazione di idee da trasformare in progetti concreti<\/a>[\/vc_column_text][divider line_type=&#8221;No Line&#8221; custom_height=&#8221;20px&#8221;][vc_column_text]<span style=\"color: #ff0000;\"><strong>November 1<br \/>\n<\/strong><\/span><a href=\"https:\/\/www.fortuneita.com\/2022\/11\/01\/intelligenza-artificiale-su-rotaia-la-storia-di-mermec\/\" target=\"_blank\" rel=\"noopener\"><strong>Fortune: <\/strong>Intelligenza artificiale su rotaia: la storia di MERMEC<\/a>[\/vc_column_text][divider line_type=&#8221;No Line&#8221; custom_height=&#8221;20px&#8221;][vc_column_text]<span style=\"color: #ff0000;\"><strong>October 22<br \/>\n<\/strong><\/span><a href=\"https:\/\/www.corriere.it\/economia\/aziende\/22_ottobre_22\/mermec-40-milioni-ferrosud-la-tesla-treni-faremo-matera-0eb1a040-514c-11ed-ae37-402d6a32bf5d.shtml\" target=\"_blank\" rel=\"noopener\"><strong>Corriere della Sera:<\/strong> MERMEC, 40 milioni per Ferrosud: \u00abLa Tesla dei treni? La faremo a Matera\u00bb<\/a><a href=\"https:\/\/www.ferrovie.info\/index.php\/it\/13-treni-reali\/24141-ferrovie-mermec-rilevera-la-ferrosud-di-matera\" target=\"_blank\" rel=\"noopener\"><br \/>\n<strong>Ferrovie.info: <\/strong>MERMEC rilever\u00e0 la Ferrosud di Matera<\/a>[\/vc_column_text][divider line_type=&#8221;No Line&#8221; custom_height=&#8221;20px&#8221;][vc_column_text]<span style=\"color: #ff0000;\"><strong>September 26<br \/>\n<\/strong><\/span><a href=\"https:\/\/www.ferrovie.info\/index.php\/it\/13-treni-reali\/23838-ferrovie-berlino-mermec-lungo-i-binari-dell-internazionalizzazione\" target=\"_blank\" rel=\"noopener\"><strong>Ferrovie.info:<\/strong> Ferrovie: Berlino, MERMEC lungo i binari dell&#8217;internazionalizzazione<\/a><br \/>\n<a href=\"https:\/\/www.lecho.be\/entreprises\/transport\/les-trains-a-batterie-comme-alternative-au-diesel\/10416127.html\" target=\"_blank\" rel=\"noopener\"><strong>L&#8217;Echo:<\/strong> Les trains \u00e0 batterie comme alternative au diesel<\/a><br \/>\n<a href=\"https:\/\/www.railtech.be\/fr\/infrastructure\/2022\/09\/26\/3717\/?gdpr=accept\" target=\"_blank\" rel=\"noopener\"><strong>RailTech:<\/strong> Infrabel commande 3 automotrices de mesure chez l\u2019italien MERMEC<\/a><br \/>\n<a href=\"https:\/\/www.lok-report.de\/news\/europa\/item\/35972-belgien-infrabel-ruestet-sich-mit-dem-tesla-der-zuege-aus.html\" target=\"_blank\" rel=\"noopener\"><strong>LOK Report:<\/strong> Belgien: Infrabel r\u00fcstet sich mit dem &#8220;Tesla&#8221; der Z\u00fcge aus<\/a>[\/vc_column_text][divider line_type=&#8221;No Line&#8221; custom_height=&#8221;20px&#8221;][vc_column_text]<span style=\"color: #ff0000;\"><strong>September 23<br \/>\n<\/strong><\/span><a href=\"https:\/\/www.angelcompany.com\/wp-content\/uploads\/2022\/09\/2022-09-23-Mermec-RAI.mp4\" target=\"_blank\" rel=\"noopener\"><strong>TG1 RAI:<\/strong> MERMEC a Innotrans 2022\u00a0<\/a><br \/>\n<a href=\"https:\/\/lerail.com\/news\/60219-infrabel-s%E2%80%99%C3%A9quipe-de-la-%C2%AB-tesla-%C2%BB-des-trains\" target=\"_blank\" rel=\"noopener\"><strong>Le Rail: <\/strong>Infrabel s\u2019\u00e9quipe de la \u00abTesla\u00bb des trains<\/a>[\/vc_column_text][divider line_type=&#8221;No Line&#8221; custom_height=&#8221;20px&#8221;][vc_column_text]<span style=\"color: #ff0000;\"><strong>September 22<\/strong><\/span><a href=\"https:\/\/finanza.repubblica.it\/News\/2022\/09\/22\/innotrans_mermec_spinge_lacceleratore_sullinternazionalizzazione-107\/\" target=\"_blank\" rel=\"noopener\"><br \/>\n<strong>La Repubblica: <\/strong>Innotrans, MERMEC spinge l&#8217;acceleratore sull&#8217;internazionalizzazione<\/a><br \/>\n<a href=\"https:\/\/www.ilmessaggero.it\/economia\/news\/innotrans_mermec_spinge_l_acceleratore_sull_internazionalizzazione-6944108.html\" target=\"_blank\" rel=\"noopener\"><strong>Il Messaggero: <\/strong>Innotrans, MERMEC spinge l&#8217;acceleratore sull&#8217;internazionalizzazione<\/a><br \/>\n<a href=\"https:\/\/finanza.lastampa.it\/News\/2022\/09\/22\/innotrans-mermec-spinge-lacceleratore-sullinternazionalizzazione\/MTA3XzIwMjItMDktMjJfVExC\" target=\"_blank\" rel=\"noopener\"><strong>La Stampa: <\/strong>Innotrans, MERMEC spinge l&#8217;acceleratore sull&#8217;internazionalizzazione<\/a><br \/>\n<a href=\"https:\/\/www.ferpress.it\/mermec-protagonista-a-innotrans-con-i-suoi-6-pillar-strategici\/\" target=\"_blank\" rel=\"noopener\"><strong>FERPRESS:<\/strong> MERMEC protagonista a Innotrans con i suoi 6 pillar strategici<\/a>[\/vc_column_text][divider line_type=&#8221;No Line&#8221; custom_height=&#8221;20px&#8221;][vc_column_text]<span style=\"color: #ff0000;\"><strong>September 21<br \/>\n<\/strong><\/span><a href=\"https:\/\/www.sudinfo.be\/id500989\/article\/2022-09-21\/infrabel-commande-trois-nouveaux-trains-electro-hybrides-sans-emission-de-co2https:\/\/www.sudinfo.be\/id500989\/article\/2022-09-21\/infrabel-commande-trois-nouveaux-trains-electro-hybrides-sans-emission-de-co2\" target=\"_blank\" rel=\"noopener\"><strong>SUDINFO: <\/strong>Infrabel commande trois nouveaux trains \u00ab\u00e9lectro-hybrides\u00bb, sans \u00e9mission de CO2<\/a>[\/vc_column_text][divider line_type=&#8221;No Line&#8221; custom_height=&#8221;20px&#8221;][vc_column_text]<span style=\"color: #ff0000;\"><strong>September 20<br \/>\n<\/strong><\/span><a href=\"https:\/\/magyarepitok.hu\/kotott-palya\/2022\/09\/minosegi-valtast-jelent-a-v-hid-es-a-mermec-megallapodasa-a-magyar-vasuthalozat-kezeleseben-olasz-know-how-val-epul-ki-magyarorszagon-datacenter\" target=\"_blank\" rel=\"noopener\"><strong>Magyar \u00c9p\u00edt\u0151k:<\/strong> The agreement between V-H\u00edd and MERMEC<\/a>[\/vc_column_text][divider line_type=&#8221;No Line&#8221; custom_height=&#8221;20px&#8221;][vc_column_text]<span style=\"color: #ff0000;\"><strong>August 4<br \/>\n<\/strong><\/span><a href=\"https:\/\/www.ferrovie.info\/index.php\/it\/13-treni-reali\/23334-ferrovie-mermec-si-aggiudica-una-gara-in-belgio-per-infrabel\" target=\"_blank\" rel=\"noopener\"><strong>Ferrovie.info: <\/strong>Ferrovie: MERMEC si aggiudica una gara in Belgio per Infrabel<\/a>[\/vc_column_text][divider line_type=&#8221;No Line&#8221; custom_height=&#8221;20px&#8221;][vc_column_text]<span style=\"color: #ff0000;\"><strong>July 29<br \/>\n<\/strong><\/span><a href=\"https:\/\/www.lagazzettadelmezzogiorno.it\/news\/economia\/1352327\/mermec-high-tech-per-la-sostenibilita.html\" target=\"_blank\" rel=\"noopener\"><strong>La Gazzetta del Mezzogiorno: <\/strong>MERMEC, high tech per la sostenibilit\u00e0<\/a>[\/vc_column_text][divider line_type=&#8221;No Line&#8221; custom_height=&#8221;20px&#8221;][vc_column_text]<span style=\"color: #ff0000;\"><strong>June 24<br \/>\n<\/strong><\/span><a href=\"https:\/\/www.corriere.it\/economia\/aziende\/22_giugno_24\/mermec-vince-anche-bruxelles-belgio-ordina-supertreni-batteria-0a02ec6c-f3d6-11ec-b4bb-7eb5df080865.shtml\" target=\"_blank\" rel=\"noopener\"><strong>Corriere della Sera: <\/strong>MERMEC vince anche a Bruxelles: il Belgio ordina i supertreni a batteria<\/a>[\/vc_column_text][divider line_type=&#8221;No Line&#8221; custom_height=&#8221;20px&#8221;][vc_column_text]<span style=\"color: #ff0000;\"><strong>June 7<br \/>\n<\/strong><\/span><a href=\"https:\/\/www.railtarget.eu\/business\/mermec-expands-in-japan-three-contracts-worth-eur-20-million-2722.html\" target=\"_blank\" rel=\"noopener\"><strong>Rail Target:<\/strong> MERMEC expands in Japan: Three contracts worth EUR 20 million<\/a>[\/vc_column_text][divider line_type=&#8221;No Line&#8221; custom_height=&#8221;20px&#8221;][vc_column_text]<span style=\"color: #ff0000;\"><strong>June 2<br \/>\n<\/strong><\/span><a href=\"https:\/\/www.ilsole24ore.com\/art\/controllo-digitale-treno-rfi-aggiudica-gara-27-miliardi-AEjrGtcB\" target=\"_blank\" rel=\"noopener\"><strong>Il Sole 24 Ore:<\/strong> Controllo digitale treno, Rfi aggiudica gara da 2,7 miliardi<\/a><br \/>\n<a href=\"https:\/\/www.railjournal.com\/financial\/mermec-signs-agreements-to-provide-advanced-diagnostics-in-japan\/\" target=\"_blank\" rel=\"noopener\"><strong>International Railway Journal:<\/strong> MERMEC signs agreements to provide advanced diagnostics in Japan<\/a>[\/vc_column_text][divider line_type=&#8221;No Line&#8221; custom_height=&#8221;20px&#8221;][vc_column_text]<span style=\"color: #ff0000;\"><strong>May 31<br \/>\n<\/strong><\/span><a href=\"https:\/\/www.railwaygazette.com\/infrastructure\/japanese-railway-diagnostics-contracts-signed\/61741.article\" target=\"_blank\" rel=\"noopener\"><strong>Railway Gazette:<\/strong> Japanese railway diagnostics contracts signed<\/a>[\/vc_column_text][divider line_type=&#8221;No Line&#8221; custom_height=&#8221;20px&#8221;][vc_column_text]<span style=\"color: #ff0000;\"><strong>May 28<br \/>\n<\/strong><\/span><a href=\"https:\/\/nordot.app\/903142419644841984?c=445918389795193953\" target=\"_blank\" rel=\"noopener\"><strong>Kyodo: <\/strong>Italy&#8217;s MERMEC wins over 20 mil. euro deals for rail safety in Japan<\/a><a href=\"https:\/\/www.economymagazine.it\/il-giappone-sceglie-ancora-la-diagnostica-ferroviaria-made-in-italy-con-mermec\/\" target=\"_blank\" rel=\"noopener\"><strong><br \/>\nEconomy: <\/strong>Il Giappone sceglie ancora la diagnostica ferroviaria made in Italy con MERMEC<\/a>[\/vc_column_text][divider line_type=&#8221;No Line&#8221; custom_height=&#8221;20px&#8221;][vc_column_text]<span style=\"color: #ff0000;\"><strong>May 27<br \/>\n<\/strong><\/span><a href=\"https:\/\/www.ansa.it\/sito\/notizie\/topnews\/2022\/05\/27\/giappone-paese-shikansen-affida-cura-ferrovie-a-italiana-mermec_100844fc-af9d-4e73-a99b-f92192c62249.html\" target=\"_blank\" rel=\"noopener\"><strong>ANSA: <\/strong>Giappone: paese Shikansen affida cura ferrovie a italiana MERMEC<\/a><br \/>\n<a href=\"https:\/\/corrieredelmezzogiorno.corriere.it\/bari\/economia\/22_maggio_27\/mermec-monopoli-curera-sicurezza-diagnostica-ferrovie-metro-giapponesi-a0fcaea6-dddc-11ec-baad-0150048f20e9.shtml\" target=\"_blank\" rel=\"noopener\"><strong>Corriere del Mezzogiorno: <\/strong>La MERMEC di Monopoli curer\u00e0 sicurezza e diagnostica di ferrovie e metro giapponesi<\/a><br \/>\n<a href=\"https:\/\/www.corriere.it\/economia\/aziende\/22_maggio_27\/mermec-firma-contratti-oltre-20-milioni-ferrovia-metro-giappone-9b3c8858-ddd0-11ec-9d2a-935eb68a8d83.shtml\" target=\"_blank\" rel=\"noopener\"><strong>Corriere della Sera:<\/strong> MERMEC firma contratti da oltre 20 milioni per ferrovia e metro in Giappone<\/a><br \/>\n<a href=\"https:\/\/www.ruetir.com\/2022\/05\/27\/japan-shikansen-country-entrusts-railways-to-italian-mermec-ruetir\/\" target=\"_blank\" rel=\"noopener\"><strong>Ruetir:<\/strong> Japan: Shikansen country entrusts railways to Italian MERMEC<\/a><br \/>\n<a href=\"https:\/\/www.teleborsa.it\/News\/2022\/05\/27\/mermec-gruppo-angel-si-aggiudica-nuovi-contratti-per-ferrovia-e-metro-giapponese-113.html#.Yrr2pnZBw-X\" target=\"_blank\" rel=\"noopener\"><strong>TeleBorsa:<\/strong> MERMEC (Gruppo Angel) si aggiudica nuovi contratti per ferrovia e metro giapponese<\/a><br \/>\n<a href=\"https:\/\/finanza.repubblica.it\/News\/2022\/05\/27\/mermec_gruppo_angel_si_aggiudica_nuovi_contratti_per_ferrovia_e_metro_giapponese-113\/\" target=\"_blank\" rel=\"noopener\"><strong>Repubblica:<\/strong> MERMEC (Gruppo Angel) si aggiudica nuovi contratti per ferrovia e metro giapponese<\/a>[\/vc_column_text][divider line_type=&#8221;No Line&#8221; custom_height=&#8221;20px&#8221;][vc_column_text]<span style=\"color: #ff0000;\"><strong>March 1<br \/>\n<\/strong><\/span><a href=\"https:\/\/www.avionews.it\/it\/item\/1242610-mermec-presente-ad-ausrail-plus-2022.html\" target=\"_blank\" rel=\"noopener\"><strong>AvioNews:<\/strong> MERMEC presente ad &#8220;AusRail Plus 2022&#8221;<\/a>[\/vc_column_text][divider line_type=&#8221;No Line&#8221; custom_height=&#8221;20px&#8221;][vc_column_text]<span style=\"color: #ff0000;\"><strong>February 28<br \/>\n<\/strong><\/span><a href=\"https:\/\/www.teleborsa.it\/News\/2022\/02\/28\/ausrail-plus-mermec-torna-tra-i-protagonisti-in-presenza-131.html#.YrwKthXP2Um\" target=\"_blank\" rel=\"noopener\"><strong>TeleBorsa:<\/strong> AusRAIL PLUS, MERMEC torna tra i protagonisti in presenza<\/a><br \/>\n<a href=\"https:\/\/www.ferrovie.info\/index.php\/it\/13-treni-reali\/21502-ferrovie-l-azienda-italiana-mermec-punta-sull-australia\" target=\"_blank\" rel=\"noopener\"><strong>Ferrovie.info:<\/strong> Ferrovie: L&#8217;azienda italiana MERMEC punta sull&#8217;Australia<\/a><br \/>\n<a href=\"https:\/\/www.ilmessaggero.it\/economia\/news\/ausrail_plus_mermec_torna_tra_i_protagonisti_in_presenza-6533477.html\" target=\"_blank\" rel=\"noopener\"><strong>Il Messaggero:<\/strong> AusRAIL PLUS, MERMEC torna tra i protagonisti in presenza<\/a>[\/vc_column_text][divider line_type=&#8221;No Line&#8221; custom_height=&#8221;20px&#8221;][vc_column_text]<span style=\"color: #ff0000;\"><strong>February 16<br \/>\n<\/strong><\/span><a href=\"https:\/\/www.askanews.it\/economia\/2022\/02\/16\/mermec-vince-il-premio-best-performance-award-di-sda-bocconi-pn_20220216_00064\/\" target=\"_blank\" rel=\"noopener\"><strong>Askanews: <\/strong>MERMEC vince il premio Best Performance Award di SDA Bocconi<\/a>[\/vc_column_text][divider line_type=&#8221;No Line&#8221; custom_height=&#8221;20px&#8221;][vc_column_text]<span style=\"color: #ff0000;\"><strong>February 15<br \/>\n<\/strong><\/span><a href=\"https:\/\/www.teleborsa.it\/News\/2022\/02\/15\/mermec-si-aggiudica-il-premio-best-performance-award-2022-143.html#.YrwNkRXP2Ul\" target=\"_blank\" rel=\"noopener\"><strong>TeleBorsa:<\/strong> MERMEC si aggiudica il premio Best Performance Award 2022<\/a><br \/>\n<a href=\"https:\/\/www.ferpress.it\/mermec-vince-il-premio-best-performance-award-di-sda-bocconi\/\" target=\"_blank\" rel=\"noopener\"><strong>FERPRESS:<\/strong> MERMEC vince il premio Best Performance Award di SDA Bocconi<\/a><br \/>\n<a href=\"https:\/\/www.ferrovie.info\/index.php\/it\/53-comunicati-stampa\/21357-ferrovie-mermec-vince-il-premio-best-performance-di-sda-bocconi\" target=\"_blank\" rel=\"noopener\"><strong>Ferrovie.info: <\/strong>Ferrovie: MERMEC vince il premio Best Performance di SDA Bocconi<\/a>[\/vc_column_text][\/toggle][\/toggles][\/vc_column][\/vc_row]\n","protected":false},"excerpt":{"rendered":"<p>[vc_row type=&#8221;full_width_background&#8221; full_screen_row_position=&#8221;middle&#8221; column_margin=&#8221;default&#8221; column_direction=&#8221;default&#8221; column_direction_tablet=&#8221;default&#8221; column_direction_phone=&#8221;default&#8221; video_bg=&#8221;use_video&#8221; video_mp4=&#8221;https:\/\/www.angelcompany.com\/wp-content\/uploads\/2020\/07\/RAILWAYS.mp4&#8243; background_video_loading=&#8221;default&#8221; scene_position=&#8221;center&#8221; top_padding=&#8221;12%&#8221; bottom_padding=&#8221;8%&#8221; text_color=&#8221;light&#8221; text_align=&#8221;left&#8221; row_border_radius=&#8221;none&#8221; row_border_radius_applies=&#8221;bg&#8221; overflow=&#8221;visible&#8221; enable_gradient=&#8221;true&#8221; color_overlay=&#8221;#263336&#8243; overlay_strength=&#8221;0.95&#8243; gradient_direction=&#8221;left_to_right&#8221; shape_divider_position=&#8221;bottom&#8221; bg_image_animation=&#8221;none&#8221; parallax_bg=&#8221;true&#8221; parallax_bg_speed=&#8221;fixed&#8221; shape_type=&#8221;&#8221;][vc_column column_padding=&#8221;no-extra-padding&#8221; column_padding_tablet=&#8221;inherit&#8221; column_padding_phone=&#8221;inherit&#8221;&#8230;<\/p>\n","protected":false},"author":2,"featured_media":0,"parent":0,"menu_order":0,"comment_status":"closed","ping_status":"closed","template":"","meta":{"inline_featured_image":false,"footnotes":""},"class_list":["post-7913","page","type-page","status-publish"],"aioseo_notices":[],"_links":{"self":[{"href":"https:\/\/www.angelcompany.com\/wp-json\/wp\/v2\/pages\/7913","targetHints":{"allow":["GET"]}}],"collection":[{"href":"https:\/\/www.angelcompany.com\/wp-json\/wp\/v2\/pages"}],"about":[{"href":"https:\/\/www.angelcompany.com\/wp-json\/wp\/v2\/types\/page"}],"author":[{"embeddable":true,"href":"https:\/\/www.angelcompany.com\/wp-json\/wp\/v2\/users\/2"}],"replies":[{"embeddable":true,"href":"https:\/\/www.angelcompany.com\/wp-json\/wp\/v2\/comments?post=7913"}],"version-history":[{"count":219,"href":"https:\/\/www.angelcompany.com\/wp-json\/wp\/v2\/pages\/7913\/revisions"}],"predecessor-version":[{"id":10212,"href":"https:\/\/www.angelcompany.com\/wp-json\/wp\/v2\/pages\/7913\/revisions\/10212"}],"wp:attachment":[{"href":"https:\/\/www.angelcompany.com\/wp-json\/wp\/v2\/media?parent=7913"}],"curies":[{"name":"wp","href":"https:\/\/api.w.org\/{rel}","templated":true}]}}